{"id":6852,"date":"2023-03-11T13:20:49","date_gmt":"2023-03-11T13:20:49","guid":{"rendered":"https:\/\/www.jftcomunicacion.es\/es\/?post_type=servicios-auxiliares&#038;p=6852"},"modified":"2026-02-27T12:17:24","modified_gmt":"2026-02-27T12:17:24","slug":"banderolas","status":"publish","type":"servicios","link":"https:\/\/www.jftcomunicacion.es\/es\/servicios\/agencia-eventos\/banderolas\/","title":{"rendered":"Banderolas Publicitarias"},"content":{"rendered":"\n<div class=\"wp-block-group full fullwidth has-background\" style=\"padding-top:80px;padding-bottom:80px;background-image:url(&#039;https:\/\/www.jftcomunicacion.es\/wp-content\/uploads\/2019\/12\/banner-eventos.webp&#039;);background-position:50% 50%;background-size:cover;\"><div class=\"wp-block-group__inner-container is-layout-flow wp-block-group-is-layout-flow\">\n<div class=\"wp-block-columns is-layout-flex wp-container-core-columns-is-layout-28f84493 wp-block-columns-is-layout-flex\">\n<div class=\"wp-block-column ltr is-layout-flow wp-block-column-is-layout-flow\" style=\"flex-basis:100%\">\n<h1 class=\"wp-block-heading has-text-align-left anton has-text-color has-link-color wp-elements-3a2e8271289b440838ef86eb3be31467\" style=\"color:#7ee9ee;font-size:60px;font-style:normal;font-weight:400;text-transform:uppercase\">Banderolas <br>Publicitarias en <br>Las Palmas y Tenerife<\/h1>\n\n\n\n<p class=\"has-white-color has-text-color has-link-color wp-elements-ae67d397987b066023b854a0f60a36d9\">Dise\u00f1o e impresi\u00f3n profesional de banderolas para <br>eventos, ferias y campa\u00f1as promocionales.<\/p>\n\n\n\n<div class=\"wp-block-buttons is-layout-flex wp-block-buttons-is-layout-flex\">\n<div class=\"wp-block-button\"><a class=\"wp-block-button__link has-black-color has-text-color has-background has-link-color wp-element-button\" href=\"\/contacto\/\" style=\"border-radius:0px;background-color:#7ee9ee\"><strong>Solicita informaci\u00f3n<\/strong><\/a><\/div>\n<\/div>\n<\/div>\n<\/div>\n<\/div><\/div>\n\n\n\n<div class=\"wp-block-group\"><div class=\"wp-block-group__inner-container is-layout-constrained wp-block-group-is-layout-constrained\">\n<h2 class=\"wp-block-heading has-text-align-left ltr anton has-large-font-size\" style=\"border-left-color:#7ee9ee;border-left-style:solid;border-left-width:20px;padding-left:20px;text-transform:uppercase\">Dise\u00f1o e impresi\u00f3n de banderolas publicitarias para eventos y empresas<\/h2>\n\n\n\n<p>Las <strong>banderolas publicitarias<\/strong> son uno de los soportes m\u00e1s vers\u00e1tiles y eficaces dentro de la publicidad exterior y los eventos corporativos. Su impacto visual, movimiento con el viento y facilidad de instalaci\u00f3n las convierten en una herramienta estrat\u00e9gica para captar atenci\u00f3n en ferias, congresos, promociones y acciones de <a href=\"https:\/\/www.jftcomunicacion.es\/es\/servicios\/agencia-eventos\/street-marketing\/\">street marketing<\/a>.<\/p>\n\n\n\n<p>En JFT Comunicaci\u00f3n dise\u00f1amos e imprimimos banderolas personalizadas en <strong>Las Palmas y Tenerife<\/strong>, adaptadas a tu identidad visual y objetivos de campa\u00f1a. No solo producimos el soporte, sino que trabajamos el dise\u00f1o gr\u00e1fico para garantizar m\u00e1xima visibilidad y legibilidad a distancia.<\/p>\n\n\n\n<p>Como parte de nuestra <a href=\"https:\/\/www.jftcomunicacion.es\/es\/servicios\/agencia-eventos\/\">Agencia de Eventos<\/a>, este servicio se integra con otros soportes promocionales como impresi\u00f3n en gran formato, <a href=\"https:\/\/www.jftcomunicacion.es\/es\/servicios\/agencia-eventos\/stands\/\">stands para ferias<\/a> o <a href=\"https:\/\/www.jftcomunicacion.es\/es\/servicios\/agencia-eventos\/rotulos\/\">r\u00f3tulos<\/a> y <a href=\"https:\/\/www.jftcomunicacion.es\/es\/servicios\/agencia-eventos\/vinilos\/\">vinilos<\/a>, creando una estrategia visual coherente y profesional.Dise\u00f1amos <strong>banderolas<\/strong> que no solo decoran un espacio: generan impacto, atraen tr\u00e1fico y refuerzan tu posicionamiento de marca.<\/p>\n\n\n\n<div class=\"wp-block-columns is-layout-flex wp-container-core-columns-is-layout-28f84493 wp-block-columns-is-layout-flex\">\n<div class=\"wp-block-column is-layout-flow wp-block-column-is-layout-flow\"><div class=\"wp-block-image\">\n<figure class=\"aligncenter size-full is-resized\"><img loading=\"lazy\" decoding=\"async\" width=\"175\" height=\"196\" src=\"https:\/\/www.jftcomunicacion.es\/wp-content\/uploads\/2026\/02\/banderolas-impacto.webp\" alt=\"\" class=\"wp-image-19815\" style=\"width:auto;height:80px\"\/><\/figure><\/div>\n\n\n<p class=\"has-text-align-center\"><strong>Impacto visual en movimiento<\/strong><br>Las banderolas captan la atenci\u00f3n gracias a su dinamismo. Son ideales para exteriores, accesos a eventos y puntos estrat\u00e9gicos de alto tr\u00e1nsito.<\/p>\n<\/div>\n\n\n\n<div class=\"wp-block-column is-layout-flow wp-block-column-is-layout-flow\"><div class=\"wp-block-image\">\n<figure class=\"aligncenter size-full is-resized\"><img loading=\"lazy\" decoding=\"async\" width=\"192\" height=\"192\" src=\"https:\/\/www.jftcomunicacion.es\/wp-content\/uploads\/2026\/02\/banderolas-diseno.webp\" alt=\"\" class=\"wp-image-19813\" style=\"width:auto;height:80px\"\/><\/figure><\/div>\n\n\n<p class=\"has-text-align-center\"><strong>Dise\u00f1o totalmente personalizado<\/strong><br>Adaptamos forma, tama\u00f1o, tejido y gr\u00e1fica a tu campa\u00f1a. Trabajamos en total coherencia con tu branding y manual corporativo.<\/p>\n<\/div>\n\n\n\n<div class=\"wp-block-column is-layout-flow wp-block-column-is-layout-flow\"><div class=\"wp-block-image\">\n<figure class=\"aligncenter size-full is-resized\"><img loading=\"lazy\" decoding=\"async\" width=\"336\" height=\"189\" src=\"https:\/\/www.jftcomunicacion.es\/wp-content\/uploads\/2026\/02\/banderolas-instalacion.webp\" alt=\"\" class=\"wp-image-19817\" style=\"width:auto;height:80px\"\/><\/figure><\/div>\n\n\n<p class=\"has-text-align-center\"><strong>F\u00e1cil transporte e instalaci\u00f3n<\/strong><br>Sistemas ligeros, desmontables y reutilizables para m\u00faltiples eventos y localizaciones.<\/p>\n<\/div>\n<\/div>\n<\/div><\/div>\n\n\n\n<div class=\"wp-block-group\"><div class=\"wp-block-group__inner-container is-layout-constrained wp-block-group-is-layout-constrained\">\n<h2 class=\"wp-block-heading has-text-align-left ltr anton has-large-font-size\" style=\"border-left-color:#7ee9ee;border-left-style:solid;border-left-width:20px;padding-left:20px\">Tipos de banderolas publicitarias que dise\u00f1amos<\/h2>\n\n\n\n<p>En JFT desarrollamos distintos formatos de banderolas para empresas y eventos:<\/p>\n\n\n\n<ul class=\"wp-block-list\">\n<li>Banderolas tipo \u201cgota\u201d o l\u00e1grima<\/li>\n\n\n\n<li>Banderolas rectangulares verticales<\/li>\n\n\n\n<li>Banderolas tipo surf<\/li>\n\n\n\n<li>Banderines promocionales<\/li>\n\n\n\n<li>Sistemas con base de agua o anclaje fijo<\/li>\n<\/ul>\n\n\n\n<p>Seleccionamos tejidos resistentes al exterior y tintas de alta durabilidad para garantizar visibilidad y resistencia al viento.<\/p>\n\n\n\n<p>Adem\u00e1s, asesoramos sobre tama\u00f1o y ubicaci\u00f3n seg\u00fan el espacio, flujo de p\u00fablico y tipo de evento.<\/p>\n<\/div><\/div>\n\n\n\n<div class=\"wp-block-group fullwidth has-background\" style=\"background-color:#7ee9ee;padding-right:40px;padding-left:40px\"><div class=\"wp-block-group__inner-container is-layout-constrained wp-container-core-group-is-layout-d2d0ce25 wp-block-group-is-layout-constrained\">\n<h3 class=\"wp-block-heading has-text-align-left typed anton has-large-font-size\" style=\"text-transform:uppercase\">\u00bfNecesitas banderolas <br>publicitarias para tu <br>pr\u00f3ximo evento?<\/h3>\n\n\n\n<p>Dise\u00f1amos, producimos e instalamos banderolas profesionales en Canarias.<br>Solicita tu presupuesto personalizado y recibe asesoramiento t\u00e9cnico sin compromiso.<\/p>\n<\/div><\/div>\n\n\n\n<div class=\"wp-block-group\"><div class=\"wp-block-group__inner-container is-layout-constrained wp-block-group-is-layout-constrained\">\n<h2 class=\"wp-block-heading has-text-align-left ltr anton has-large-font-size\" style=\"border-left-color:#7ee9ee;border-left-style:solid;border-left-width:20px;padding-left:20px\">Banderolas publicitarias en <br>Canarias para empresas y eventos<\/h2>\n\n\n\n<p>Si buscas <strong>banderolas publicitarias en Las Palmas o Tenerife<\/strong>, en <strong>JFT Comunicaci\u00f3n<\/strong> te ofrecemos un servicio integral: dise\u00f1o gr\u00e1fico, producci\u00f3n, impresi\u00f3n y asesoramiento estrat\u00e9gico.<\/p>\n\n\n\n<p>Trabajamos con empresas, organizadores de eventos, instituciones y marcas que necesitan destacar en espacios exteriores con soportes visuales efectivos.<\/p>\n\n\n\n<p>Integramos las banderolas dentro de una estrategia global de comunicaci\u00f3n junto a otros servicios de nuestra <a href=\"https:\/\/www.jftcomunicacion.es\/es\/servicios\/agencia-eventos\/\"><strong>Agencia de Eventos<\/strong><\/a>, como impresi\u00f3n en gran formato, stands corporativos y material promocional.<\/p>\n\n\n\n<p>Nuestro objetivo es claro: que tu marca se vea, se recuerde y genere impacto.<\/p>\n<\/div><\/div>\n\n\n\n<div class=\"wp-block-group nomargin\" style=\"margin-top:0px\"><div class=\"wp-block-group__inner-container is-layout-constrained wp-block-group-is-layout-constrained\">\n<h2 class=\"wp-block-heading has-text-align-center has-medium-font-size\" style=\"margin-bottom:20px;text-transform:uppercase\">Preguntas Frecuentes sobre <strong>BANDEROLAS PUBLICITARIAS<\/strong><\/h2>\n<\/div><\/div>\n\n\n\n<div id=\"faqs\" class=\"wp-block-group has-background\" style=\"background-color:#80eaef66;padding-right:20px;padding-left:20px\"><div class=\"wp-block-group__inner-container is-layout-constrained wp-container-core-group-is-layout-3b0f2f7d wp-block-group-is-layout-constrained\">\n<div class=\"wp-block-group\"><div class=\"wp-block-group__inner-container is-layout-constrained wp-block-group-is-layout-constrained\"><div class=\"wp-block-ub-content-toggle wp-block-ub-content-toggle-block\" id=\"ub-content-toggle-block-ff531450-8ee3-44f5-bba5-07af7e3849fd\" data-mobilecollapse=\"false\" data-desktopcollapse=\"true\" data-preventcollapse=\"false\" data-showonlyone=\"false\">\n<div class=\"wp-block-ub-content-toggle-accordion\" style=\"border-color: #f1f1f1; \" id=\"ub-content-toggle-panel-block-\">\n\t\t\t<div class=\"wp-block-ub-content-toggle-accordion-title-wrap\" style=\"background-color: #f1f1f1;\" aria-controls=\"ub-content-toggle-panel-0-ff531450-8ee3-44f5-bba5-07af7e3849fd\" tabindex=\"0\">\n\t\t\t<p class=\"wp-block-ub-content-toggle-accordion-title ub-content-toggle-title-ff531450-8ee3-44f5-bba5-07af7e3849fd\" style=\"color: #000000; \">\u00bfQu\u00e9 son las banderolas publicitarias, cu\u00e1les son sus tipos y para qu\u00e9 sirven?<\/p>\n\t\t\t<div class=\"wp-block-ub-content-toggle-accordion-toggle-wrap right\" style=\"color: #000000;\"><span class=\"wp-block-ub-content-toggle-accordion-state-indicator wp-block-ub-chevron-down\"><\/span><\/div>\n\t\t<\/div>\n\t\t\t<div role=\"region\" aria-expanded=\"false\" class=\"wp-block-ub-content-toggle-accordion-content-wrap ub-hide\" id=\"ub-content-toggle-panel-0-ff531450-8ee3-44f5-bba5-07af7e3849fd\">\n\n<p>Las banderolas son soportes publicitarios textiles o vin\u00edlicos de formato vertical u horizontal, dise\u00f1ados para eventos, ferias o se\u00f1alizaci\u00f3n exterior. Sirven principalmente para conseguir <strong>impacto visual en movimiento<\/strong> y son ideales para eventos al aire libre. Los tipos incluyen banderolas para m\u00e1stil, pancartas y banderas de fachada.<\/p>\n\n<\/div>\n\t\t<\/div>\n\n<div class=\"wp-block-ub-content-toggle-accordion\" style=\"border-color: #f1f1f1; \" id=\"ub-content-toggle-panel-block-\">\n\t\t\t<div class=\"wp-block-ub-content-toggle-accordion-title-wrap\" style=\"background-color: #f1f1f1;\" aria-controls=\"ub-content-toggle-panel-1-ff531450-8ee3-44f5-bba5-07af7e3849fd\" tabindex=\"0\">\n\t\t\t<p class=\"wp-block-ub-content-toggle-accordion-title ub-content-toggle-title-ff531450-8ee3-44f5-bba5-07af7e3849fd\" style=\"color: #000000; \">\u00bfQu\u00e9 tela se usa para hacer banderines y banderolas publicitarias en JFT?<\/p>\n\t\t\t<div class=\"wp-block-ub-content-toggle-accordion-toggle-wrap right\" style=\"color: #000000;\"><span class=\"wp-block-ub-content-toggle-accordion-state-indicator wp-block-ub-chevron-down\"><\/span><\/div>\n\t\t<\/div>\n\t\t\t<div role=\"region\" aria-expanded=\"false\" class=\"wp-block-ub-content-toggle-accordion-content-wrap ub-hide\" id=\"ub-content-toggle-panel-1-ff531450-8ee3-44f5-bba5-07af7e3849fd\">\n\n<p>En <strong>JFT Comunicaci\u00f3n<\/strong> utilizamos materiales de primera calidad que garantizan la durabilidad y la resistencia al viento y a la intemperie. La tela m\u00e1s com\u00fan es el <strong>poli\u00e9ster microperforado<\/strong> o textiles ligeros y resistentes. Para formatos de gran duraci\u00f3n, usamos <strong>lona vin\u00edlica<\/strong> o telas con tratamiento UV.<\/p>\n\n<\/div>\n\t\t<\/div>\n\n<div class=\"wp-block-ub-content-toggle-accordion\" style=\"border-color: #f1f1f1; \" id=\"ub-content-toggle-panel-block-\">\n\t\t\t<div class=\"wp-block-ub-content-toggle-accordion-title-wrap\" style=\"background-color: #f1f1f1;\" aria-controls=\"ub-content-toggle-panel-2-ff531450-8ee3-44f5-bba5-07af7e3849fd\" tabindex=\"0\">\n\t\t\t<p class=\"wp-block-ub-content-toggle-accordion-title ub-content-toggle-title-ff531450-8ee3-44f5-bba5-07af7e3849fd\" style=\"color: #000000; \">\u00bfCu\u00e1l es el tama\u00f1o est\u00e1ndar de una banderola y cu\u00e1ntos tipos hay?<\/p>\n\t\t\t<div class=\"wp-block-ub-content-toggle-accordion-toggle-wrap right\" style=\"color: #000000;\"><span class=\"wp-block-ub-content-toggle-accordion-state-indicator wp-block-ub-chevron-down\"><\/span><\/div>\n\t\t<\/div>\n\t\t\t<div role=\"region\" aria-expanded=\"false\" class=\"wp-block-ub-content-toggle-accordion-content-wrap ub-hide\" id=\"ub-content-toggle-panel-2-ff531450-8ee3-44f5-bba5-07af7e3849fd\">\n\n<p>El tama\u00f1o var\u00eda seg\u00fan la ubicaci\u00f3n (farola, fachada, <em>stand<\/em>), pero los formatos m\u00e1s utilizados son 50&#215;150 cm o 60&#215;200 cm. <strong>No hay un l\u00edmite de tama\u00f1o<\/strong>, ya que fabricamos a medida. Trabajamos con <strong>banderolas verticales<\/strong> (ideales para farolas) y <strong>horizontales<\/strong> (pancartas de fachada).<\/p>\n\n<\/div>\n\t\t<\/div>\n\n<div class=\"wp-block-ub-content-toggle-accordion\" style=\"border-color: #f1f1f1; \" id=\"ub-content-toggle-panel-block-\">\n\t\t\t<div class=\"wp-block-ub-content-toggle-accordion-title-wrap\" style=\"background-color: #f1f1f1;\" aria-controls=\"ub-content-toggle-panel-3-ff531450-8ee3-44f5-bba5-07af7e3849fd\" tabindex=\"0\">\n\t\t\t<p class=\"wp-block-ub-content-toggle-accordion-title ub-content-toggle-title-ff531450-8ee3-44f5-bba5-07af7e3849fd\" style=\"color: #000000; \">\u00bfCu\u00e1nto se paga por un anuncio de banderola y qu\u00e9 influye en el coste final?<\/p>\n\t\t\t<div class=\"wp-block-ub-content-toggle-accordion-toggle-wrap right\" style=\"color: #000000;\"><span class=\"wp-block-ub-content-toggle-accordion-state-indicator wp-block-ub-chevron-down\"><\/span><\/div>\n\t\t<\/div>\n\t\t\t<div role=\"region\" aria-expanded=\"false\" class=\"wp-block-ub-content-toggle-accordion-content-wrap ub-hide\" id=\"ub-content-toggle-panel-3-ff531450-8ee3-44f5-bba5-07af7e3849fd\">\n\n<p>El coste se paga por la <strong>producci\u00f3n del soporte<\/strong> y la <strong>instalaci\u00f3n<\/strong>. El precio final depende de: 1) el <strong>material<\/strong> (tela vs. vinilo), 2) el <strong>tama\u00f1o<\/strong>, 3) si incluye la <strong>estructura de montaje<\/strong> y 4) el <strong>volumen<\/strong> (precio por unidad). En nuestra <a href=\"https:\/\/www.jftcomunicacion.es\/es\/\">agencia de publicidad JFT Comunicaci\u00f3n<\/a>, le ofrecemos presupuestos ajustados al volumen de su campa\u00f1a.<\/p>\n\n<\/div>\n\t\t<\/div>\n\n<div class=\"wp-block-ub-content-toggle-accordion\" style=\"border-color: #f1f1f1; \" id=\"ub-content-toggle-panel-block-\">\n\t\t\t<div class=\"wp-block-ub-content-toggle-accordion-title-wrap\" style=\"background-color: #f1f1f1;\" aria-controls=\"ub-content-toggle-panel-4-ff531450-8ee3-44f5-bba5-07af7e3849fd\" tabindex=\"0\">\n\t\t\t<p class=\"wp-block-ub-content-toggle-accordion-title ub-content-toggle-title-ff531450-8ee3-44f5-bba5-07af7e3849fd\" style=\"color: #000000; \">\u00bfCu\u00e1l es el prop\u00f3sito principal de usar banderolas en eventos o ferias?<\/p>\n\t\t\t<div class=\"wp-block-ub-content-toggle-accordion-toggle-wrap right\" style=\"color: #000000;\"><span class=\"wp-block-ub-content-toggle-accordion-state-indicator wp-block-ub-chevron-down\"><\/span><\/div>\n\t\t<\/div>\n\t\t\t<div role=\"region\" aria-expanded=\"false\" class=\"wp-block-ub-content-toggle-accordion-content-wrap ub-hide\" id=\"ub-content-toggle-panel-4-ff531450-8ee3-44f5-bba5-07af7e3849fd\">\n\n<p>El prop\u00f3sito principal es la <strong>se\u00f1alizaci\u00f3n y el <em><a href=\"https:\/\/www.jftcomunicacion.es\/es\/servicios\/agencia-creativa\/branding\/\">branding<\/a><\/em><\/strong>. Las banderolas son altamente efectivas para guiar a los asistentes a tu <em>stand<\/em> y crear una atm\u00f3sfera de marca visible. Tambi\u00e9n se utilizan para identificar y sectorizar zonas en grandes recintos.<\/p>\n\n<\/div>\n\t\t<\/div>\n<\/div><\/div><\/div>\n<\/div><\/div>\n\n\n\n<div class=\"wp-block-group ntmblock\"><div class=\"wp-block-group__inner-container is-layout-flow wp-block-group-is-layout-flow\">\n<h2 class=\"wp-block-heading has-text-align-center anton\" style=\"font-size:27px\">NUESTRA AGENCIA DE PUBLICIDAD EN ESPA\u00d1A<\/h2>\n\n\n\n<p class=\"has-text-align-left fa fa-phone show\"><a href=\"tel:922508800\" target=\"_blank\" rel=\"noreferrer noopener\">922 50 88 00<\/a><\/p>\n\n\n\n<div style=\"height:0px\" aria-hidden=\"true\" class=\"wp-block-spacer\"><\/div>\n\n\n\n<p class=\"has-text-align-left fa fa-envelope-o show\"><a data-type=\"mailto\" data-id=\"mailto:info@jftcomunicacion.es\" href=\"mailto:info@jftcomunicacion.es\" target=\"_blank\" rel=\"noreferrer noopener\">info@jftcomunicacion.es<\/a><\/p>\n\n\n\n<div class=\"wp-block-columns is-layout-flex wp-container-core-columns-is-layout-28f84493 wp-block-columns-is-layout-flex\">\n<div class=\"wp-block-column is-layout-flow wp-block-column-is-layout-flow\">\n<h3 class=\"wp-block-heading has-text-align-left title_section anton\" style=\"font-size:32px\">ISLAS CANARIAS<\/h3>\n\n\n\n<div class=\"wp-block-group\"><div class=\"wp-block-group__inner-container is-layout-constrained wp-block-group-is-layout-constrained\">\n<p class=\"has-text-align-left fa fa-map-marker show nomargin\" style=\"font-size:18px\">Agencia de Publicidad<\/p>\n\n\n\n<p class=\"has-text-align-left nomargin\" style=\"font-size:18px\"><a href=\"https:\/\/maps.app.goo.gl\/b7JsrPM2NXaHnQyd8\" target=\"_blank\" rel=\"noreferrer noopener\"><strong>JFT Comunicaci\u00f3n Santa Cruz de Tenerife<\/strong><\/a><\/p>\n\n\n\n<p class=\"has-text-align-left has-text-color has-link-color wp-elements-5bdf2498c73ee444cfa5c729c2a7cd31\" style=\"color:#7888ff;margin-top:0px;margin-bottom:0px;font-size:15px\">Puerto Escondido 3, Piso 1\u00ba, <br>38002 Santa Cruz De Tenerife<\/p>\n<\/div><\/div>\n\n\n\n<div class=\"wp-block-group\"><div class=\"wp-block-group__inner-container is-layout-constrained wp-block-group-is-layout-constrained\">\n<p class=\"has-text-align-left fa fa-map-marker show nomargin\" style=\"font-size:18px\">Agencia de Publicidad<\/p>\n\n\n\n<p class=\"has-text-align-left nomargin\" style=\"font-size:18px\"><a href=\"https:\/\/maps.app.goo.gl\/pjtU8RHPKyFSA8Xk7\" target=\"_blank\" rel=\"noreferrer noopener\"><strong>JFT Comunicaci\u00f3n Arona<\/strong><\/a><\/p>\n\n\n\n<p class=\"has-text-align-left has-text-color has-link-color wp-elements-3678261f1e6d666a25be3439eb11a37f\" style=\"color:#7888ff;margin-top:0px;margin-bottom:0px;font-size:15px\">Avenida Bulevar Chajofe, Edificio Ed\u00e9n, Local 11C<br>38650 Arona<\/p>\n<\/div><\/div>\n\n\n\n<div class=\"wp-block-group\"><div class=\"wp-block-group__inner-container is-layout-constrained wp-block-group-is-layout-constrained\">\n<p class=\"has-text-align-left fa fa-map-marker show nomargin\" style=\"font-size:18px\">Agencia de Publicidad<\/p>\n\n\n\n<p class=\"has-text-align-left nomargin\" style=\"font-size:18px\"><a href=\"https:\/\/maps.app.goo.gl\/uMLTi6dv36zkFqnM8\"><strong>JFT Comunicaci\u00f3n Las Palmas de Gran Canaria<\/strong><\/a><\/p>\n\n\n\n<p class=\"has-text-align-left has-text-color has-link-color wp-elements-821251cbaa32718d67f08e63e63b7113\" style=\"color:#7888ff;margin-top:0px;margin-bottom:0px;font-size:15px\">Calle Luis Morote n\u00ba 6, planta 3 oficina 2. <br>35.007 Las Palmas de Gran Canaria<\/p>\n<\/div><\/div>\n<\/div>\n\n\n\n<div class=\"wp-block-column is-layout-flow wp-block-column-is-layout-flow\">\n<h3 class=\"wp-block-heading has-text-align-left title_section anton\" style=\"font-size:32px\">ANDALUC\u00cdA<\/h3>\n\n\n\n<div class=\"wp-block-group\"><div class=\"wp-block-group__inner-container is-layout-constrained wp-block-group-is-layout-constrained\">\n<p class=\"has-text-align-left fa fa-map-marker show nomargin\" style=\"font-size:18px\">Agencia de Publicidad<\/p>\n\n\n\n<p class=\"has-text-align-left nomargin\" style=\"font-size:18px\"><strong><a href=\"https:\/\/maps.app.goo.gl\/hDHDJjPVZTuW7Jjq9\" target=\"_blank\" rel=\"noreferrer noopener\">JFT Comunicaci\u00f3n Sevilla<\/a><\/strong><\/p>\n\n\n\n<p class=\"has-text-align-left has-text-color has-link-color wp-elements-130198b57700a96faa34a1da564c4e8a\" style=\"color:#7888ff;margin-top:0px;margin-bottom:0px;font-size:15px\">Calle Lara\u00f1a 4, Piso 3\u00ba, Sevilla Center,<br>41003 Sevilla<\/p>\n<\/div><\/div>\n\n\n\n<div class=\"wp-block-group\"><div class=\"wp-block-group__inner-container is-layout-constrained wp-block-group-is-layout-constrained\">\n<p class=\"has-text-align-left fa fa-map-marker show nomargin\" style=\"font-size:18px\">Agencia de Publicidad<\/p>\n\n\n\n<p class=\"has-text-align-left nomargin\" style=\"font-size:18px\"><a href=\"https:\/\/maps.app.goo.gl\/RX8P1pT7ZvspBuhF9\" target=\"_blank\" rel=\"noreferrer noopener\"><strong>JFT Comunicaci\u00f3n M\u00e1laga<\/strong><\/a><\/p>\n\n\n\n<p class=\"has-text-align-left has-text-color has-link-color wp-elements-73b25ed090de4d6033e068b19dc6699e\" style=\"color:#7888ff;margin-top:0px;margin-bottom:0px;font-size:15px\">Avda. Comandante Garc\u00eda Morato, s\/n. Planta 3\u00aa, pta. 34. <br>29004 M\u00e1laga<\/p>\n<\/div><\/div>\n<\/div>\n<\/div>\n<\/div><\/div>\n\n\n\n<script type=\"application\/ld+json\">\n{\n  \"@context\": \"https:\/\/schema.org\",\n  \"@type\": \"Service\",\n  \"name\": \"Banderolas Publicitarias y Pancartas\",\n  \"description\": \"Dise\u00f1o y producci\u00f3n de banderolas y publicitarias de distintos tipos al mejor precio. Pide presupuesto para tus banderolas personalizadas en Canarias. Somos una agencia de eventos y producci\u00f3n especializada en material textil.\",\n  \"url\": \"https:\/\/www.jftcomunicacion.es\/es\/servicios\/agencia-eventos\/banderolas\/\",\n  \"serviceType\": \"Producci\u00f3n Textil y Se\u00f1al\u00e9tica\",\n  \n  \/\/ Define el proveedor como LocalBusiness (Las Palmas)\n  \"provider\": {\n    \"@type\": \"LocalBusiness\",\n    \"name\": \"JFT Comunicaci\u00f3n Las Palmas\",\n    \"telephone\": \"+34922508800\",\n    \"email\": \"info@jftcomunicacion.es\",\n    \"priceRange\": \"Bajo Presupuesto\", \n    \"image\": \"https:\/\/www.jftcomunicacion.es\/wp-content\/uploads\/2019\/12\/logo_jftcomunicacion-e1577624338378.png\",\n    \"address\": {\n      \"@type\": \"PostalAddress\",\n      \"streetAddress\": \"C. Luis Morote n\u00b0 6, planta 3 oficina 2\",\n      \"addressLocality\": \"Las Palmas de Gran Canaria\",\n      \"postalCode\": \"35007\",\n      \"addressRegion\": \"Las Palmas\",\n      \"addressCountry\": \"ES\"\n    }\n  },\n  \n  \/\/ Relaci\u00f3n con el Servicio Padre\n  \"isRelatedTo\": {\n      \"@type\": \"Service\",\n      \"name\": \"Agencia de Eventos\",\n      \"url\": \"https:\/\/www.jftcomunicacion.es\/es\/servicios\/agencia-eventos\/\"\n  },\n  \n  \/\/ Rango de Precios y Oferta de Contacto\n  \"offers\": {\n    \"@type\": \"Offer\",\n    \"url\": \"https:\/\/www.jftcomunicacion.es\/es\/contacto\/\",\n    \"price\": \"Consultar\",\n    \"priceCurrency\": \"EUR\",\n    \"priceRange\": \"Bajo Presupuesto\",\n    \"availability\": \"https:\/\/schema.org\/InStock\"\n  }\n}\n<\/script>\n","protected":false},"excerpt":{"rendered":"<p>Las banderolas publicitarias son un soporte muy vers\u00e1til y atractivo con una gran capacidad de adaptaci\u00f3n en espacios tanto exteriores (m\u00e1s frecuente) como interiores.<\/p>\n","protected":false},"featured_media":7180,"parent":16,"menu_order":0,"template":"","class_list":["post-6852","servicios","type-servicios","status-publish","has-post-thumbnail","hentry"],"acf":[],"yoast_head":"<!-- This site is optimized with the Yoast SEO plugin v25.9 - https:\/\/yoast.com\/wordpress\/plugins\/seo\/ -->\n<title>Banderolas Publicitarias en Tenerife y Las Palmas | JFT Comunicaci\u00f3n<\/title>\n<meta name=\"description\" content=\"Dise\u00f1o y producci\u00f3n de banderolas publicitarias de distintos tipos al mejor precio. Pide presupuesto para tus banderolas personalizadas en Canarias.\" \/>\n<meta name=\"robots\" content=\"index, follow, max-snippet:-1, max-image-preview:large, max-video-preview:-1\" \/>\n<link rel=\"canonical\" href=\"https:\/\/www.jftcomunicacion.es\/es\/servicios\/agencia-eventos\/banderolas\/\" \/>\n<meta property=\"og:locale\" content=\"es_ES\" \/>\n<meta property=\"og:type\" content=\"article\" \/>\n<meta property=\"og:title\" content=\"Banderolas Publicitarias en Tenerife y Las Palmas | JFT Comunicaci\u00f3n\" \/>\n<meta property=\"og:description\" content=\"Dise\u00f1o y producci\u00f3n de banderolas publicitarias de distintos tipos al mejor precio. Pide presupuesto para tus banderolas personalizadas en Canarias.\" \/>\n<meta property=\"og:url\" content=\"https:\/\/www.jftcomunicacion.es\/es\/servicios\/agencia-eventos\/banderolas\/\" \/>\n<meta property=\"og:site_name\" content=\"Agencia de Publicidad JFT Comunicaci\u00f3n\" \/>\n<meta property=\"article:publisher\" content=\"https:\/\/www.facebook.com\/JFTComunicacion\" \/>\n<meta property=\"article:modified_time\" content=\"2026-02-27T12:17:24+00:00\" \/>\n<meta property=\"og:image\" content=\"https:\/\/www.jftcomunicacion.es\/wp-content\/uploads\/2023\/03\/shutterstock_692810584-e1679271743844.jpg\" \/>\n\t<meta property=\"og:image:width\" content=\"639\" \/>\n\t<meta property=\"og:image:height\" content=\"639\" \/>\n\t<meta property=\"og:image:type\" content=\"image\/jpeg\" \/>\n<meta name=\"twitter:card\" content=\"summary_large_image\" \/>\n<meta name=\"twitter:label1\" content=\"Tiempo de lectura\" \/>\n\t<meta name=\"twitter:data1\" content=\"5 minutos\" \/>\n<script type=\"application\/ld+json\" class=\"yoast-schema-graph\">{\"@context\":\"https:\/\/schema.org\",\"@graph\":[{\"@type\":\"WebPage\",\"@id\":\"https:\/\/www.jftcomunicacion.es\/es\/servicios\/agencia-eventos\/banderolas\/\",\"url\":\"https:\/\/www.jftcomunicacion.es\/es\/servicios\/agencia-eventos\/banderolas\/\",\"name\":\"Banderolas Publicitarias en Tenerife y Las Palmas | JFT Comunicaci\u00f3n\",\"isPartOf\":{\"@id\":\"https:\/\/www.jftcomunicacion.es\/es\/#website\"},\"primaryImageOfPage\":{\"@id\":\"https:\/\/www.jftcomunicacion.es\/es\/servicios\/agencia-eventos\/banderolas\/#primaryimage\"},\"image\":{\"@id\":\"https:\/\/www.jftcomunicacion.es\/es\/servicios\/agencia-eventos\/banderolas\/#primaryimage\"},\"thumbnailUrl\":\"https:\/\/www.jftcomunicacion.es\/wp-content\/uploads\/2023\/03\/shutterstock_692810584-e1679271743844.jpg\",\"datePublished\":\"2023-03-11T13:20:49+00:00\",\"dateModified\":\"2026-02-27T12:17:24+00:00\",\"description\":\"Dise\u00f1o y producci\u00f3n de banderolas publicitarias de distintos tipos al mejor precio. Pide presupuesto para tus banderolas personalizadas en Canarias.\",\"breadcrumb\":{\"@id\":\"https:\/\/www.jftcomunicacion.es\/es\/servicios\/agencia-eventos\/banderolas\/#breadcrumb\"},\"inLanguage\":\"es\",\"potentialAction\":[{\"@type\":\"ReadAction\",\"target\":[\"https:\/\/www.jftcomunicacion.es\/es\/servicios\/agencia-eventos\/banderolas\/\"]}]},{\"@type\":\"ImageObject\",\"inLanguage\":\"es\",\"@id\":\"https:\/\/www.jftcomunicacion.es\/es\/servicios\/agencia-eventos\/banderolas\/#primaryimage\",\"url\":\"https:\/\/www.jftcomunicacion.es\/wp-content\/uploads\/2023\/03\/shutterstock_692810584-e1679271743844.jpg\",\"contentUrl\":\"https:\/\/www.jftcomunicacion.es\/wp-content\/uploads\/2023\/03\/shutterstock_692810584-e1679271743844.jpg\",\"width\":639,\"height\":639},{\"@type\":\"BreadcrumbList\",\"@id\":\"https:\/\/www.jftcomunicacion.es\/es\/servicios\/agencia-eventos\/banderolas\/#breadcrumb\",\"itemListElement\":[{\"@type\":\"ListItem\",\"position\":1,\"name\":\"Portada\",\"item\":\"https:\/\/www.jftcomunicacion.es\/es\/\"},{\"@type\":\"ListItem\",\"position\":2,\"name\":\"Agencia de eventos\",\"item\":\"https:\/\/www.jftcomunicacion.es\/es\/servicios\/agencia-eventos\/\"},{\"@type\":\"ListItem\",\"position\":3,\"name\":\"Banderolas Publicitarias\"}]},{\"@type\":\"WebSite\",\"@id\":\"https:\/\/www.jftcomunicacion.es\/es\/#website\",\"url\":\"https:\/\/www.jftcomunicacion.es\/es\/\",\"name\":\"JFT Comunicaci\u00f3n\",\"description\":\"Agencia de Publicidad y Marketing Digital\",\"publisher\":{\"@id\":\"https:\/\/www.jftcomunicacion.es\/es\/#organization\"},\"alternateName\":\"Agencia de Publicidad JFT Comunicaci\u00f3n\",\"potentialAction\":[{\"@type\":\"SearchAction\",\"target\":{\"@type\":\"EntryPoint\",\"urlTemplate\":\"https:\/\/www.jftcomunicacion.es\/es\/?s={search_term_string}\"},\"query-input\":{\"@type\":\"PropertyValueSpecification\",\"valueRequired\":true,\"valueName\":\"search_term_string\"}}],\"inLanguage\":\"es\"},{\"@type\":\"Organization\",\"@id\":\"https:\/\/www.jftcomunicacion.es\/es\/#organization\",\"name\":\"JFT Comunicaci\u00f3n\",\"alternateName\":\"Agencia de Publicidad en Canarias\",\"url\":\"https:\/\/www.jftcomunicacion.es\/es\/\",\"logo\":{\"@type\":\"ImageObject\",\"inLanguage\":\"es\",\"@id\":\"https:\/\/www.jftcomunicacion.es\/es\/#\/schema\/logo\/image\/\",\"url\":\"https:\/\/www.jftcomunicacion.es\/wp-content\/uploads\/2019\/12\/logo_jftcomunicacion-e1577624338378.png\",\"contentUrl\":\"https:\/\/www.jftcomunicacion.es\/wp-content\/uploads\/2019\/12\/logo_jftcomunicacion-e1577624338378.png\",\"width\":280,\"height\":168,\"caption\":\"JFT Comunicaci\u00f3n\"},\"image\":{\"@id\":\"https:\/\/www.jftcomunicacion.es\/es\/#\/schema\/logo\/image\/\"},\"sameAs\":[\"https:\/\/www.facebook.com\/JFTComunicacion\",\"https:\/\/www.instagram.com\/jftcomunicacion\/\",\"https:\/\/www.linkedin.com\/company\/jft-comunicacin\/\"]}]}<\/script>\n<!-- \/ Yoast SEO plugin. -->","yoast_head_json":{"title":"Banderolas Publicitarias en Tenerife y Las Palmas | JFT Comunicaci\u00f3n","description":"Dise\u00f1o y producci\u00f3n de banderolas publicitarias de distintos tipos al mejor precio. Pide presupuesto para tus banderolas personalizadas en Canarias.","robots":{"index":"index","follow":"follow","max-snippet":"max-snippet:-1","max-image-preview":"max-image-preview:large","max-video-preview":"max-video-preview:-1"},"canonical":"https:\/\/www.jftcomunicacion.es\/es\/servicios\/agencia-eventos\/banderolas\/","og_locale":"es_ES","og_type":"article","og_title":"Banderolas Publicitarias en Tenerife y Las Palmas | JFT Comunicaci\u00f3n","og_description":"Dise\u00f1o y producci\u00f3n de banderolas publicitarias de distintos tipos al mejor precio. Pide presupuesto para tus banderolas personalizadas en Canarias.","og_url":"https:\/\/www.jftcomunicacion.es\/es\/servicios\/agencia-eventos\/banderolas\/","og_site_name":"Agencia de Publicidad JFT Comunicaci\u00f3n","article_publisher":"https:\/\/www.facebook.com\/JFTComunicacion","article_modified_time":"2026-02-27T12:17:24+00:00","og_image":[{"width":639,"height":639,"url":"https:\/\/www.jftcomunicacion.es\/wp-content\/uploads\/2023\/03\/shutterstock_692810584-e1679271743844.jpg","type":"image\/jpeg"}],"twitter_card":"summary_large_image","twitter_misc":{"Tiempo de lectura":"5 minutos"},"schema":{"@context":"https:\/\/schema.org","@graph":[{"@type":"WebPage","@id":"https:\/\/www.jftcomunicacion.es\/es\/servicios\/agencia-eventos\/banderolas\/","url":"https:\/\/www.jftcomunicacion.es\/es\/servicios\/agencia-eventos\/banderolas\/","name":"Banderolas Publicitarias en Tenerife y Las Palmas | JFT Comunicaci\u00f3n","isPartOf":{"@id":"https:\/\/www.jftcomunicacion.es\/es\/#website"},"primaryImageOfPage":{"@id":"https:\/\/www.jftcomunicacion.es\/es\/servicios\/agencia-eventos\/banderolas\/#primaryimage"},"image":{"@id":"https:\/\/www.jftcomunicacion.es\/es\/servicios\/agencia-eventos\/banderolas\/#primaryimage"},"thumbnailUrl":"https:\/\/www.jftcomunicacion.es\/wp-content\/uploads\/2023\/03\/shutterstock_692810584-e1679271743844.jpg","datePublished":"2023-03-11T13:20:49+00:00","dateModified":"2026-02-27T12:17:24+00:00","description":"Dise\u00f1o y producci\u00f3n de banderolas publicitarias de distintos tipos al mejor precio. Pide presupuesto para tus banderolas personalizadas en Canarias.","breadcrumb":{"@id":"https:\/\/www.jftcomunicacion.es\/es\/servicios\/agencia-eventos\/banderolas\/#breadcrumb"},"inLanguage":"es","potentialAction":[{"@type":"ReadAction","target":["https:\/\/www.jftcomunicacion.es\/es\/servicios\/agencia-eventos\/banderolas\/"]}]},{"@type":"ImageObject","inLanguage":"es","@id":"https:\/\/www.jftcomunicacion.es\/es\/servicios\/agencia-eventos\/banderolas\/#primaryimage","url":"https:\/\/www.jftcomunicacion.es\/wp-content\/uploads\/2023\/03\/shutterstock_692810584-e1679271743844.jpg","contentUrl":"https:\/\/www.jftcomunicacion.es\/wp-content\/uploads\/2023\/03\/shutterstock_692810584-e1679271743844.jpg","width":639,"height":639},{"@type":"BreadcrumbList","@id":"https:\/\/www.jftcomunicacion.es\/es\/servicios\/agencia-eventos\/banderolas\/#breadcrumb","itemListElement":[{"@type":"ListItem","position":1,"name":"Portada","item":"https:\/\/www.jftcomunicacion.es\/es\/"},{"@type":"ListItem","position":2,"name":"Agencia de eventos","item":"https:\/\/www.jftcomunicacion.es\/es\/servicios\/agencia-eventos\/"},{"@type":"ListItem","position":3,"name":"Banderolas Publicitarias"}]},{"@type":"WebSite","@id":"https:\/\/www.jftcomunicacion.es\/es\/#website","url":"https:\/\/www.jftcomunicacion.es\/es\/","name":"JFT Comunicaci\u00f3n","description":"Agencia de Publicidad y Marketing Digital","publisher":{"@id":"https:\/\/www.jftcomunicacion.es\/es\/#organization"},"alternateName":"Agencia de Publicidad JFT Comunicaci\u00f3n","potentialAction":[{"@type":"SearchAction","target":{"@type":"EntryPoint","urlTemplate":"https:\/\/www.jftcomunicacion.es\/es\/?s={search_term_string}"},"query-input":{"@type":"PropertyValueSpecification","valueRequired":true,"valueName":"search_term_string"}}],"inLanguage":"es"},{"@type":"Organization","@id":"https:\/\/www.jftcomunicacion.es\/es\/#organization","name":"JFT Comunicaci\u00f3n","alternateName":"Agencia de Publicidad en Canarias","url":"https:\/\/www.jftcomunicacion.es\/es\/","logo":{"@type":"ImageObject","inLanguage":"es","@id":"https:\/\/www.jftcomunicacion.es\/es\/#\/schema\/logo\/image\/","url":"https:\/\/www.jftcomunicacion.es\/wp-content\/uploads\/2019\/12\/logo_jftcomunicacion-e1577624338378.png","contentUrl":"https:\/\/www.jftcomunicacion.es\/wp-content\/uploads\/2019\/12\/logo_jftcomunicacion-e1577624338378.png","width":280,"height":168,"caption":"JFT Comunicaci\u00f3n"},"image":{"@id":"https:\/\/www.jftcomunicacion.es\/es\/#\/schema\/logo\/image\/"},"sameAs":["https:\/\/www.facebook.com\/JFTComunicacion","https:\/\/www.instagram.com\/jftcomunicacion\/","https:\/\/www.linkedin.com\/company\/jft-comunicacin\/"]}]}},"_links":{"self":[{"href":"https:\/\/www.jftcomunicacion.es\/es\/wp-json\/wp\/v2\/servicios\/6852","targetHints":{"allow":["GET"]}}],"collection":[{"href":"https:\/\/www.jftcomunicacion.es\/es\/wp-json\/wp\/v2\/servicios"}],"about":[{"href":"https:\/\/www.jftcomunicacion.es\/es\/wp-json\/wp\/v2\/types\/servicios"}],"up":[{"embeddable":true,"href":"https:\/\/www.jftcomunicacion.es\/es\/wp-json\/wp\/v2\/servicios\/16"}],"wp:featuredmedia":[{"embeddable":true,"href":"https:\/\/www.jftcomunicacion.es\/es\/wp-json\/wp\/v2\/media\/7180"}],"wp:attachment":[{"href":"https:\/\/www.jftcomunicacion.es\/es\/wp-json\/wp\/v2\/media?parent=6852"}],"curies":[{"name":"wp","href":"https:\/\/api.w.org\/{rel}","templated":true}]}}