{"id":6845,"date":"2023-03-11T13:22:55","date_gmt":"2023-03-11T13:22:55","guid":{"rendered":"https:\/\/www.jftcomunicacion.es\/es\/?post_type=servicios-auxiliares&#038;p=6845"},"modified":"2026-02-27T12:15:25","modified_gmt":"2026-02-27T12:15:25","slug":"gran-formato","status":"publish","type":"servicios","link":"https:\/\/www.jftcomunicacion.es\/es\/servicios\/agencia-eventos\/gran-formato\/","title":{"rendered":"Dise\u00f1o e impresi\u00f3n digital en gran formato"},"content":{"rendered":"\n<div class=\"wp-block-group full fullwidth has-background\" style=\"padding-top:80px;padding-bottom:80px;background-image:url(&#039;https:\/\/www.jftcomunicacion.es\/wp-content\/uploads\/2019\/12\/banner-eventos.webp&#039;);background-position:50% 50%;background-size:cover;\"><div class=\"wp-block-group__inner-container is-layout-flow wp-block-group-is-layout-flow\">\n<div class=\"wp-block-columns is-layout-flex wp-container-core-columns-is-layout-28f84493 wp-block-columns-is-layout-flex\">\n<div class=\"wp-block-column ltr is-layout-flow wp-block-column-is-layout-flow\" style=\"flex-basis:100%\">\n<h1 class=\"wp-block-heading has-text-align-left anton has-text-color has-link-color wp-elements-56046ff554b61d3b3297195630e78b71\" style=\"color:#7ee9ee;font-size:60px;font-style:normal;font-weight:400;text-transform:uppercase\">Dise\u00f1o e impresi\u00f3n <br>digital en <br>gran formato<\/h1>\n\n\n\n<p class=\"has-white-color has-text-color has-link-color wp-elements-2c80e7c26f26680424459478f6658b00\"><strong>Lonas, vinilos, carteles y soportes publicitarios de <\/strong><br><strong>alto impacto en Las Palmas y Tenerife<\/strong><\/p>\n\n\n\n<p class=\"has-white-color has-text-color has-link-color wp-elements-621fc5793b58c3fad1a800c680824084\">Dise\u00f1amos y producimos materiales gr\u00e1ficos en <br>gran formato para empresas que necesitan visibilidad real, <br>profesional y estrat\u00e9gica.<\/p>\n\n\n\n<div class=\"wp-block-buttons is-layout-flex wp-block-buttons-is-layout-flex\">\n<div class=\"wp-block-button\"><a class=\"wp-block-button__link has-black-color has-text-color has-background has-link-color wp-element-button\" href=\"\/contacto\/\" style=\"border-radius:0px;background-color:#7ee9ee\"><strong>Solicita informaci\u00f3n<\/strong><\/a><\/div>\n<\/div>\n<\/div>\n<\/div>\n<\/div><\/div>\n\n\n\n<div class=\"wp-block-group\"><div class=\"wp-block-group__inner-container is-layout-constrained wp-block-group-is-layout-constrained\">\n<h2 class=\"wp-block-heading has-text-align-left ltr anton has-large-font-size\" style=\"border-left-color:#7ee9ee;border-left-style:solid;border-left-width:20px;padding-left:20px;text-transform:uppercase\">Dise\u00f1o e impresi\u00f3n digital en gran formato <br>para empresas que necesitan impacto real<\/h2>\n\n\n\n<p>El <strong>dise\u00f1o en gran formato<\/strong> es clave para captar atenci\u00f3n en segundos. Desde una lona publicitaria hasta un vinilo corporativo o un cartel para stand de feria, la calidad del dise\u00f1o y la preparaci\u00f3n t\u00e9cnica del archivo determinan el impacto final.<\/p>\n\n\n\n<p>En JFT Comunicaci\u00f3n desarrollamos proyectos de <strong>impresi\u00f3n digital en gran formato en Canarias<\/strong>, integrados dentro de nuestra <a href=\"https:\/\/www.jftcomunicacion.es\/es\/servicios\/agencia-eventos\/\">Agencia de Eventos<\/a>, lo que nos permite coordinar de forma global todos los materiales gr\u00e1ficos de tu acci\u00f3n promocional.<\/p>\n\n\n\n<p>Trabajamos en coherencia con otros soportes como:<\/p>\n\n\n\n<ul class=\"wp-block-list\">\n<li>Cat\u00e1logos corporativos<\/li>\n\n\n\n<li><a href=\"https:\/\/www.jftcomunicacion.es\/es\/servicios\/agencia-eventos\/flyers\/\">Folletos publicitarios<\/a><\/li>\n\n\n\n<li>Tarjetas de visita<\/li>\n<\/ul>\n\n\n\n<p>De esta forma, garantizamos una <strong>imagen de marca s\u00f3lida y unificada<\/strong> en ferias, congresos, stands y campa\u00f1as publicitarias exteriores.<\/p>\n\n\n\n<p>Dise\u00f1amos a escala real, optimizamos resoluciones, controlamos perfiles de color y preparamos artes finales listos para imprenta profesional.<\/p>\n<\/div><\/div>\n\n\n\n<div class=\"wp-block-group\"><div class=\"wp-block-group__inner-container is-layout-constrained wp-block-group-is-layout-constrained\">\n<h2 class=\"wp-block-heading has-text-align-left ltr anton has-large-font-size\" style=\"border-left-color:#7ee9ee;border-left-style:solid;border-left-width:20px;padding-left:20px;text-transform:uppercase\">Dise\u00f1o profesional <br>para impresi\u00f3n en gran formato <br>en Canarias<\/h2>\n\n\n\n<p>No se trata solo de imprimir grande. Se trata de imprimir con precisi\u00f3n, proporci\u00f3n y estrategia.<\/p>\n\n\n\n<p>En nuestros proyectos de gran formato trabajamos:<\/p>\n\n\n\n<ul class=\"wp-block-list\">\n<li>Archivos vectoriales y a escala real<\/li>\n\n\n\n<li>Resoluciones optimizadas seg\u00fan distancia de visualizaci\u00f3n<\/li>\n\n\n\n<li>M\u00e1rgenes de seguridad y sangrados t\u00e9cnicos<\/li>\n\n\n\n<li>Adaptaci\u00f3n a soportes r\u00edgidos o flexibles<\/li>\n<\/ul>\n\n\n\n<p>Controlamos todo el proceso, desde el dise\u00f1o hasta la producci\u00f3n final, para evitar errores habituales como pixelado, p\u00e9rdida de nitidez o diferencias de color entre pantalla e impresi\u00f3n.<\/p>\n\n\n\n<div class=\"wp-block-columns is-layout-flex wp-container-core-columns-is-layout-28f84493 wp-block-columns-is-layout-flex\">\n<div class=\"wp-block-column is-layout-flow wp-block-column-is-layout-flow\"><div class=\"wp-block-image\">\n<figure class=\"aligncenter size-full is-resized\"><img loading=\"lazy\" decoding=\"async\" width=\"190\" height=\"190\" src=\"https:\/\/www.jftcomunicacion.es\/wp-content\/uploads\/2026\/02\/gran-formato-tecnica.webp\" alt=\"\" class=\"wp-image-19805\" style=\"width:auto;height:80px\"\/><\/figure><\/div>\n\n\n<p class=\"has-text-align-center\"><strong>Precisi\u00f3n t\u00e9cnica<\/strong><br>Archivos preparados a escala real, optimizados en resoluci\u00f3n y perfil de color CMYK profesional.<\/p>\n<\/div>\n\n\n\n<div class=\"wp-block-column is-layout-flow wp-block-column-is-layout-flow\"><div class=\"wp-block-image\">\n<figure class=\"aligncenter size-full is-resized\"><img loading=\"lazy\" decoding=\"async\" width=\"170\" height=\"191\" src=\"https:\/\/www.jftcomunicacion.es\/wp-content\/uploads\/2026\/02\/gran-formato-impacto.webp\" alt=\"\" class=\"wp-image-19803\" style=\"width:auto;height:80px\"\/><\/figure><\/div>\n\n\n<p class=\"has-text-align-center\"><strong>Impacto visual estrat\u00e9gico<\/strong><br>Dise\u00f1os pensados para captar la atenci\u00f3n en segundos en vallas, mupis, lonas o vinilos.<\/p>\n<\/div>\n\n\n\n<div class=\"wp-block-column is-layout-flow wp-block-column-is-layout-flow\"><div class=\"wp-block-image\">\n<figure class=\"aligncenter size-full is-resized\"><img loading=\"lazy\" decoding=\"async\" width=\"191\" height=\"186\" src=\"https:\/\/www.jftcomunicacion.es\/wp-content\/uploads\/2026\/02\/gran-formato-eventos.webp\" alt=\"\" class=\"wp-image-19801\" style=\"width:auto;height:80px\"\/><\/figure><\/div>\n\n\n<p class=\"has-text-align-center\"><strong>Integraci\u00f3n con eventos<\/strong><br>Coordinaci\u00f3n total con stands, se\u00f1al\u00e9tica y materiales impresos dentro de nuestra Agencia de Eventos.<\/p>\n<\/div>\n<\/div>\n<\/div><\/div>\n\n\n\n<div class=\"wp-block-group\"><div class=\"wp-block-group__inner-container is-layout-constrained wp-block-group-is-layout-constrained\">\n<h2 class=\"wp-block-heading has-text-align-left ltr anton has-large-font-size\" style=\"border-left-color:#7ee9ee;border-left-style:solid;border-left-width:20px;padding-left:20px;text-transform:uppercase\">Dise\u00f1os para lonas, vinilos, <br>carteles y soportes exteriores<\/h2>\n\n\n\n<p>La impresi\u00f3n digital en gran formato es esencial para:<\/p>\n\n\n\n<ul class=\"wp-block-list\">\n<li>Lonas publicitarias<\/li>\n\n\n\n<li>Vinilos para escaparates y fachadas<\/li>\n\n\n\n<li>Carteler\u00eda exterior<\/li>\n\n\n\n<li>Se\u00f1al\u00e9tica para eventos<\/li>\n\n\n\n<li>Gr\u00e1fica para stands<\/li>\n\n\n\n<li>Vallas publicitarias y monopostes<\/li>\n<\/ul>\n\n\n\n<p>Adaptamos cada dise\u00f1o seg\u00fan el soporte: papel fotogr\u00e1fico, vinilo adhesivo, lona microperforada, textil o lienzo.<\/p>\n\n\n\n<p>Disponemos de plotters de impresi\u00f3n digital de hasta 5 metros de ancho y, en formatos superiores, trabajamos con proveedores especializados con los que colaboramos desde hace a\u00f1os.<\/p>\n\n\n\n<p>Nuestro objetivo: que el resultado final sea visualmente potente y t\u00e9cnicamente impecable.<\/p>\n<\/div><\/div>\n\n\n\n<div class=\"wp-block-group fullwidth has-background\" style=\"background-color:#7ee9ee;padding-right:40px;padding-left:40px\"><div class=\"wp-block-group__inner-container is-layout-constrained wp-container-core-group-is-layout-d2d0ce25 wp-block-group-is-layout-constrained\">\n<h3 class=\"wp-block-heading has-text-align-left typed anton has-large-font-size\" style=\"text-transform:uppercase\">\u00bfNecesitas dise\u00f1o e <br>impresi\u00f3n digital en gran formato?<\/h3>\n\n\n\n<p>Creamos y producimos tu material publicitario con calidad profesional y coordinaci\u00f3n integral para eventos y campa\u00f1as exteriores.<\/p>\n<\/div><\/div>\n\n\n\n<div class=\"wp-block-group\"><div class=\"wp-block-group__inner-container is-layout-constrained wp-block-group-is-layout-constrained\">\n<h2 class=\"wp-block-heading has-text-align-left ltr anton has-large-font-size\" style=\"border-left-color:#7ee9ee;border-left-style:solid;border-left-width:20px;padding-left:20px\">Impresi\u00f3n en gran formato <br>para empresas en Tenerife y Las Palmas<\/h2>\n\n\n\n<p>En JFT Comunicaci\u00f3n ayudamos a empresas que necesitan destacar en entornos f\u00edsicos altamente competitivos.<\/p>\n\n\n\n<p>Si tu marca participa en ferias, congresos o campa\u00f1as de exterior, coordinamos tu estrategia gr\u00e1fica completa desde nuestra Agencia de Eventos para que todos los soportes, desde una tarjeta hasta una lona de gran formato, transmitan un mensaje coherente y profesional.<\/p>\n\n\n\n<p>Dise\u00f1amos grande. Imprimimos con precisi\u00f3n. Comunicamos con impacto.<\/p>\n<\/div><\/div>\n\n\n\n<div class=\"wp-block-group nomargin\" style=\"margin-top:0px\"><div class=\"wp-block-group__inner-container is-layout-constrained wp-block-group-is-layout-constrained\">\n<h2 class=\"wp-block-heading has-text-align-center has-medium-font-size\" style=\"margin-bottom:20px;text-transform:uppercase\">Preguntas Frecuentes sobre <strong>BUZONEO Y REPARTO<\/strong><\/h2>\n<\/div><\/div>\n\n\n\n<div id=\"faqs\" class=\"wp-block-group has-background\" style=\"background-color:#80eaef66;padding-right:20px;padding-left:20px\"><div class=\"wp-block-group__inner-container is-layout-constrained wp-container-core-group-is-layout-3b0f2f7d wp-block-group-is-layout-constrained\">\n<div class=\"wp-block-group\"><div class=\"wp-block-group__inner-container is-layout-constrained wp-block-group-is-layout-constrained\"><div class=\"wp-block-ub-content-toggle wp-block-ub-content-toggle-block\" id=\"ub-content-toggle-block-5f1125e3-f0cb-4295-8c48-5d0521a223a7\" data-mobilecollapse=\"false\" data-desktopcollapse=\"true\" data-preventcollapse=\"false\" data-showonlyone=\"false\">\n<div class=\"wp-block-ub-content-toggle-accordion\" style=\"border-color: #f1f1f1; \" id=\"ub-content-toggle-panel-block-\">\n\t\t\t<div class=\"wp-block-ub-content-toggle-accordion-title-wrap\" style=\"background-color: #f1f1f1;\" aria-controls=\"ub-content-toggle-panel-0-5f1125e3-f0cb-4295-8c48-5d0521a223a7\" tabindex=\"0\">\n\t\t\t<p class=\"wp-block-ub-content-toggle-accordion-title ub-content-toggle-title-5f1125e3-f0cb-4295-8c48-5d0521a223a7\" style=\"color: #000000; \">\u00bfQu\u00e9 es la impresi\u00f3n digital de gran formato y cu\u00e1ndo se considera gran formato?<\/p>\n\t\t\t<div class=\"wp-block-ub-content-toggle-accordion-toggle-wrap right\" style=\"color: #000000;\"><span class=\"wp-block-ub-content-toggle-accordion-state-indicator wp-block-ub-chevron-down\"><\/span><\/div>\n\t\t<\/div>\n\t\t\t<div role=\"region\" aria-expanded=\"false\" class=\"wp-block-ub-content-toggle-accordion-content-wrap ub-hide\" id=\"ub-content-toggle-panel-0-5f1125e3-f0cb-4295-8c48-5d0521a223a7\">\n\n<p>La impresi\u00f3n digital de gran formato se refiere a la producci\u00f3n de piezas gr\u00e1ficas que exceden el tama\u00f1o est\u00e1ndar (A0 o superior), como lonas, vinilos de fachada o carteler\u00eda para eventos. Se considera gran formato cuando su tama\u00f1o ya requiere una gesti\u00f3n profesional de montaje e instalaci\u00f3n.<\/p>\n\n<\/div>\n\t\t<\/div>\n\n<div class=\"wp-block-ub-content-toggle-accordion\" style=\"border-color: #f1f1f1; \" id=\"ub-content-toggle-panel-block-\">\n\t\t\t<div class=\"wp-block-ub-content-toggle-accordion-title-wrap\" style=\"background-color: #f1f1f1;\" aria-controls=\"ub-content-toggle-panel-1-5f1125e3-f0cb-4295-8c48-5d0521a223a7\" tabindex=\"0\">\n\t\t\t<p class=\"wp-block-ub-content-toggle-accordion-title ub-content-toggle-title-5f1125e3-f0cb-4295-8c48-5d0521a223a7\" style=\"color: #000000; \">\u00bfCu\u00e1l es el tama\u00f1o m\u00e1ximo y la mejor resoluci\u00f3n para imprimir en gran formato?<\/p>\n\t\t\t<div class=\"wp-block-ub-content-toggle-accordion-toggle-wrap right\" style=\"color: #000000;\"><span class=\"wp-block-ub-content-toggle-accordion-state-indicator wp-block-ub-chevron-down\"><\/span><\/div>\n\t\t<\/div>\n\t\t\t<div role=\"region\" aria-expanded=\"false\" class=\"wp-block-ub-content-toggle-accordion-content-wrap ub-hide\" id=\"ub-content-toggle-panel-1-5f1125e3-f0cb-4295-8c48-5d0521a223a7\">\n\n<p>El tama\u00f1o m\u00e1ximo es virtualmente ilimitado, ya que se pueden panelar o unir piezas (soldadura). La mejor resoluci\u00f3n no es la m\u00e1s alta (como 300 ppp), sino la adecuada para la distancia de visi\u00f3n. En JFT, optimizamos la resoluci\u00f3n (generalmente entre <strong>75 y 150 ppp<\/strong>) para evitar archivos excesivamente pesados y garantizar la calidad visual a distancia.<\/p>\n\n<\/div>\n\t\t<\/div>\n\n<div class=\"wp-block-ub-content-toggle-accordion\" style=\"border-color: #f1f1f1; \" id=\"ub-content-toggle-panel-block-\">\n\t\t\t<div class=\"wp-block-ub-content-toggle-accordion-title-wrap\" style=\"background-color: #f1f1f1;\" aria-controls=\"ub-content-toggle-panel-2-5f1125e3-f0cb-4295-8c48-5d0521a223a7\" tabindex=\"0\">\n\t\t\t<p class=\"wp-block-ub-content-toggle-accordion-title ub-content-toggle-title-5f1125e3-f0cb-4295-8c48-5d0521a223a7\" style=\"color: #000000; \">\u00bfCu\u00e1l es el mejor tipo y formato de archivo para impresi\u00f3n de gran formato?<\/p>\n\t\t\t<div class=\"wp-block-ub-content-toggle-accordion-toggle-wrap right\" style=\"color: #000000;\"><span class=\"wp-block-ub-content-toggle-accordion-state-indicator wp-block-ub-chevron-down\"><\/span><\/div>\n\t\t<\/div>\n\t\t\t<div role=\"region\" aria-expanded=\"false\" class=\"wp-block-ub-content-toggle-accordion-content-wrap ub-hide\" id=\"ub-content-toggle-panel-2-5f1125e3-f0cb-4295-8c48-5d0521a223a7\">\n\n<p>El mejor tipo de archivo es el <strong>vectorial (AI, EPS)<\/strong> o, en su defecto, un <strong>PDF en alta resoluci\u00f3n<\/strong>. Se recomienda utilizar formatos que soporten capas (TIFF) y colores CMYK. En JFT Comunicaci\u00f3n, nuestro equipo de dise\u00f1o gr\u00e1fico se encarga de revisar y escalar tus archivos para evitar p\u00e9rdidas de calidad antes de la impresi\u00f3n.<\/p>\n\n<\/div>\n\t\t<\/div>\n\n<div class=\"wp-block-ub-content-toggle-accordion\" style=\"border-color: #f1f1f1; \" id=\"ub-content-toggle-panel-block-\">\n\t\t\t<div class=\"wp-block-ub-content-toggle-accordion-title-wrap\" style=\"background-color: #f1f1f1;\" aria-controls=\"ub-content-toggle-panel-3-5f1125e3-f0cb-4295-8c48-5d0521a223a7\" tabindex=\"0\">\n\t\t\t<p class=\"wp-block-ub-content-toggle-accordion-title ub-content-toggle-title-5f1125e3-f0cb-4295-8c48-5d0521a223a7\" style=\"color: #000000; \">\u00bfNecesito una impresora de gran formato o puedo contratar el servicio de JFT Comunicaci\u00f3n?<\/p>\n\t\t\t<div class=\"wp-block-ub-content-toggle-accordion-toggle-wrap right\" style=\"color: #000000;\"><span class=\"wp-block-ub-content-toggle-accordion-state-indicator wp-block-ub-chevron-down\"><\/span><\/div>\n\t\t<\/div>\n\t\t\t<div role=\"region\" aria-expanded=\"false\" class=\"wp-block-ub-content-toggle-accordion-content-wrap ub-hide\" id=\"ub-content-toggle-panel-3-5f1125e3-f0cb-4295-8c48-5d0521a223a7\">\n\n<p><strong>No es necesario<\/strong> invertir en equipos propios. JFT Comunicaci\u00f3n ofrece el servicio integral de <strong>dise\u00f1o, impresi\u00f3n y producci\u00f3n de gran formato<\/strong> en nuestras instalaciones o a trav\u00e9s de nuestra red de <em>partners<\/em>. Garantizamos que la impresi\u00f3n se realiza con la calibraci\u00f3n y las tintas adecuadas para resistir el exterior.<\/p>\n\n<\/div>\n\t\t<\/div>\n\n<div class=\"wp-block-ub-content-toggle-accordion\" style=\"border-color: #f1f1f1; \" id=\"ub-content-toggle-panel-block-\">\n\t\t\t<div class=\"wp-block-ub-content-toggle-accordion-title-wrap\" style=\"background-color: #f1f1f1;\" aria-controls=\"ub-content-toggle-panel-4-5f1125e3-f0cb-4295-8c48-5d0521a223a7\" tabindex=\"0\">\n\t\t\t<p class=\"wp-block-ub-content-toggle-accordion-title ub-content-toggle-title-5f1125e3-f0cb-4295-8c48-5d0521a223a7\" style=\"color: #000000; \">\u00bfCu\u00e1les son las limitaciones de la impresi\u00f3n digital de gran formato que JFT resuelve?<\/p>\n\t\t\t<div class=\"wp-block-ub-content-toggle-accordion-toggle-wrap right\" style=\"color: #000000;\"><span class=\"wp-block-ub-content-toggle-accordion-state-indicator wp-block-ub-chevron-down\"><\/span><\/div>\n\t\t<\/div>\n\t\t\t<div role=\"region\" aria-expanded=\"false\" class=\"wp-block-ub-content-toggle-accordion-content-wrap ub-hide\" id=\"ub-content-toggle-panel-4-5f1125e3-f0cb-4295-8c48-5d0521a223a7\">\n\n<p>La principal limitaci\u00f3n es la necesidad de <strong>gesti\u00f3n profesional<\/strong> de la log\u00edstica, el montaje y los materiales resistentes. JFT resuelve estas limitaciones encarg\u00e1ndose de: <\/p>\n\n\n\n<p><strong>1) Materiales resistentes<\/strong> (lonas ign\u00edfugas, vinilos de alto rendimiento), <\/p>\n\n\n\n<p><strong>2) Acabados profesionales<\/strong> (soldadura, ollaos) y <\/p>\n\n\n\n<p><strong>3) Instalaci\u00f3n certificada<\/strong> en exteriores.<\/p>\n\n<\/div>\n\t\t<\/div>\n<\/div><\/div><\/div>\n<\/div><\/div>\n\n\n\n<div class=\"wp-block-group ntmblock\"><div class=\"wp-block-group__inner-container is-layout-flow wp-block-group-is-layout-flow\">\n<h2 class=\"wp-block-heading has-text-align-center anton\" style=\"font-size:27px\">NUESTRA AGENCIA DE PUBLICIDAD EN ESPA\u00d1A<\/h2>\n\n\n\n<p class=\"has-text-align-left fa fa-phone show\"><a href=\"tel:922508800\" target=\"_blank\" rel=\"noreferrer noopener\">922 50 88 00<\/a><\/p>\n\n\n\n<div style=\"height:0px\" aria-hidden=\"true\" class=\"wp-block-spacer\"><\/div>\n\n\n\n<p class=\"has-text-align-left fa fa-envelope-o show\"><a data-type=\"mailto\" data-id=\"mailto:info@jftcomunicacion.es\" href=\"mailto:info@jftcomunicacion.es\" target=\"_blank\" rel=\"noreferrer noopener\">info@jftcomunicacion.es<\/a><\/p>\n\n\n\n<div class=\"wp-block-columns is-layout-flex wp-container-core-columns-is-layout-28f84493 wp-block-columns-is-layout-flex\">\n<div class=\"wp-block-column is-layout-flow wp-block-column-is-layout-flow\">\n<h3 class=\"wp-block-heading has-text-align-left title_section anton\" style=\"font-size:32px\">ISLAS CANARIAS<\/h3>\n\n\n\n<div class=\"wp-block-group\"><div class=\"wp-block-group__inner-container is-layout-constrained wp-block-group-is-layout-constrained\">\n<p class=\"has-text-align-left fa fa-map-marker show nomargin\" style=\"font-size:18px\">Agencia de Publicidad<\/p>\n\n\n\n<p class=\"has-text-align-left nomargin\" style=\"font-size:18px\"><a href=\"https:\/\/maps.app.goo.gl\/b7JsrPM2NXaHnQyd8\" target=\"_blank\" rel=\"noreferrer noopener\"><strong>JFT Comunicaci\u00f3n Santa Cruz de Tenerife<\/strong><\/a><\/p>\n\n\n\n<p class=\"has-text-align-left has-text-color has-link-color wp-elements-5bdf2498c73ee444cfa5c729c2a7cd31\" style=\"color:#7888ff;margin-top:0px;margin-bottom:0px;font-size:15px\">Puerto Escondido 3, Piso 1\u00ba, <br>38002 Santa Cruz De Tenerife<\/p>\n<\/div><\/div>\n\n\n\n<div class=\"wp-block-group\"><div class=\"wp-block-group__inner-container is-layout-constrained wp-block-group-is-layout-constrained\">\n<p class=\"has-text-align-left fa fa-map-marker show nomargin\" style=\"font-size:18px\">Agencia de Publicidad<\/p>\n\n\n\n<p class=\"has-text-align-left nomargin\" style=\"font-size:18px\"><a href=\"https:\/\/maps.app.goo.gl\/pjtU8RHPKyFSA8Xk7\" target=\"_blank\" rel=\"noreferrer noopener\"><strong>JFT Comunicaci\u00f3n Arona<\/strong><\/a><\/p>\n\n\n\n<p class=\"has-text-align-left has-text-color has-link-color wp-elements-3678261f1e6d666a25be3439eb11a37f\" style=\"color:#7888ff;margin-top:0px;margin-bottom:0px;font-size:15px\">Avenida Bulevar Chajofe, Edificio Ed\u00e9n, Local 11C<br>38650 Arona<\/p>\n<\/div><\/div>\n\n\n\n<div class=\"wp-block-group\"><div class=\"wp-block-group__inner-container is-layout-constrained wp-block-group-is-layout-constrained\">\n<p class=\"has-text-align-left fa fa-map-marker show nomargin\" style=\"font-size:18px\">Agencia de Publicidad<\/p>\n\n\n\n<p class=\"has-text-align-left nomargin\" style=\"font-size:18px\"><a href=\"https:\/\/maps.app.goo.gl\/uMLTi6dv36zkFqnM8\"><strong>JFT Comunicaci\u00f3n Las Palmas de Gran Canaria<\/strong><\/a><\/p>\n\n\n\n<p class=\"has-text-align-left has-text-color has-link-color wp-elements-821251cbaa32718d67f08e63e63b7113\" style=\"color:#7888ff;margin-top:0px;margin-bottom:0px;font-size:15px\">Calle Luis Morote n\u00ba 6, planta 3 oficina 2. <br>35.007 Las Palmas de Gran Canaria<\/p>\n<\/div><\/div>\n<\/div>\n\n\n\n<div class=\"wp-block-column is-layout-flow wp-block-column-is-layout-flow\">\n<h3 class=\"wp-block-heading has-text-align-left title_section anton\" style=\"font-size:32px\">ANDALUC\u00cdA<\/h3>\n\n\n\n<div class=\"wp-block-group\"><div class=\"wp-block-group__inner-container is-layout-constrained wp-block-group-is-layout-constrained\">\n<p class=\"has-text-align-left fa fa-map-marker show nomargin\" style=\"font-size:18px\">Agencia de Publicidad<\/p>\n\n\n\n<p class=\"has-text-align-left nomargin\" style=\"font-size:18px\"><strong><a href=\"https:\/\/maps.app.goo.gl\/hDHDJjPVZTuW7Jjq9\" target=\"_blank\" rel=\"noreferrer noopener\">JFT Comunicaci\u00f3n Sevilla<\/a><\/strong><\/p>\n\n\n\n<p class=\"has-text-align-left has-text-color has-link-color wp-elements-130198b57700a96faa34a1da564c4e8a\" style=\"color:#7888ff;margin-top:0px;margin-bottom:0px;font-size:15px\">Calle Lara\u00f1a 4, Piso 3\u00ba, Sevilla Center,<br>41003 Sevilla<\/p>\n<\/div><\/div>\n\n\n\n<div class=\"wp-block-group\"><div class=\"wp-block-group__inner-container is-layout-constrained wp-block-group-is-layout-constrained\">\n<p class=\"has-text-align-left fa fa-map-marker show nomargin\" style=\"font-size:18px\">Agencia de Publicidad<\/p>\n\n\n\n<p class=\"has-text-align-left nomargin\" style=\"font-size:18px\"><a href=\"https:\/\/maps.app.goo.gl\/RX8P1pT7ZvspBuhF9\" target=\"_blank\" rel=\"noreferrer noopener\"><strong>JFT Comunicaci\u00f3n M\u00e1laga<\/strong><\/a><\/p>\n\n\n\n<p class=\"has-text-align-left has-text-color has-link-color wp-elements-73b25ed090de4d6033e068b19dc6699e\" style=\"color:#7888ff;margin-top:0px;margin-bottom:0px;font-size:15px\">Avda. Comandante Garc\u00eda Morato, s\/n. Planta 3\u00aa, pta. 34. <br>29004 M\u00e1laga<\/p>\n<\/div><\/div>\n<\/div>\n<\/div>\n<\/div><\/div>\n\n\n\n<script type=\"application\/ld+json\">\n{\n  \"@context\": \"https:\/\/schema.org\",\n  \"@type\": \"Service\",\n  \"name\": \"Impresi\u00f3n Digital Gran Formato y Lonas\",\n  \"description\": \"Agencia de dise\u00f1o e impresi\u00f3n en Gran Formato en Canarias. Dise\u00f1o y producci\u00f3n de lonas, carteles, vinilos, textiles y otros soportes publicitarios a gran escala.\",\n  \"url\": \"https:\/\/www.jftcomunicacion.es\/es\/servicios\/agencia-eventos\/gran-formato\/\",\n  \"serviceType\": \"Dise\u00f1o y Producci\u00f3n de Gran Formato\",\n  \n  \/\/ Define el proveedor como LocalBusiness (Las Palmas)\n  \"provider\": {\n    \"@type\": \"LocalBusiness\",\n    \"name\": \"JFT Comunicaci\u00f3n Las Palmas\",\n    \"telephone\": \"+34922508800\",\n    \"email\": \"info@jftcomunicacion.es\",\n    \"priceRange\": \"Bajo Presupuesto\", \n    \"image\": \"https:\/\/www.jftcomunicacion.es\/wp-content\/uploads\/2019\/12\/logo_jftcomunicacion-e1577624338378.png\",\n    \"address\": {\n      \"@type\": \"PostalAddress\",\n      \"streetAddress\": \"C. Luis Morote n\u00b0 6, planta 3 oficina 2\",\n      \"addressLocality\": \"Las Palmas de Gran Canaria\",\n      \"postalCode\": \"35007\",\n      \"addressRegion\": \"Las Palmas\",\n      \"addressCountry\": \"ES\"\n    }\n  },\n  \n  \/\/ Relaci\u00f3n con el Servicio Padre\n  \"isRelatedTo\": {\n      \"@type\": \"Service\",\n      \"name\": \"Agencia de Eventos\",\n      \"url\": \"https:\/\/www.jftcomunicacion.es\/es\/servicios\/agencia-eventos\/\"\n  },\n  \n  \/\/ Rango de Precios y Oferta de Contacto\n  \"offers\": {\n    \"@type\": \"Offer\",\n    \"url\": \"https:\/\/www.jftcomunicacion.es\/es\/contacto\/\",\n    \"price\": \"Consultar\",\n    \"priceCurrency\": \"EUR\",\n    \"priceRange\": \"Bajo Presupuesto\",\n    \"availability\": \"https:\/\/schema.org\/InStock\"\n  }\n}\n<\/script>\n","protected":false},"excerpt":{"rendered":"<p>Dise\u00f1o y producci\u00f3n de publicidad de gran formato (carteles, lonas, roll ups, banderolas) muy efectivos y rentables por el alto tiempo de exposici\u00f3n a las audiencias y especialmente llamativos en eventos.<\/p>\n","protected":false},"featured_media":16644,"parent":16,"menu_order":0,"template":"","class_list":["post-6845","servicios","type-servicios","status-publish","has-post-thumbnail","hentry"],"acf":[],"yoast_head":"<!-- This site is optimized with the Yoast SEO plugin v25.9 - https:\/\/yoast.com\/wordpress\/plugins\/seo\/ -->\n<title>Impresi\u00f3n y Dise\u00f1o Digital Gran Formato en [Las Palmas y Tenerife] - JFT<\/title>\n<meta name=\"description\" content=\"Dise\u00f1o gr\u00e1fico e impresi\u00f3n digital en gran formato en Canarias. Producimos carteles, r\u00f3tulos, lonas y vinilos. Evita errores de archivos y consigue calidad profesional.\" \/>\n<meta name=\"robots\" content=\"index, follow, max-snippet:-1, max-image-preview:large, max-video-preview:-1\" \/>\n<link rel=\"canonical\" href=\"https:\/\/www.jftcomunicacion.es\/es\/servicios\/agencia-eventos\/gran-formato\/\" \/>\n<meta property=\"og:locale\" content=\"es_ES\" \/>\n<meta property=\"og:type\" content=\"article\" \/>\n<meta property=\"og:title\" content=\"Impresi\u00f3n y Dise\u00f1o Digital Gran Formato en [Las Palmas y Tenerife] - JFT\" \/>\n<meta property=\"og:description\" content=\"Dise\u00f1o gr\u00e1fico e impresi\u00f3n digital en gran formato en Canarias. Producimos carteles, r\u00f3tulos, lonas y vinilos. Evita errores de archivos y consigue calidad profesional.\" \/>\n<meta property=\"og:url\" content=\"https:\/\/www.jftcomunicacion.es\/es\/servicios\/agencia-eventos\/gran-formato\/\" \/>\n<meta property=\"og:site_name\" content=\"Agencia de Publicidad JFT Comunicaci\u00f3n\" \/>\n<meta property=\"article:publisher\" content=\"https:\/\/www.facebook.com\/JFTComunicacion\" \/>\n<meta property=\"article:modified_time\" content=\"2026-02-27T12:15:25+00:00\" \/>\n<meta property=\"og:image\" content=\"https:\/\/www.jftcomunicacion.es\/wp-content\/uploads\/2023\/03\/gran-formato.webp\" \/>\n\t<meta property=\"og:image:width\" content=\"248\" \/>\n\t<meta property=\"og:image:height\" content=\"198\" \/>\n\t<meta property=\"og:image:type\" content=\"image\/webp\" \/>\n<meta name=\"twitter:card\" content=\"summary_large_image\" \/>\n<meta name=\"twitter:label1\" content=\"Tiempo de lectura\" \/>\n\t<meta name=\"twitter:data1\" content=\"5 minutos\" \/>\n<script type=\"application\/ld+json\" class=\"yoast-schema-graph\">{\"@context\":\"https:\/\/schema.org\",\"@graph\":[{\"@type\":\"WebPage\",\"@id\":\"https:\/\/www.jftcomunicacion.es\/es\/servicios\/agencia-eventos\/gran-formato\/\",\"url\":\"https:\/\/www.jftcomunicacion.es\/es\/servicios\/agencia-eventos\/gran-formato\/\",\"name\":\"Impresi\u00f3n y Dise\u00f1o Digital Gran Formato en [Las Palmas y Tenerife] - JFT\",\"isPartOf\":{\"@id\":\"https:\/\/www.jftcomunicacion.es\/es\/#website\"},\"primaryImageOfPage\":{\"@id\":\"https:\/\/www.jftcomunicacion.es\/es\/servicios\/agencia-eventos\/gran-formato\/#primaryimage\"},\"image\":{\"@id\":\"https:\/\/www.jftcomunicacion.es\/es\/servicios\/agencia-eventos\/gran-formato\/#primaryimage\"},\"thumbnailUrl\":\"https:\/\/www.jftcomunicacion.es\/wp-content\/uploads\/2023\/03\/gran-formato.webp\",\"datePublished\":\"2023-03-11T13:22:55+00:00\",\"dateModified\":\"2026-02-27T12:15:25+00:00\",\"description\":\"Dise\u00f1o gr\u00e1fico e impresi\u00f3n digital en gran formato en Canarias. Producimos carteles, r\u00f3tulos, lonas y vinilos. Evita errores de archivos y consigue calidad profesional.\",\"breadcrumb\":{\"@id\":\"https:\/\/www.jftcomunicacion.es\/es\/servicios\/agencia-eventos\/gran-formato\/#breadcrumb\"},\"inLanguage\":\"es\",\"potentialAction\":[{\"@type\":\"ReadAction\",\"target\":[\"https:\/\/www.jftcomunicacion.es\/es\/servicios\/agencia-eventos\/gran-formato\/\"]}]},{\"@type\":\"ImageObject\",\"inLanguage\":\"es\",\"@id\":\"https:\/\/www.jftcomunicacion.es\/es\/servicios\/agencia-eventos\/gran-formato\/#primaryimage\",\"url\":\"https:\/\/www.jftcomunicacion.es\/wp-content\/uploads\/2023\/03\/gran-formato.webp\",\"contentUrl\":\"https:\/\/www.jftcomunicacion.es\/wp-content\/uploads\/2023\/03\/gran-formato.webp\",\"width\":248,\"height\":198},{\"@type\":\"BreadcrumbList\",\"@id\":\"https:\/\/www.jftcomunicacion.es\/es\/servicios\/agencia-eventos\/gran-formato\/#breadcrumb\",\"itemListElement\":[{\"@type\":\"ListItem\",\"position\":1,\"name\":\"Portada\",\"item\":\"https:\/\/www.jftcomunicacion.es\/es\/\"},{\"@type\":\"ListItem\",\"position\":2,\"name\":\"Agencia de eventos\",\"item\":\"https:\/\/www.jftcomunicacion.es\/es\/servicios\/agencia-eventos\/\"},{\"@type\":\"ListItem\",\"position\":3,\"name\":\"Dise\u00f1o e impresi\u00f3n digital en gran formato\"}]},{\"@type\":\"WebSite\",\"@id\":\"https:\/\/www.jftcomunicacion.es\/es\/#website\",\"url\":\"https:\/\/www.jftcomunicacion.es\/es\/\",\"name\":\"JFT Comunicaci\u00f3n\",\"description\":\"Agencia de Publicidad y Marketing Digital\",\"publisher\":{\"@id\":\"https:\/\/www.jftcomunicacion.es\/es\/#organization\"},\"alternateName\":\"Agencia de Publicidad JFT Comunicaci\u00f3n\",\"potentialAction\":[{\"@type\":\"SearchAction\",\"target\":{\"@type\":\"EntryPoint\",\"urlTemplate\":\"https:\/\/www.jftcomunicacion.es\/es\/?s={search_term_string}\"},\"query-input\":{\"@type\":\"PropertyValueSpecification\",\"valueRequired\":true,\"valueName\":\"search_term_string\"}}],\"inLanguage\":\"es\"},{\"@type\":\"Organization\",\"@id\":\"https:\/\/www.jftcomunicacion.es\/es\/#organization\",\"name\":\"JFT Comunicaci\u00f3n\",\"alternateName\":\"Agencia de Publicidad en Canarias\",\"url\":\"https:\/\/www.jftcomunicacion.es\/es\/\",\"logo\":{\"@type\":\"ImageObject\",\"inLanguage\":\"es\",\"@id\":\"https:\/\/www.jftcomunicacion.es\/es\/#\/schema\/logo\/image\/\",\"url\":\"https:\/\/www.jftcomunicacion.es\/wp-content\/uploads\/2019\/12\/logo_jftcomunicacion-e1577624338378.png\",\"contentUrl\":\"https:\/\/www.jftcomunicacion.es\/wp-content\/uploads\/2019\/12\/logo_jftcomunicacion-e1577624338378.png\",\"width\":280,\"height\":168,\"caption\":\"JFT Comunicaci\u00f3n\"},\"image\":{\"@id\":\"https:\/\/www.jftcomunicacion.es\/es\/#\/schema\/logo\/image\/\"},\"sameAs\":[\"https:\/\/www.facebook.com\/JFTComunicacion\",\"https:\/\/www.instagram.com\/jftcomunicacion\/\",\"https:\/\/www.linkedin.com\/company\/jft-comunicacin\/\"]}]}<\/script>\n<!-- \/ Yoast SEO plugin. -->","yoast_head_json":{"title":"Impresi\u00f3n y Dise\u00f1o Digital Gran Formato en [Las Palmas y Tenerife] - JFT","description":"Dise\u00f1o gr\u00e1fico e impresi\u00f3n digital en gran formato en Canarias. Producimos carteles, r\u00f3tulos, lonas y vinilos. Evita errores de archivos y consigue calidad profesional.","robots":{"index":"index","follow":"follow","max-snippet":"max-snippet:-1","max-image-preview":"max-image-preview:large","max-video-preview":"max-video-preview:-1"},"canonical":"https:\/\/www.jftcomunicacion.es\/es\/servicios\/agencia-eventos\/gran-formato\/","og_locale":"es_ES","og_type":"article","og_title":"Impresi\u00f3n y Dise\u00f1o Digital Gran Formato en [Las Palmas y Tenerife] - JFT","og_description":"Dise\u00f1o gr\u00e1fico e impresi\u00f3n digital en gran formato en Canarias. Producimos carteles, r\u00f3tulos, lonas y vinilos. Evita errores de archivos y consigue calidad profesional.","og_url":"https:\/\/www.jftcomunicacion.es\/es\/servicios\/agencia-eventos\/gran-formato\/","og_site_name":"Agencia de Publicidad JFT Comunicaci\u00f3n","article_publisher":"https:\/\/www.facebook.com\/JFTComunicacion","article_modified_time":"2026-02-27T12:15:25+00:00","og_image":[{"width":248,"height":198,"url":"https:\/\/www.jftcomunicacion.es\/wp-content\/uploads\/2023\/03\/gran-formato.webp","type":"image\/webp"}],"twitter_card":"summary_large_image","twitter_misc":{"Tiempo de lectura":"5 minutos"},"schema":{"@context":"https:\/\/schema.org","@graph":[{"@type":"WebPage","@id":"https:\/\/www.jftcomunicacion.es\/es\/servicios\/agencia-eventos\/gran-formato\/","url":"https:\/\/www.jftcomunicacion.es\/es\/servicios\/agencia-eventos\/gran-formato\/","name":"Impresi\u00f3n y Dise\u00f1o Digital Gran Formato en [Las Palmas y Tenerife] - JFT","isPartOf":{"@id":"https:\/\/www.jftcomunicacion.es\/es\/#website"},"primaryImageOfPage":{"@id":"https:\/\/www.jftcomunicacion.es\/es\/servicios\/agencia-eventos\/gran-formato\/#primaryimage"},"image":{"@id":"https:\/\/www.jftcomunicacion.es\/es\/servicios\/agencia-eventos\/gran-formato\/#primaryimage"},"thumbnailUrl":"https:\/\/www.jftcomunicacion.es\/wp-content\/uploads\/2023\/03\/gran-formato.webp","datePublished":"2023-03-11T13:22:55+00:00","dateModified":"2026-02-27T12:15:25+00:00","description":"Dise\u00f1o gr\u00e1fico e impresi\u00f3n digital en gran formato en Canarias. Producimos carteles, r\u00f3tulos, lonas y vinilos. Evita errores de archivos y consigue calidad profesional.","breadcrumb":{"@id":"https:\/\/www.jftcomunicacion.es\/es\/servicios\/agencia-eventos\/gran-formato\/#breadcrumb"},"inLanguage":"es","potentialAction":[{"@type":"ReadAction","target":["https:\/\/www.jftcomunicacion.es\/es\/servicios\/agencia-eventos\/gran-formato\/"]}]},{"@type":"ImageObject","inLanguage":"es","@id":"https:\/\/www.jftcomunicacion.es\/es\/servicios\/agencia-eventos\/gran-formato\/#primaryimage","url":"https:\/\/www.jftcomunicacion.es\/wp-content\/uploads\/2023\/03\/gran-formato.webp","contentUrl":"https:\/\/www.jftcomunicacion.es\/wp-content\/uploads\/2023\/03\/gran-formato.webp","width":248,"height":198},{"@type":"BreadcrumbList","@id":"https:\/\/www.jftcomunicacion.es\/es\/servicios\/agencia-eventos\/gran-formato\/#breadcrumb","itemListElement":[{"@type":"ListItem","position":1,"name":"Portada","item":"https:\/\/www.jftcomunicacion.es\/es\/"},{"@type":"ListItem","position":2,"name":"Agencia de eventos","item":"https:\/\/www.jftcomunicacion.es\/es\/servicios\/agencia-eventos\/"},{"@type":"ListItem","position":3,"name":"Dise\u00f1o e impresi\u00f3n digital en gran formato"}]},{"@type":"WebSite","@id":"https:\/\/www.jftcomunicacion.es\/es\/#website","url":"https:\/\/www.jftcomunicacion.es\/es\/","name":"JFT Comunicaci\u00f3n","description":"Agencia de Publicidad y Marketing Digital","publisher":{"@id":"https:\/\/www.jftcomunicacion.es\/es\/#organization"},"alternateName":"Agencia de Publicidad JFT Comunicaci\u00f3n","potentialAction":[{"@type":"SearchAction","target":{"@type":"EntryPoint","urlTemplate":"https:\/\/www.jftcomunicacion.es\/es\/?s={search_term_string}"},"query-input":{"@type":"PropertyValueSpecification","valueRequired":true,"valueName":"search_term_string"}}],"inLanguage":"es"},{"@type":"Organization","@id":"https:\/\/www.jftcomunicacion.es\/es\/#organization","name":"JFT Comunicaci\u00f3n","alternateName":"Agencia de Publicidad en Canarias","url":"https:\/\/www.jftcomunicacion.es\/es\/","logo":{"@type":"ImageObject","inLanguage":"es","@id":"https:\/\/www.jftcomunicacion.es\/es\/#\/schema\/logo\/image\/","url":"https:\/\/www.jftcomunicacion.es\/wp-content\/uploads\/2019\/12\/logo_jftcomunicacion-e1577624338378.png","contentUrl":"https:\/\/www.jftcomunicacion.es\/wp-content\/uploads\/2019\/12\/logo_jftcomunicacion-e1577624338378.png","width":280,"height":168,"caption":"JFT Comunicaci\u00f3n"},"image":{"@id":"https:\/\/www.jftcomunicacion.es\/es\/#\/schema\/logo\/image\/"},"sameAs":["https:\/\/www.facebook.com\/JFTComunicacion","https:\/\/www.instagram.com\/jftcomunicacion\/","https:\/\/www.linkedin.com\/company\/jft-comunicacin\/"]}]}},"_links":{"self":[{"href":"https:\/\/www.jftcomunicacion.es\/es\/wp-json\/wp\/v2\/servicios\/6845","targetHints":{"allow":["GET"]}}],"collection":[{"href":"https:\/\/www.jftcomunicacion.es\/es\/wp-json\/wp\/v2\/servicios"}],"about":[{"href":"https:\/\/www.jftcomunicacion.es\/es\/wp-json\/wp\/v2\/types\/servicios"}],"up":[{"embeddable":true,"href":"https:\/\/www.jftcomunicacion.es\/es\/wp-json\/wp\/v2\/servicios\/16"}],"wp:featuredmedia":[{"embeddable":true,"href":"https:\/\/www.jftcomunicacion.es\/es\/wp-json\/wp\/v2\/media\/16644"}],"wp:attachment":[{"href":"https:\/\/www.jftcomunicacion.es\/es\/wp-json\/wp\/v2\/media?parent=6845"}],"curies":[{"name":"wp","href":"https:\/\/api.w.org\/{rel}","templated":true}]}}