{"id":6816,"date":"2023-03-11T12:23:04","date_gmt":"2023-03-11T12:23:04","guid":{"rendered":"https:\/\/www.jftcomunicacion.es\/es\/?post_type=servicios-auxiliares&#038;p=6816"},"modified":"2026-04-13T22:38:49","modified_gmt":"2026-04-13T22:38:49","slug":"produccion-audiovisual","status":"publish","type":"servicios","link":"https:\/\/www.jftcomunicacion.es\/es\/servicios\/agencia-creativa\/produccion-audiovisual\/","title":{"rendered":"Productora audiovisual"},"content":{"rendered":"\n<div class=\"wp-block-group full fullwidth has-background\" style=\"padding-top:80px;padding-bottom:80px;background-image:url(&#039;https:\/\/www.jftcomunicacion.es\/wp-content\/uploads\/2025\/10\/banner-agencia-creativa.webp&#039;);background-position:50% 50%;background-size:cover;\"><div class=\"wp-block-group__inner-container is-layout-flow wp-block-group-is-layout-flow\">\n<div class=\"wp-block-columns is-layout-flex wp-container-core-columns-is-layout-28f84493 wp-block-columns-is-layout-flex\">\n<div class=\"wp-block-column ltr is-layout-flow wp-block-column-is-layout-flow\" style=\"flex-basis:100%\">\n<h1 class=\"wp-block-heading has-text-align-left anton has-text-color has-link-color wp-elements-0252cdd05c43dd1aec96a9c1bc8fd576\" style=\"color:#7ee9ee;font-size:60px;font-style:normal;font-weight:400;text-transform:uppercase\">Productora <br>audiovisual<\/h1>\n\n\n\n<p class=\"has-white-color has-text-color has-link-color wp-elements-0d3d48873de11c45a1504862096e2149\">En <strong>JFT Comunicaci\u00f3n<\/strong> como <strong>productora audiovisual<\/strong> y <strong><a href=\"https:\/\/www.jftcomunicacion.es\/es\/servicios\/agencia-creativa\/\">agencia creativa<\/a>, <\/strong><br>convertimos ideas en piezas con ritmo, est\u00e9tica, y f\u00e1cil de recordar.<\/p>\n\n\n\n<div class=\"wp-block-buttons is-layout-flex wp-block-buttons-is-layout-flex\">\n<div class=\"wp-block-button\"><a class=\"wp-block-button__link has-black-color has-text-color has-background has-link-color wp-element-button\" href=\"\/contacto\/\" style=\"border-radius:0px;background-color:#7ee9ee\"><strong>Solicita informaci\u00f3n<\/strong><\/a><\/div>\n<\/div>\n\n\n\n<p class=\"has-text-color has-link-color wp-elements-fe17b59b5eb6d3c8efb474adf710c77f\" style=\"color:#7ee9ee\">Respuesta r\u00e1pida. Te proponemos formato, duraci\u00f3n y enfoque seg\u00fan objetivo.<\/p>\n<\/div>\n<\/div>\n<\/div><\/div>\n\n\n\n<div class=\"wp-block-group\"><div class=\"wp-block-group__inner-container is-layout-flow wp-block-group-is-layout-flow\">\n<ul style=\"background-color:#7ee9ee\" class=\"wp-block-list has-background\">\n<li><strong>Gui\u00f3n + rodaje + postproducci\u00f3n, de principio a fin<\/strong><\/li>\n\n\n\n<li><strong>V\u00eddeos para publicidad, redes, corporativo y eventos<\/strong><\/li>\n\n\n\n<li><strong>Coherencia visual con tu identidad de marca<\/strong><\/li>\n<\/ul>\n\n\n\n<h2 class=\"wp-block-heading has-text-align-left ltr anton has-large-font-size\" style=\"border-left-color:#7ee9ee;border-left-style:solid;border-left-width:20px;padding-left:20px\">Qu\u00e9 hacemos como <br>productora audiovisual<\/h2>\n\n\n\n<p>Creamos contenido audiovisual con intenci\u00f3n: v\u00eddeos que construyen marca, aceleran campa\u00f1as y hacen que la audiencia no haga \u201cscroll\u201d sin mirar.<\/p>\n\n\n\n<p>Como parte de nuestra <strong><a href=\"https:\/\/www.jftcomunicacion.es\/es\/servicios\/agencia-creativa\/\">agencia creativa<\/a><\/strong>, no solo producimos v\u00eddeos: desarrollamos piezas alineadas con la estrategia global de comunicaci\u00f3n, integrando creatividad, narrativa y objetivos de negocio.<\/p>\n\n\n\n<p>Desde la idea creativa hasta la entrega final, cuidamos guion, est\u00e9tica, sonido y montaje para que cada segundo juegue a tu favor.<\/p>\n<\/div><\/div>\n\n\n\n<div class=\"wp-block-group\"><div class=\"wp-block-group__inner-container is-layout-flow wp-block-group-is-layout-flow\">\n<h2 class=\"wp-block-heading has-text-align-left ltr anton has-large-font-size\" style=\"border-left-color:#7ee9ee;border-left-style:solid;border-left-width:20px;padding-left:20px\">Servicios de producci\u00f3n audiovisual<\/h2>\n\n\n\n<div class=\"wp-block-columns is-layout-flex wp-container-core-columns-is-layout-28f84493 wp-block-columns-is-layout-flex\">\n<div class=\"wp-block-column has-border-color is-layout-flow wp-block-column-is-layout-flow\" style=\"border-color:#7ee9ee;border-style:solid;border-width:2px;padding-top:19px;padding-right:20px;padding-bottom:19px;padding-left:20px\">\n<p class=\"has-text-align-center inlinetop has-black-color has-text-color has-background has-link-color wp-elements-102d7cfd1f804facdd72fb90a485b27a\" style=\"background-color:#7ee9ee\"><strong>1<\/strong><\/p>\n\n\n<div class=\"wp-block-image\">\n<figure class=\"aligncenter size-full is-resized\"><img loading=\"lazy\" decoding=\"async\" width=\"98\" height=\"118\" src=\"https:\/\/www.jftcomunicacion.es\/wp-content\/uploads\/2026\/02\/productora-preproduccion.webp\" alt=\"\" class=\"wp-image-19220\" style=\"width:auto;height:120px\"\/><\/figure><\/div>\n\n\n<p class=\"has-text-align-center has-small-font-size\"><strong>Preproducci\u00f3n (la estrategia antes de la c\u00e1mara)<\/strong><\/p>\n\n\n\n<ul class=\"wp-block-list\">\n<li class=\"has-small-font-size\"><em>Brief + enfoque creativo<\/em><\/li>\n\n\n\n<li class=\"has-small-font-size\">Guion \/ escaleta \/ storyboard<\/li>\n\n\n\n<li class=\"has-small-font-size\">Plan de rodaje y localizaciones<\/li>\n<\/ul>\n<\/div>\n\n\n\n<div class=\"wp-block-column has-border-color is-layout-flow wp-block-column-is-layout-flow\" style=\"border-color:#7ee9ee;border-style:solid;border-width:2px;padding-top:20px;padding-right:20px;padding-bottom:20px;padding-left:20px\">\n<p class=\"has-text-align-center inlinetop has-black-color has-text-color has-background has-link-color wp-elements-9088250d460cc176cfe33fda489817ec\" style=\"background-color:#7ee9ee\"><strong>2<\/strong><\/p>\n\n\n<div class=\"wp-block-image\">\n<figure class=\"aligncenter size-full is-resized\"><img loading=\"lazy\" decoding=\"async\" width=\"105\" height=\"122\" src=\"https:\/\/www.jftcomunicacion.es\/wp-content\/uploads\/2026\/02\/productora-rodaje.webp\" alt=\"\" class=\"wp-image-19216\" style=\"width:auto;height:120px\"\/><\/figure><\/div>\n\n\n<p class=\"has-text-align-center has-small-font-size\"><strong>Rodaje (el d\u00eda en que todo sucede)<\/strong><\/p>\n\n\n\n<ul class=\"wp-block-list\">\n<li class=\"has-small-font-size\">Direcci\u00f3n y coordinaci\u00f3n t\u00e9cnica<\/li>\n\n\n\n<li class=\"has-small-font-size\">Grabaci\u00f3n en interior\/exterior<\/li>\n\n\n\n<li class=\"has-small-font-size\">Captura de recursos para versiones cortas<\/li>\n<\/ul>\n<\/div>\n\n\n\n<div class=\"wp-block-column has-border-color is-layout-flow wp-block-column-is-layout-flow\" style=\"border-color:#7ee9ee;border-style:solid;border-width:2px;padding-top:19px;padding-right:20px;padding-bottom:19px;padding-left:20px\">\n<p class=\"has-text-align-center inlinetop has-black-color has-text-color has-background has-link-color wp-elements-7701bdcfb97a8f6113b9089d684a6431\" style=\"background-color:#7ee9ee\"><strong>3<\/strong><\/p>\n\n\n<div class=\"wp-block-image\">\n<figure class=\"aligncenter size-full is-resized\"><img loading=\"lazy\" decoding=\"async\" width=\"130\" height=\"121\" src=\"https:\/\/www.jftcomunicacion.es\/wp-content\/uploads\/2026\/02\/productora-postproduccion.webp\" alt=\"\" class=\"wp-image-19218\" style=\"width:auto;height:120px\"\/><\/figure><\/div>\n\n\n<p class=\"has-text-align-center has-small-font-size\"><strong>Postproducci\u00f3n (donde nace la magia)<\/strong><\/p>\n\n\n\n<ul class=\"wp-block-list\">\n<li class=\"has-small-font-size\">Montaje y ritmo narrativo<\/li>\n\n\n\n<li class=\"has-small-font-size\">Color, sonido y grafismos<\/li>\n\n\n\n<li class=\"has-small-font-size\">Adaptaciones a formatos (Reels, TikTok, YouTube, web)<\/li>\n<\/ul>\n<\/div>\n<\/div>\n<\/div><\/div>\n\n\n\n<div class=\"wp-block-group servicios_2025\"><div class=\"wp-block-group__inner-container is-layout-flow wp-block-group-is-layout-flow\">\n<h2 class=\"wp-block-heading has-text-align-left ltr anton has-large-font-size\" style=\"border-left-color:#7ee9ee;border-left-style:solid;border-left-width:20px;padding-left:20px\">Qu\u00e9 entregables te llevas<\/h2>\n\n\n\n<ul class=\"wp-block-list\">\n<li>V\u00eddeo principal (versi\u00f3n \u201chero\u201d)<\/li>\n\n\n\n<li>Cortes para redes (15s \/ 30s \/ 60s)<\/li>\n\n\n\n<li>Miniaturas \/ r\u00f3tulos \/ subt\u00edtulos (si aplica)<\/li>\n\n\n\n<li>Versiones por canal (vertical, cuadrado, horizontal)<\/li>\n<\/ul>\n<\/div><\/div>\n\n\n\n<div class=\"wp-block-group servicios_2025\"><div class=\"wp-block-group__inner-container is-layout-flow wp-block-group-is-layout-flow\">\n<h2 class=\"wp-block-heading has-text-align-left ltr anton has-large-font-size\" style=\"border-left-color:#7ee9ee;border-left-style:solid;border-left-width:20px;padding-left:20px\">Para qui\u00e9n es ideal<\/h2>\n\n\n\n<ul class=\"wp-block-list\">\n<li>Marcas que necesitan <strong>publicidad con calidad<\/strong><\/li>\n\n\n\n<li>Empresas que quieren <strong>v\u00eddeo corporativo moderno<\/strong><\/li>\n\n\n\n<li>Campa\u00f1as de redes que piden <strong>contenido constante y coherente<\/strong><\/li>\n<\/ul>\n<\/div><\/div>\n\n\n\n<div class=\"wp-block-group servicios_2025\"><div class=\"wp-block-group__inner-container is-layout-flow wp-block-group-is-layout-flow\">\n<h2 class=\"wp-block-heading has-text-align-left ltr anton has-large-font-size\" style=\"border-left-color:#7ee9ee;border-left-style:solid;border-left-width:20px;padding-left:20px\">Por qu\u00e9 JFT Comunicaci\u00f3n<\/h2>\n\n\n\n<p>Porque aqu\u00ed la creatividad no es \u201carte por arte\u201d: es un puente entre marca y resultados. Producci\u00f3n con est\u00e9tica, s\u00ed\u2026 pero con prop\u00f3sito. El v\u00eddeo no debe solo verse bonito: debe <strong>funcionar<\/strong><em>.<\/em><\/p>\n<\/div><\/div>\n\n\n\n<div class=\"wp-block-group\"><div class=\"wp-block-group__inner-container is-layout-constrained wp-block-group-is-layout-constrained\">\n<h2 class=\"wp-block-heading has-text-align-center\">PREGUNTAS FRECUENTES SOBRE PRODUCTORA AUDIOVISUAL<\/h2>\n<\/div><\/div>\n\n\n\n<div id=\"faqs\" class=\"wp-block-group has-background\" style=\"background-color:#80eaef66;padding-right:20px;padding-left:20px\"><div class=\"wp-block-group__inner-container is-layout-constrained wp-container-core-group-is-layout-3b0f2f7d wp-block-group-is-layout-constrained\">\n<div class=\"wp-block-group\"><div class=\"wp-block-group__inner-container is-layout-constrained wp-block-group-is-layout-constrained\"><div class=\"wp-block-ub-content-toggle wp-block-ub-content-toggle-block\" id=\"ub-content-toggle-block-5e2339c7-a424-4684-a982-dd0d29cb9b3c\" data-mobilecollapse=\"false\" data-desktopcollapse=\"true\" data-preventcollapse=\"false\" data-showonlyone=\"false\">\n<div class=\"wp-block-ub-content-toggle-accordion\" style=\"border-color: #f1f1f1; \" id=\"ub-content-toggle-panel-block-\">\n\t\t\t<div class=\"wp-block-ub-content-toggle-accordion-title-wrap\" style=\"background-color: #f1f1f1;\" aria-controls=\"ub-content-toggle-panel-0-5e2339c7-a424-4684-a982-dd0d29cb9b3c\" tabindex=\"0\">\n\t\t\t<h3 class=\"wp-block-ub-content-toggle-accordion-title ub-content-toggle-title-5e2339c7-a424-4684-a982-dd0d29cb9b3c\" style=\"color: #000000; \">\u00bfQu\u00e9 hace una productora audiovisual?<\/h3>\n\t\t\t<div class=\"wp-block-ub-content-toggle-accordion-toggle-wrap right\" style=\"color: #000000;\"><span class=\"wp-block-ub-content-toggle-accordion-state-indicator wp-block-ub-chevron-down\"><\/span><\/div>\n\t\t<\/div>\n\t\t\t<div role=\"region\" aria-expanded=\"false\" class=\"wp-block-ub-content-toggle-accordion-content-wrap ub-hide\" id=\"ub-content-toggle-panel-0-5e2339c7-a424-4684-a982-dd0d29cb9b3c\">\n\n<p>Una productora audiovisual planifica, produce y edita piezas de v\u00eddeo: define el concepto y el guion, organiza el rodaje (equipo, localizaciones, casting) y realiza la postproducci\u00f3n (edici\u00f3n, color, sonido, animaci\u00f3n y entregas). En JFT integramos la parte <strong>creativa<\/strong> y la <strong>producci\u00f3n<\/strong>, para que el v\u00eddeo encaje con la estrategia de marca y rinda en cada canal (TV, digital, redes y eventos).<\/p>\n\n<\/div>\n\t\t<\/div>\n\n<div class=\"wp-block-ub-content-toggle-accordion\" style=\"border-color: #f1f1f1; \" id=\"ub-content-toggle-panel-block-\">\n\t\t\t<div class=\"wp-block-ub-content-toggle-accordion-title-wrap\" style=\"background-color: #f1f1f1;\" aria-controls=\"ub-content-toggle-panel-1-5e2339c7-a424-4684-a982-dd0d29cb9b3c\" tabindex=\"0\">\n\t\t\t<h3 class=\"wp-block-ub-content-toggle-accordion-title ub-content-toggle-title-5e2339c7-a424-4684-a982-dd0d29cb9b3c\" style=\"color: #000000; \">\u00bfQu\u00e9 servicios de producci\u00f3n ofrece JFT?<\/h3>\n\t\t\t<div class=\"wp-block-ub-content-toggle-accordion-toggle-wrap right\" style=\"color: #000000;\"><span class=\"wp-block-ub-content-toggle-accordion-state-indicator wp-block-ub-chevron-down\"><\/span><\/div>\n\t\t<\/div>\n\t\t\t<div role=\"region\" aria-expanded=\"false\" class=\"wp-block-ub-content-toggle-accordion-content-wrap ub-hide\" id=\"ub-content-toggle-panel-1-5e2339c7-a424-4684-a982-dd0d29cb9b3c\">\n\n<p>Dirigimos proyectos 360\u00ba: idea y guion, <strong>rodaje<\/strong> (c\u00e1maras, drones, iluminaci\u00f3n, sonido), <strong>postproducci\u00f3n<\/strong> (edici\u00f3n, color, VFX, motion graphics, locuci\u00f3n, subt\u00edtulos), <strong>adaptaciones<\/strong> por formato\/red y piezas de recorte. Adem\u00e1s, sumamos <strong>dise\u00f1o corporativo<\/strong> y <strong>branding<\/strong> para asegurar coherencia visual en todas las piezas.<\/p>\n\n<\/div>\n\t\t<\/div>\n\n<div class=\"wp-block-ub-content-toggle-accordion\" style=\"border-color: #f1f1f1; \" id=\"ub-content-toggle-panel-block-\">\n\t\t\t<div class=\"wp-block-ub-content-toggle-accordion-title-wrap\" style=\"background-color: #f1f1f1;\" aria-controls=\"ub-content-toggle-panel-2-5e2339c7-a424-4684-a982-dd0d29cb9b3c\" tabindex=\"0\">\n\t\t\t<h3 class=\"wp-block-ub-content-toggle-accordion-title ub-content-toggle-title-5e2339c7-a424-4684-a982-dd0d29cb9b3c\" style=\"color: #000000; \">\u00bfQu\u00e9 formatos produc\u00eds y para qu\u00e9 canales?<\/h3>\n\t\t\t<div class=\"wp-block-ub-content-toggle-accordion-toggle-wrap right\" style=\"color: #000000;\"><span class=\"wp-block-ub-content-toggle-accordion-state-indicator wp-block-ub-chevron-down\"><\/span><\/div>\n\t\t<\/div>\n\t\t\t<div role=\"region\" aria-expanded=\"false\" class=\"wp-block-ub-content-toggle-accordion-content-wrap ub-hide\" id=\"ub-content-toggle-panel-2-5e2339c7-a424-4684-a982-dd0d29cb9b3c\">\n\n<p>Spots publicitarios, v\u00eddeos corporativos y de producto, entrevistas, casos de \u00e9xito, piezas para <strong>redes sociales<\/strong> (verticales, stories, reels), videos explicativos con <strong>motion graphics<\/strong>, contenidos para eventos y v\u00eddeos para <strong>TV<\/strong>. Entregamos los masters optimizados por plataforma (resoluci\u00f3n, ratio y c\u00f3decs) para maximizar alcance y rendimiento.<\/p>\n\n<\/div>\n\t\t<\/div>\n\n<div class=\"wp-block-ub-content-toggle-accordion\" style=\"border-color: #f1f1f1; \" id=\"ub-content-toggle-panel-block-\">\n\t\t\t<div class=\"wp-block-ub-content-toggle-accordion-title-wrap\" style=\"background-color: #f1f1f1;\" aria-controls=\"ub-content-toggle-panel-3-5e2339c7-a424-4684-a982-dd0d29cb9b3c\" tabindex=\"0\">\n\t\t\t<h3 class=\"wp-block-ub-content-toggle-accordion-title ub-content-toggle-title-5e2339c7-a424-4684-a982-dd0d29cb9b3c\" style=\"color: #000000; \">\u00bfCu\u00e1l es la diferencia entre productora y agencia creativa\u2026 y por qu\u00e9 JFT hace ambas?<\/h3>\n\t\t\t<div class=\"wp-block-ub-content-toggle-accordion-toggle-wrap right\" style=\"color: #000000;\"><span class=\"wp-block-ub-content-toggle-accordion-state-indicator wp-block-ub-chevron-down\"><\/span><\/div>\n\t\t<\/div>\n\t\t\t<div role=\"region\" aria-expanded=\"false\" class=\"wp-block-ub-content-toggle-accordion-content-wrap ub-hide\" id=\"ub-content-toggle-panel-3-5e2339c7-a424-4684-a982-dd0d29cb9b3c\">\n\n<p>La agencia define la <strong>estrategia y la idea<\/strong>, y la productora la ejecuta. En JFT unimos ambos mundos: equipo creativo + equipo de producci\u00f3n. Eso reduce tiempos, evita retrabajos y asegura que la pieza final sea fiel a la estrategia, a la identidad de marca y a los objetivos de negocio.<\/p>\n\n<\/div>\n\t\t<\/div>\n\n<div class=\"wp-block-ub-content-toggle-accordion\" style=\"border-color: #f1f1f1; \" id=\"ub-content-toggle-panel-block-\">\n\t\t\t<div class=\"wp-block-ub-content-toggle-accordion-title-wrap\" style=\"background-color: #f1f1f1;\" aria-controls=\"ub-content-toggle-panel-4-5e2339c7-a424-4684-a982-dd0d29cb9b3c\" tabindex=\"0\">\n\t\t\t<h3 class=\"wp-block-ub-content-toggle-accordion-title ub-content-toggle-title-5e2339c7-a424-4684-a982-dd0d29cb9b3c\" style=\"color: #000000; \">\u00bfCu\u00e1nto cuesta un v\u00eddeo publicitario?<\/h3>\n\t\t\t<div class=\"wp-block-ub-content-toggle-accordion-toggle-wrap right\" style=\"color: #000000;\"><span class=\"wp-block-ub-content-toggle-accordion-state-indicator wp-block-ub-chevron-down\"><\/span><\/div>\n\t\t<\/div>\n\t\t\t<div role=\"region\" aria-expanded=\"false\" class=\"wp-block-ub-content-toggle-accordion-content-wrap ub-hide\" id=\"ub-content-toggle-panel-4-5e2339c7-a424-4684-a982-dd0d29cb9b3c\">\n\n<p>Depende de guion, d\u00edas de rodaje, equipo t\u00e9cnico, talento, localizaciones y postproducci\u00f3n. <br>Cu\u00e9ntanos tu objetivo y ajustamos una <strong>propuesta cerrada<\/strong> a tu presupuesto.<\/p>\n\n<\/div>\n\t\t<\/div>\n\n<div class=\"wp-block-ub-content-toggle-accordion\" style=\"border-color: #f1f1f1; \" id=\"ub-content-toggle-panel-block-\">\n\t\t\t<div class=\"wp-block-ub-content-toggle-accordion-title-wrap\" style=\"background-color: #f1f1f1;\" aria-controls=\"ub-content-toggle-panel-5-5e2339c7-a424-4684-a982-dd0d29cb9b3c\" tabindex=\"0\">\n\t\t\t<h3 class=\"wp-block-ub-content-toggle-accordion-title ub-content-toggle-title-5e2339c7-a424-4684-a982-dd0d29cb9b3c\" style=\"color: #000000; \">\u00bfEn cu\u00e1nto tiempo se entrega un proyecto?<\/h3>\n\t\t\t<div class=\"wp-block-ub-content-toggle-accordion-toggle-wrap right\" style=\"color: #000000;\"><span class=\"wp-block-ub-content-toggle-accordion-state-indicator wp-block-ub-chevron-down\"><\/span><\/div>\n\t\t<\/div>\n\t\t\t<div role=\"region\" aria-expanded=\"false\" class=\"wp-block-ub-content-toggle-accordion-content-wrap ub-hide\" id=\"ub-content-toggle-panel-5-5e2339c7-a424-4684-a982-dd0d29cb9b3c\">\n\n<p>Suele oscilar entre <strong>2 y 6 semanas<\/strong>: 1\u20132 semanas de preproducci\u00f3n (idea, guion, planning), 1\u20133 d\u00edas de rodaje y 1\u20133 semanas de postproducci\u00f3n seg\u00fan duraci\u00f3n, animaciones y revisiones. Si hay fecha clave (lanzamiento, feria, campa\u00f1a), nos organizamos para llegar.<\/p>\n\n\n\n<p>\u00bfTienes un brief o una fecha de lanzamiento? Escr\u00edbenos y preparamos presupuesto y plan de rodaje.<\/p>\n\n<\/div>\n\t\t<\/div>\n<\/div><\/div><\/div>\n<\/div><\/div>\n\n\n\n<div class=\"wp-block-group ntmblock\"><div class=\"wp-block-group__inner-container is-layout-flow wp-block-group-is-layout-flow\">\n<h2 class=\"wp-block-heading has-text-align-center anton\" style=\"font-size:27px\">NUESTRA AGENCIA DE PUBLICIDAD EN ESPA\u00d1A<\/h2>\n\n\n\n<p class=\"has-text-align-left fa fa-phone show\"><a href=\"tel:922508800\" target=\"_blank\" rel=\"noreferrer noopener\">922 50 88 00<\/a><\/p>\n\n\n\n<div style=\"height:0px\" aria-hidden=\"true\" class=\"wp-block-spacer\"><\/div>\n\n\n\n<p class=\"has-text-align-left fa fa-envelope-o show\"><a data-type=\"mailto\" data-id=\"mailto:info@jftcomunicacion.es\" href=\"mailto:info@jftcomunicacion.es\" target=\"_blank\" rel=\"noreferrer noopener\">info@jftcomunicacion.es<\/a><\/p>\n\n\n\n<div class=\"wp-block-columns is-layout-flex wp-container-core-columns-is-layout-28f84493 wp-block-columns-is-layout-flex\">\n<div class=\"wp-block-column is-layout-flow wp-block-column-is-layout-flow\">\n<h3 class=\"wp-block-heading has-text-align-left title_section anton\" style=\"font-size:32px\">ISLAS CANARIAS<\/h3>\n\n\n\n<div class=\"wp-block-group\"><div class=\"wp-block-group__inner-container is-layout-constrained wp-block-group-is-layout-constrained\">\n<p class=\"has-text-align-left fa fa-map-marker show nomargin\" style=\"font-size:18px\">Agencia de Publicidad<\/p>\n\n\n\n<p class=\"has-text-align-left nomargin\" style=\"font-size:18px\"><a href=\"https:\/\/maps.app.goo.gl\/b7JsrPM2NXaHnQyd8\" target=\"_blank\" rel=\"noreferrer noopener\"><strong>JFT Comunicaci\u00f3n Santa Cruz de Tenerife<\/strong><\/a><\/p>\n\n\n\n<p class=\"has-text-align-left has-text-color has-link-color wp-elements-5bdf2498c73ee444cfa5c729c2a7cd31\" style=\"color:#7888ff;margin-top:0px;margin-bottom:0px;font-size:15px\">Puerto Escondido 3, Piso 1\u00ba, <br>38002 Santa Cruz De Tenerife<\/p>\n<\/div><\/div>\n\n\n\n<div class=\"wp-block-group\"><div class=\"wp-block-group__inner-container is-layout-constrained wp-block-group-is-layout-constrained\">\n<p class=\"has-text-align-left fa fa-map-marker show nomargin\" style=\"font-size:18px\">Agencia de Publicidad<\/p>\n\n\n\n<p class=\"has-text-align-left nomargin\" style=\"font-size:18px\"><a href=\"https:\/\/maps.app.goo.gl\/pjtU8RHPKyFSA8Xk7\" target=\"_blank\" rel=\"noreferrer noopener\"><strong>JFT Comunicaci\u00f3n Arona<\/strong><\/a><\/p>\n\n\n\n<p class=\"has-text-align-left has-text-color has-link-color wp-elements-3678261f1e6d666a25be3439eb11a37f\" style=\"color:#7888ff;margin-top:0px;margin-bottom:0px;font-size:15px\">Avenida Bulevar Chajofe, Edificio Ed\u00e9n, Local 11C<br>38650 Arona<\/p>\n<\/div><\/div>\n\n\n\n<div class=\"wp-block-group\"><div class=\"wp-block-group__inner-container is-layout-constrained wp-block-group-is-layout-constrained\">\n<p class=\"has-text-align-left fa fa-map-marker show nomargin\" style=\"font-size:18px\">Agencia de Publicidad<\/p>\n\n\n\n<p class=\"has-text-align-left nomargin\" style=\"font-size:18px\"><a href=\"https:\/\/maps.app.goo.gl\/uMLTi6dv36zkFqnM8\"><strong>JFT Comunicaci\u00f3n Las Palmas de Gran Canaria<\/strong><\/a><\/p>\n\n\n\n<p class=\"has-text-align-left has-text-color has-link-color wp-elements-821251cbaa32718d67f08e63e63b7113\" style=\"color:#7888ff;margin-top:0px;margin-bottom:0px;font-size:15px\">Calle Luis Morote n\u00ba 6, planta 3 oficina 2. <br>35.007 Las Palmas de Gran Canaria<\/p>\n<\/div><\/div>\n<\/div>\n\n\n\n<div class=\"wp-block-column is-layout-flow wp-block-column-is-layout-flow\">\n<h3 class=\"wp-block-heading has-text-align-left title_section anton\" style=\"font-size:32px\">ANDALUC\u00cdA<\/h3>\n\n\n\n<div class=\"wp-block-group\"><div class=\"wp-block-group__inner-container is-layout-constrained wp-block-group-is-layout-constrained\">\n<p class=\"has-text-align-left fa fa-map-marker show nomargin\" style=\"font-size:18px\">Agencia de Publicidad<\/p>\n\n\n\n<p class=\"has-text-align-left nomargin\" style=\"font-size:18px\"><strong><a href=\"https:\/\/maps.app.goo.gl\/hDHDJjPVZTuW7Jjq9\" target=\"_blank\" rel=\"noreferrer noopener\">JFT Comunicaci\u00f3n Sevilla<\/a><\/strong><\/p>\n\n\n\n<p class=\"has-text-align-left has-text-color has-link-color wp-elements-130198b57700a96faa34a1da564c4e8a\" style=\"color:#7888ff;margin-top:0px;margin-bottom:0px;font-size:15px\">Calle Lara\u00f1a 4, Piso 3\u00ba, Sevilla Center,<br>41003 Sevilla<\/p>\n<\/div><\/div>\n\n\n\n<div class=\"wp-block-group\"><div class=\"wp-block-group__inner-container is-layout-constrained wp-block-group-is-layout-constrained\">\n<p class=\"has-text-align-left fa fa-map-marker show nomargin\" style=\"font-size:18px\">Agencia de Publicidad<\/p>\n\n\n\n<p class=\"has-text-align-left nomargin\" style=\"font-size:18px\"><a href=\"https:\/\/maps.app.goo.gl\/RX8P1pT7ZvspBuhF9\" target=\"_blank\" rel=\"noreferrer noopener\"><strong>JFT Comunicaci\u00f3n M\u00e1laga<\/strong><\/a><\/p>\n\n\n\n<p class=\"has-text-align-left has-text-color has-link-color wp-elements-73b25ed090de4d6033e068b19dc6699e\" style=\"color:#7888ff;margin-top:0px;margin-bottom:0px;font-size:15px\">Avda. Comandante Garc\u00eda Morato, s\/n. Planta 3\u00aa, pta. 34. <br>29004 M\u00e1laga<\/p>\n<\/div><\/div>\n<\/div>\n<\/div>\n<\/div><\/div>\n\n\n\n<script type=\"application\/ld+json\">\n{\n  \"@context\": \"https:\/\/schema.org\",\n  \"@type\": \"Service\",\n  \"name\": \"Producci\u00f3n Audiovisual para Publicidad y Redes\",\n  \"description\": \"Producci\u00f3n de v\u00eddeos con alto impacto: spots, piezas para redes y formatos de marca. Coordinamos guion, rodaje y post para asegurar calidad, ritmo y coherencia visual.\",\n  \"url\": \"https:\/\/www.jftcomunicacion.es\/es\/servicios\/agencia-creativa\/produccion-audiovisual\/\",\n  \"serviceType\": \"Productora audiovisual\",\n  \n  \/\/ Define el proveedor como LocalBusiness (Santa Cruz de Tenerife)\n  \"provider\": {\n    \"@type\": \"LocalBusiness\",\n    \"name\": \"JFT Comunicaci\u00f3n Santa Cruz de Tenerife\",\n    \"telephone\": \"+34922508800\",\n    \"email\": \"info@jftcomunicacion.es\",\n    \"priceRange\": \"Bajo Presupuesto\", \n    \"image\": \"https:\/\/www.jftcomunicacion.es\/wp-content\/uploads\/2019\/12\/logo_jftcomunicacion-e1577624338378.png\",\n    \"address\": {\n      \"@type\": \"PostalAddress\",\n      \"streetAddress\": \"Calle Puerto Escondido, 3, Piso 1\u00ba\",\n      \"addressLocality\": \"Santa Cruz de Tenerife\",\n      \"postalCode\": \"38002\",\n      \"addressRegion\": \"Santa Cruz de Tenerife\",\n      \"addressCountry\": \"ES\"\n    }\n  },\n  \n  \/\/ Relaci\u00f3n con el Servicio Padre\n  \"isRelatedTo\": {\n      \"@type\": \"Service\",\n      \"name\": \"Agencia Creativa\",\n      \"url\": \"https:\/\/www.jftcomunicacion.es\/es\/servicios\/agencia-creativa\/\"\n  },\n  \n  \/\/ Rango de Precios y Cat\u00e1logo de Ofertas (Simplificado)\n  \"hasOfferCatalog\": {\n    \"@type\": \"OfferCatalog\",\n    \"name\": \"Formatos de producci\u00f3n\",\n    \"itemListElement\": [\n      { \"@type\": \"Offer\", \"name\": \"Spots publicitarios\" },\n      { \"@type\": \"Offer\", \"name\": \"Piezas para redes sociales\" },\n      { \"@type\": \"Offer\", \"name\": \"Rodaje y postproducci\u00f3n\" }\n    ]\n  },\n  \"offers\": {\n    \"@type\": \"Offer\",\n    \"url\": \"https:\/\/www.jftcomunicacion.es\/es\/contacto\/\",\n    \"price\": \"Consultar\",\n    \"priceCurrency\": \"EUR\",\n    \"priceRange\": \"Bajo Presupuesto\",\n    \"availability\": \"https:\/\/schema.org\/InStock\"\n  }\n}\n<\/script>\n","protected":false},"excerpt":{"rendered":"<p>Producimos videos corporativos, spots de TV o clips de video para campa\u00f1as de Videomarketing en redes.<\/p>\n","protected":false},"featured_media":17464,"parent":11,"menu_order":0,"template":"","class_list":["post-6816","servicios","type-servicios","status-publish","has-post-thumbnail","hentry"],"acf":[],"yoast_head":"<!-- This site is optimized with the Yoast SEO plugin v25.9 - https:\/\/yoast.com\/wordpress\/plugins\/seo\/ -->\n<title>Productora audiovisual en Canarias: v\u00eddeos que impactan y venden<\/title>\n<meta name=\"description\" content=\"Creamos v\u00eddeos corporativos, spots, animaciones y contenido visual que impulsa tu marca. Producci\u00f3n audiovisual profesional desde Canarias\" \/>\n<meta name=\"robots\" content=\"index, follow, max-snippet:-1, max-image-preview:large, max-video-preview:-1\" \/>\n<link rel=\"canonical\" href=\"https:\/\/www.jftcomunicacion.es\/es\/servicios\/agencia-creativa\/produccion-audiovisual\/\" \/>\n<meta property=\"og:locale\" content=\"es_ES\" \/>\n<meta property=\"og:type\" content=\"article\" \/>\n<meta property=\"og:title\" content=\"Productora audiovisual en Canarias: v\u00eddeos que impactan y venden\" \/>\n<meta property=\"og:description\" content=\"Creamos v\u00eddeos corporativos, spots, animaciones y contenido visual que impulsa tu marca. Producci\u00f3n audiovisual profesional desde Canarias\" \/>\n<meta property=\"og:url\" content=\"https:\/\/www.jftcomunicacion.es\/es\/servicios\/agencia-creativa\/produccion-audiovisual\/\" \/>\n<meta property=\"og:site_name\" content=\"Agencia de Publicidad JFT Comunicaci\u00f3n\" \/>\n<meta property=\"article:publisher\" content=\"https:\/\/www.facebook.com\/JFTComunicacion\" \/>\n<meta property=\"article:modified_time\" content=\"2026-04-13T22:38:49+00:00\" \/>\n<meta property=\"og:image\" content=\"https:\/\/www.jftcomunicacion.es\/wp-content\/uploads\/2023\/03\/productora-audiovisual.webp\" \/>\n\t<meta property=\"og:image:width\" content=\"219\" \/>\n\t<meta property=\"og:image:height\" content=\"182\" \/>\n\t<meta property=\"og:image:type\" content=\"image\/webp\" \/>\n<meta name=\"twitter:card\" content=\"summary_large_image\" \/>\n<meta name=\"twitter:label1\" content=\"Tiempo de lectura\" \/>\n\t<meta name=\"twitter:data1\" content=\"4 minutos\" \/>\n<script type=\"application\/ld+json\" class=\"yoast-schema-graph\">{\"@context\":\"https:\/\/schema.org\",\"@graph\":[{\"@type\":\"WebPage\",\"@id\":\"https:\/\/www.jftcomunicacion.es\/es\/servicios\/agencia-creativa\/produccion-audiovisual\/\",\"url\":\"https:\/\/www.jftcomunicacion.es\/es\/servicios\/agencia-creativa\/produccion-audiovisual\/\",\"name\":\"Productora audiovisual en Canarias: v\u00eddeos que impactan y venden\",\"isPartOf\":{\"@id\":\"https:\/\/www.jftcomunicacion.es\/es\/#website\"},\"primaryImageOfPage\":{\"@id\":\"https:\/\/www.jftcomunicacion.es\/es\/servicios\/agencia-creativa\/produccion-audiovisual\/#primaryimage\"},\"image\":{\"@id\":\"https:\/\/www.jftcomunicacion.es\/es\/servicios\/agencia-creativa\/produccion-audiovisual\/#primaryimage\"},\"thumbnailUrl\":\"https:\/\/www.jftcomunicacion.es\/wp-content\/uploads\/2023\/03\/productora-audiovisual.webp\",\"datePublished\":\"2023-03-11T12:23:04+00:00\",\"dateModified\":\"2026-04-13T22:38:49+00:00\",\"description\":\"Creamos v\u00eddeos corporativos, spots, animaciones y contenido visual que impulsa tu marca. Producci\u00f3n audiovisual profesional desde Canarias\",\"breadcrumb\":{\"@id\":\"https:\/\/www.jftcomunicacion.es\/es\/servicios\/agencia-creativa\/produccion-audiovisual\/#breadcrumb\"},\"inLanguage\":\"es\",\"potentialAction\":[{\"@type\":\"ReadAction\",\"target\":[\"https:\/\/www.jftcomunicacion.es\/es\/servicios\/agencia-creativa\/produccion-audiovisual\/\"]}]},{\"@type\":\"ImageObject\",\"inLanguage\":\"es\",\"@id\":\"https:\/\/www.jftcomunicacion.es\/es\/servicios\/agencia-creativa\/produccion-audiovisual\/#primaryimage\",\"url\":\"https:\/\/www.jftcomunicacion.es\/wp-content\/uploads\/2023\/03\/productora-audiovisual.webp\",\"contentUrl\":\"https:\/\/www.jftcomunicacion.es\/wp-content\/uploads\/2023\/03\/productora-audiovisual.webp\",\"width\":219,\"height\":182},{\"@type\":\"BreadcrumbList\",\"@id\":\"https:\/\/www.jftcomunicacion.es\/es\/servicios\/agencia-creativa\/produccion-audiovisual\/#breadcrumb\",\"itemListElement\":[{\"@type\":\"ListItem\",\"position\":1,\"name\":\"Portada\",\"item\":\"https:\/\/www.jftcomunicacion.es\/es\/\"},{\"@type\":\"ListItem\",\"position\":2,\"name\":\"Agencia Creativa\",\"item\":\"https:\/\/www.jftcomunicacion.es\/es\/servicios\/agencia-creativa\/\"},{\"@type\":\"ListItem\",\"position\":3,\"name\":\"Productora audiovisual\"}]},{\"@type\":\"WebSite\",\"@id\":\"https:\/\/www.jftcomunicacion.es\/es\/#website\",\"url\":\"https:\/\/www.jftcomunicacion.es\/es\/\",\"name\":\"JFT Comunicaci\u00f3n\",\"description\":\"Agencia de Publicidad y Marketing Digital\",\"publisher\":{\"@id\":\"https:\/\/www.jftcomunicacion.es\/es\/#organization\"},\"alternateName\":\"Agencia de Publicidad JFT Comunicaci\u00f3n\",\"potentialAction\":[{\"@type\":\"SearchAction\",\"target\":{\"@type\":\"EntryPoint\",\"urlTemplate\":\"https:\/\/www.jftcomunicacion.es\/es\/?s={search_term_string}\"},\"query-input\":{\"@type\":\"PropertyValueSpecification\",\"valueRequired\":true,\"valueName\":\"search_term_string\"}}],\"inLanguage\":\"es\"},{\"@type\":\"Organization\",\"@id\":\"https:\/\/www.jftcomunicacion.es\/es\/#organization\",\"name\":\"JFT Comunicaci\u00f3n\",\"alternateName\":\"Agencia de Publicidad en Canarias\",\"url\":\"https:\/\/www.jftcomunicacion.es\/es\/\",\"logo\":{\"@type\":\"ImageObject\",\"inLanguage\":\"es\",\"@id\":\"https:\/\/www.jftcomunicacion.es\/es\/#\/schema\/logo\/image\/\",\"url\":\"https:\/\/www.jftcomunicacion.es\/wp-content\/uploads\/2019\/12\/logo_jftcomunicacion-e1577624338378.png\",\"contentUrl\":\"https:\/\/www.jftcomunicacion.es\/wp-content\/uploads\/2019\/12\/logo_jftcomunicacion-e1577624338378.png\",\"width\":280,\"height\":168,\"caption\":\"JFT Comunicaci\u00f3n\"},\"image\":{\"@id\":\"https:\/\/www.jftcomunicacion.es\/es\/#\/schema\/logo\/image\/\"},\"sameAs\":[\"https:\/\/www.facebook.com\/JFTComunicacion\",\"https:\/\/www.instagram.com\/jftcomunicacion\/\",\"https:\/\/www.linkedin.com\/company\/jft-comunicacin\/\"]}]}<\/script>\n<!-- \/ Yoast SEO plugin. -->","yoast_head_json":{"title":"Productora audiovisual en Canarias: v\u00eddeos que impactan y venden","description":"Creamos v\u00eddeos corporativos, spots, animaciones y contenido visual que impulsa tu marca. Producci\u00f3n audiovisual profesional desde Canarias","robots":{"index":"index","follow":"follow","max-snippet":"max-snippet:-1","max-image-preview":"max-image-preview:large","max-video-preview":"max-video-preview:-1"},"canonical":"https:\/\/www.jftcomunicacion.es\/es\/servicios\/agencia-creativa\/produccion-audiovisual\/","og_locale":"es_ES","og_type":"article","og_title":"Productora audiovisual en Canarias: v\u00eddeos que impactan y venden","og_description":"Creamos v\u00eddeos corporativos, spots, animaciones y contenido visual que impulsa tu marca. Producci\u00f3n audiovisual profesional desde Canarias","og_url":"https:\/\/www.jftcomunicacion.es\/es\/servicios\/agencia-creativa\/produccion-audiovisual\/","og_site_name":"Agencia de Publicidad JFT Comunicaci\u00f3n","article_publisher":"https:\/\/www.facebook.com\/JFTComunicacion","article_modified_time":"2026-04-13T22:38:49+00:00","og_image":[{"width":219,"height":182,"url":"https:\/\/www.jftcomunicacion.es\/wp-content\/uploads\/2023\/03\/productora-audiovisual.webp","type":"image\/webp"}],"twitter_card":"summary_large_image","twitter_misc":{"Tiempo de lectura":"4 minutos"},"schema":{"@context":"https:\/\/schema.org","@graph":[{"@type":"WebPage","@id":"https:\/\/www.jftcomunicacion.es\/es\/servicios\/agencia-creativa\/produccion-audiovisual\/","url":"https:\/\/www.jftcomunicacion.es\/es\/servicios\/agencia-creativa\/produccion-audiovisual\/","name":"Productora audiovisual en Canarias: v\u00eddeos que impactan y venden","isPartOf":{"@id":"https:\/\/www.jftcomunicacion.es\/es\/#website"},"primaryImageOfPage":{"@id":"https:\/\/www.jftcomunicacion.es\/es\/servicios\/agencia-creativa\/produccion-audiovisual\/#primaryimage"},"image":{"@id":"https:\/\/www.jftcomunicacion.es\/es\/servicios\/agencia-creativa\/produccion-audiovisual\/#primaryimage"},"thumbnailUrl":"https:\/\/www.jftcomunicacion.es\/wp-content\/uploads\/2023\/03\/productora-audiovisual.webp","datePublished":"2023-03-11T12:23:04+00:00","dateModified":"2026-04-13T22:38:49+00:00","description":"Creamos v\u00eddeos corporativos, spots, animaciones y contenido visual que impulsa tu marca. Producci\u00f3n audiovisual profesional desde Canarias","breadcrumb":{"@id":"https:\/\/www.jftcomunicacion.es\/es\/servicios\/agencia-creativa\/produccion-audiovisual\/#breadcrumb"},"inLanguage":"es","potentialAction":[{"@type":"ReadAction","target":["https:\/\/www.jftcomunicacion.es\/es\/servicios\/agencia-creativa\/produccion-audiovisual\/"]}]},{"@type":"ImageObject","inLanguage":"es","@id":"https:\/\/www.jftcomunicacion.es\/es\/servicios\/agencia-creativa\/produccion-audiovisual\/#primaryimage","url":"https:\/\/www.jftcomunicacion.es\/wp-content\/uploads\/2023\/03\/productora-audiovisual.webp","contentUrl":"https:\/\/www.jftcomunicacion.es\/wp-content\/uploads\/2023\/03\/productora-audiovisual.webp","width":219,"height":182},{"@type":"BreadcrumbList","@id":"https:\/\/www.jftcomunicacion.es\/es\/servicios\/agencia-creativa\/produccion-audiovisual\/#breadcrumb","itemListElement":[{"@type":"ListItem","position":1,"name":"Portada","item":"https:\/\/www.jftcomunicacion.es\/es\/"},{"@type":"ListItem","position":2,"name":"Agencia Creativa","item":"https:\/\/www.jftcomunicacion.es\/es\/servicios\/agencia-creativa\/"},{"@type":"ListItem","position":3,"name":"Productora audiovisual"}]},{"@type":"WebSite","@id":"https:\/\/www.jftcomunicacion.es\/es\/#website","url":"https:\/\/www.jftcomunicacion.es\/es\/","name":"JFT Comunicaci\u00f3n","description":"Agencia de Publicidad y Marketing Digital","publisher":{"@id":"https:\/\/www.jftcomunicacion.es\/es\/#organization"},"alternateName":"Agencia de Publicidad JFT Comunicaci\u00f3n","potentialAction":[{"@type":"SearchAction","target":{"@type":"EntryPoint","urlTemplate":"https:\/\/www.jftcomunicacion.es\/es\/?s={search_term_string}"},"query-input":{"@type":"PropertyValueSpecification","valueRequired":true,"valueName":"search_term_string"}}],"inLanguage":"es"},{"@type":"Organization","@id":"https:\/\/www.jftcomunicacion.es\/es\/#organization","name":"JFT Comunicaci\u00f3n","alternateName":"Agencia de Publicidad en Canarias","url":"https:\/\/www.jftcomunicacion.es\/es\/","logo":{"@type":"ImageObject","inLanguage":"es","@id":"https:\/\/www.jftcomunicacion.es\/es\/#\/schema\/logo\/image\/","url":"https:\/\/www.jftcomunicacion.es\/wp-content\/uploads\/2019\/12\/logo_jftcomunicacion-e1577624338378.png","contentUrl":"https:\/\/www.jftcomunicacion.es\/wp-content\/uploads\/2019\/12\/logo_jftcomunicacion-e1577624338378.png","width":280,"height":168,"caption":"JFT Comunicaci\u00f3n"},"image":{"@id":"https:\/\/www.jftcomunicacion.es\/es\/#\/schema\/logo\/image\/"},"sameAs":["https:\/\/www.facebook.com\/JFTComunicacion","https:\/\/www.instagram.com\/jftcomunicacion\/","https:\/\/www.linkedin.com\/company\/jft-comunicacin\/"]}]}},"_links":{"self":[{"href":"https:\/\/www.jftcomunicacion.es\/es\/wp-json\/wp\/v2\/servicios\/6816","targetHints":{"allow":["GET"]}}],"collection":[{"href":"https:\/\/www.jftcomunicacion.es\/es\/wp-json\/wp\/v2\/servicios"}],"about":[{"href":"https:\/\/www.jftcomunicacion.es\/es\/wp-json\/wp\/v2\/types\/servicios"}],"up":[{"embeddable":true,"href":"https:\/\/www.jftcomunicacion.es\/es\/wp-json\/wp\/v2\/servicios\/11"}],"wp:featuredmedia":[{"embeddable":true,"href":"https:\/\/www.jftcomunicacion.es\/es\/wp-json\/wp\/v2\/media\/17464"}],"wp:attachment":[{"href":"https:\/\/www.jftcomunicacion.es\/es\/wp-json\/wp\/v2\/media?parent=6816"}],"curies":[{"name":"wp","href":"https:\/\/api.w.org\/{rel}","templated":true}]}}