{"id":14,"date":"2019-12-22T08:58:08","date_gmt":"2019-12-22T08:58:08","guid":{"rendered":"http:\/\/2020.jftcomunicacion.es\/?post_type=servicios&#038;p=14"},"modified":"2026-03-01T12:51:56","modified_gmt":"2026-03-01T12:51:56","slug":"agencia-de-medios","status":"publish","type":"servicios","link":"https:\/\/www.jftcomunicacion.es\/es\/servicios\/agencia-de-medios\/","title":{"rendered":"Agencia de Medios"},"content":{"rendered":"\n<div class=\"wp-block-group full fullwidth has-background\" style=\"padding-top:80px;padding-bottom:80px;background-image:url(&#039;https:\/\/www.jftcomunicacion.es\/wp-content\/uploads\/2025\/10\/banner-agencia-de-medios.webp&#039;);background-position:50% 50%;background-size:cover;\"><div class=\"wp-block-group__inner-container is-layout-flow wp-block-group-is-layout-flow\">\n<div class=\"wp-block-columns is-layout-flex wp-container-core-columns-is-layout-28f84493 wp-block-columns-is-layout-flex\">\n<div class=\"wp-block-column ltr is-layout-flow wp-block-column-is-layout-flow\" style=\"flex-basis:100%\">\n<div style=\"height:20px\" aria-hidden=\"true\" class=\"wp-block-spacer\"><\/div>\n\n\n\n<h1 class=\"wp-block-heading has-text-align-left anton has-text-color has-link-color wp-elements-e331ce06708f7181f8978a8d2079ca1d\" style=\"color:#7ee9ee;font-size:60px;font-style:normal;font-weight:400;text-transform:uppercase\">AGENCIA <br>DE MEDIOS<\/h1>\n\n\n\n<p class=\"has-white-color has-text-color has-link-color wp-elements-6a6014b47e43724dba4514ad8bdf4ad6\">Agencia de Medios en Canarias<\/p>\n\n\n\n<div class=\"wp-block-buttons is-layout-flex wp-block-buttons-is-layout-flex\">\n<div class=\"wp-block-button\"><a class=\"wp-block-button__link has-black-color has-text-color has-background has-link-color wp-element-button\" href=\"\/contacto\/\" style=\"border-radius:0px;background-color:#7ee9ee\"><strong>Solicita informaci\u00f3n<\/strong><\/a><\/div>\n<\/div>\n<\/div>\n<\/div>\n<\/div><\/div>\n\n\n\n<div class=\"wp-block-group pgroup\"><div class=\"wp-block-group__inner-container is-layout-flow wp-block-group-is-layout-flow\">\n<p class=\"has-text-align-left\">En <strong>JFT Comunicaci\u00f3n<\/strong>, somos tu <strong>agencia de medios en Canarias<\/strong> especializada en planificaci\u00f3n, compra de espacios publicitarios y an\u00e1lisis de tendencias. Utilizamos herramientas clave (Kantar Media, InfoTrack o Tom Micro) para garantizar resultados medibles y mayor visibilidad para tu marca.<\/p>\n\n\n\n<p>Nuestra estrategia de compra abarca todos los canales: gestionamos campa\u00f1as de <strong><a href=\"https:\/\/www.jftcomunicacion.es\/es\/servicios\/agencia-de-medios\/tv\/\">Anuncios de Televisi\u00f3n<\/a><\/strong> y <strong><a href=\"https:\/\/www.jftcomunicacion.es\/es\/servicios\/agencia-de-medios\/radio\/\">Publicidad en Radio<\/a><\/strong>, as\u00ed como en medios impresos como <strong><a href=\"https:\/\/www.jftcomunicacion.es\/es\/servicios\/agencia-de-medios\/prensa\/\">Publicidad en Peri\u00f3dicos<\/a><\/strong> y <strong><a href=\"https:\/\/www.jftcomunicacion.es\/es\/servicios\/agencia-de-medios\/revistas\/\">Publicidad en Revistas<\/a><\/strong>. Tambi\u00e9n incluimos formatos <em>premium<\/em> como la <strong><a href=\"https:\/\/www.jftcomunicacion.es\/es\/servicios\/agencia-de-medios\/cine\/\">Publicidad en el Cine<\/a><\/strong>.<\/p>\n\n\n\n<h2 class=\"wp-block-heading has-text-align-left ltr anton has-large-font-size\" style=\"border-left-color:#7ee9ee;border-left-style:solid;border-left-width:20px;padding-left:20px\">Planes de Medios <br>personalizados para <br>tu marca<\/h2>\n\n\n\n<p class=\"has-text-align-left\">En JFT Comunicaci\u00f3n, como agencia de medios somos especialistas en plani\ufb01caci\u00f3n de medios. Desarrollamos estrategias de publicidad en medios totalmente personalizadas y adaptadas a los objetivos de cada cliente.<\/p>\n<\/div><\/div>\n\n\n\n<div class=\"wp-block-group fullwidth has-background\" style=\"background-color:#7ee9ee;padding-top:40px;padding-right:0px;padding-bottom:40px;padding-left:0px\"><div class=\"wp-block-group__inner-container is-layout-constrained wp-container-core-group-is-layout-16a9324b wp-block-group-is-layout-constrained\">\n<h3 class=\"wp-block-heading has-text-align-center typed anton\">\u00bfListo para que tu marca brille en el mercado?<\/h3>\n\n\n\n<p class=\"has-text-align-center\">Conf\u00eda en JFT comunicaci\u00f3n y da el paso hacia una plani\ufb01caci\u00f3n estrat\u00e9gica que Marca la diferencia.<\/p>\n<\/div><\/div>\n\n\n\n<div class=\"wp-block-group servicios_2025\"><div class=\"wp-block-group__inner-container is-layout-constrained wp-block-group-is-layout-constrained\"><div class=\"query query-grid_auxiliares-wrapper servicios portfolio_slider\">\n\t<div class=\"query-wrapper-content\">\n\t\t\n\t\t\n\t\t<div class=\"query-content\">\n\t\t\t<div class=\"query-unformatted query-grid_auxiliares\">\n\n\n\t\n\n\t\n\n\t\n\n\t\n\n\t\n\n\t<\/div>\n\t\t\t\t\t<\/div>\n\n\t\t\t<\/div>\n<\/div>\n<\/div><\/div>\n\n\n\n<div class=\"wp-block-group\"><div class=\"wp-block-group__inner-container is-layout-constrained wp-block-group-is-layout-constrained\">\n<h2 class=\"wp-block-heading has-text-align-center anton lower hide\">Casos de \u00e9xito de nuestra agencia de medios<\/h2>\n\n\n\n<p class=\"has-text-align-center  hide\">\u00bfQuieres conocer qu\u00e9 podemos hacer por tu marca? A continuaci\u00f3n, te mostramos algunos de nuestros trabajos de publicidad en medios.<\/p>\n<\/div><\/div>\n\n\n\n<div class=\"wp-block-group pgroup hide\"><div class=\"wp-block-group__inner-container is-layout-flow wp-block-group-is-layout-flow\"><div class=\"query query-carrusel-portfolio-wrapper portfolio_slider carousel\">\n\t<div class=\"query-wrapper-content\">\n\t\t\t\t\t<div class=\"query-exposed\">\n\t\t\t\t<form method=\"GET\">\n\t\t\t\t\t\t<div class=\"query-exposed-taxonomy_portfolio_category\">\n\t\t\t\t<!-- exposed-taxonomy_portfolio_category -->\n\t\t\t<div class=\"query-checkboxes \">\n\t\t\t\t\t<label class=\"query-checkbox\" data-id=\"term_45\" >\n\t\t\t\t<input type=\"checkbox\"\n\t\t\t\t       name=\"cat[]\"\n\t\t\t\t       value=\"45\"\n\t\t\t\t\t \/>\n\t\t\t\tDisplay\t\t\t<\/label>\n\t\t\t\t\t\t<label class=\"query-checkbox\" data-id=\"term_23\" >\n\t\t\t\t<input type=\"checkbox\"\n\t\t\t\t       name=\"cat[]\"\n\t\t\t\t       value=\"23\"\n\t\t\t\t\t \/>\n\t\t\t\tDisplay\t\t\t<\/label>\n\t\t\t\t\t\t<label class=\"query-checkbox\" data-id=\"term_19\" >\n\t\t\t\t<input type=\"checkbox\"\n\t\t\t\t       name=\"cat[]\"\n\t\t\t\t       value=\"19\"\n\t\t\t\t\t \/>\n\t\t\t\tGr\u00e1fica\t\t\t<\/label>\n\t\t\t\t\t\t<label class=\"query-checkbox\" data-id=\"term_57\" >\n\t\t\t\t<input type=\"checkbox\"\n\t\t\t\t       name=\"cat[]\"\n\t\t\t\t       value=\"57\"\n\t\t\t\t\t \/>\n\t\t\t\tGraphic\t\t\t<\/label>\n\t\t\t\t\t\t<label class=\"query-checkbox\" data-id=\"term_58\" >\n\t\t\t\t<input type=\"checkbox\"\n\t\t\t\t       name=\"cat[]\"\n\t\t\t\t       value=\"58\"\n\t\t\t\t\t \/>\n\t\t\t\tPackaging\t\t\t<\/label>\n\t\t\t\t\t\t<label class=\"query-checkbox\" data-id=\"term_21\" >\n\t\t\t\t<input type=\"checkbox\"\n\t\t\t\t       name=\"cat[]\"\n\t\t\t\t       value=\"21\"\n\t\t\t\t\t \/>\n\t\t\t\tPackaging\t\t\t<\/label>\n\t\t\t\t\t\t<label class=\"query-checkbox\" data-id=\"term_44\" >\n\t\t\t\t<input type=\"checkbox\"\n\t\t\t\t       name=\"cat[]\"\n\t\t\t\t       value=\"44\"\n\t\t\t\t\t \/>\n\t\t\t\tRRSS\t\t\t<\/label>\n\t\t\t\t\t\t<label class=\"query-checkbox\" data-id=\"term_22\" >\n\t\t\t\t<input type=\"checkbox\"\n\t\t\t\t       name=\"cat[]\"\n\t\t\t\t       value=\"22\"\n\t\t\t\t\t \/>\n\t\t\t\tRRSS\t\t\t<\/label>\n\t\t\t\t\t\t<label class=\"query-checkbox\" data-id=\"term_43\" >\n\t\t\t\t<input type=\"checkbox\"\n\t\t\t\t       name=\"cat[]\"\n\t\t\t\t       value=\"43\"\n\t\t\t\t\t \/>\n\t\t\t\tSpot\t\t\t<\/label>\n\t\t\t\t\t\t<label class=\"query-checkbox\" data-id=\"term_18\" >\n\t\t\t\t<input type=\"checkbox\"\n\t\t\t\t       name=\"cat[]\"\n\t\t\t\t       value=\"18\"\n\t\t\t\t\t \/>\n\t\t\t\tSpot\t\t\t<\/label>\n\t\t\t\t\t\t<label class=\"query-checkbox\" data-id=\"term_52\" >\n\t\t\t\t<input type=\"checkbox\"\n\t\t\t\t       name=\"cat[]\"\n\t\t\t\t       value=\"52\"\n\t\t\t\t\t \/>\n\t\t\t\tWeb\t\t\t<\/label>\n\t\t\t\t\t\t<label class=\"query-checkbox\" data-id=\"term_55\" >\n\t\t\t\t<input type=\"checkbox\"\n\t\t\t\t       name=\"cat[]\"\n\t\t\t\t       value=\"55\"\n\t\t\t\t\t \/>\n\t\t\t\tWeb\t\t\t<\/label>\n\t\t\t\t<\/div>\n\n\t\t\t<\/div>\n\t\t\t\t\t\t<input type=\"submit\" value=\"Submit\"\/>\n\t\t\t\t<\/form>\n\t\t\t<\/div>\n\t\t\n\t\t\n\t\t<div class=\"query-content\">\n\t\t\t<div class=\"query-unformatted query-carrusel-portfolio\">\n\n\n\t\n\n\t\n\n\t\n\n\t\n\n\t\n\n\t\n\n\t\n\n\t\n\n\t\n\n\t<\/div>\n\t\t\t\t\t<\/div>\n\n\t\t\t<\/div>\n<\/div>\n\n\n\n<div style=\"height:20px\" aria-hidden=\"true\" class=\"wp-block-spacer\"><\/div>\n\n\n\n<p class=\"has-text-align-center\"><strong>DESCUBRE M\u00c1S TRABAJOS REALIZADOS POR JFT COMUNICACI\u00d3N<\/strong><\/p>\n<\/div><\/div>\n\n\n\n<div class=\"wp-block-group\"><div class=\"wp-block-group__inner-container is-layout-constrained wp-block-group-is-layout-constrained\">\n<h2 class=\"wp-block-heading has-text-align-center has-medium-font-size\" style=\"margin-bottom:20px;text-transform:uppercase\">Preguntas Frecuentes sobre <strong>AGENCIA DE MEDIOS<\/strong><\/h2>\n<\/div><\/div>\n\n\n\n<div id=\"faqs\" class=\"wp-block-group has-background\" style=\"background-color:#80eaef66;padding-right:20px;padding-left:20px\"><div class=\"wp-block-group__inner-container is-layout-constrained wp-container-core-group-is-layout-3b0f2f7d wp-block-group-is-layout-constrained\">\n<div class=\"wp-block-group\"><div class=\"wp-block-group__inner-container is-layout-constrained wp-block-group-is-layout-constrained\"><div class=\"wp-block-ub-content-toggle wp-block-ub-content-toggle-block\" id=\"ub-content-toggle-block-e0d3749f-4f5e-4b99-89af-a1f309a1a86a\" data-mobilecollapse=\"false\" data-desktopcollapse=\"true\" data-preventcollapse=\"false\" data-showonlyone=\"false\">\n<div class=\"no-border wp-block-ub-content-toggle-accordion\" style=\"border-color: #f1f1f1; \" id=\"ub-content-toggle-panel-block-\">\n\t\t\t<div class=\"wp-block-ub-content-toggle-accordion-title-wrap\" style=\"background-color: #f1f1f1;\" aria-controls=\"ub-content-toggle-panel-0-e0d3749f-4f5e-4b99-89af-a1f309a1a86a\" tabindex=\"0\">\n\t\t\t<p class=\"wp-block-ub-content-toggle-accordion-title ub-content-toggle-title-e0d3749f-4f5e-4b99-89af-a1f309a1a86a\" style=\"color: #000000; \"><strong><strong><strong>\u00bfQu\u00e9 servicios ofrece una agencia de medios como JFT Comunicaci\u00f3n?<\/strong><\/strong><\/strong><\/p>\n\t\t\t<div class=\"wp-block-ub-content-toggle-accordion-toggle-wrap right\" style=\"color: #000000;\"><span class=\"wp-block-ub-content-toggle-accordion-state-indicator wp-block-ub-chevron-down\"><\/span><\/div>\n\t\t<\/div>\n\t\t\t<div role=\"region\" aria-expanded=\"false\" class=\"wp-block-ub-content-toggle-accordion-content-wrap ub-hide\" id=\"ub-content-toggle-panel-0-e0d3749f-4f5e-4b99-89af-a1f309a1a86a\">\n\n<p>En JFT Comunicaci\u00f3n ofrecemos planificaci\u00f3n de medios, negociaci\u00f3n y compra en medios tradicionales (radio, prensa y televisi\u00f3n), as\u00ed como optimizaci\u00f3n de espacios publicitarios para maximizar el impacto de las campa\u00f1as.<\/p>\n\n<\/div>\n\t\t<\/div>\n\n<div class=\"no-border wp-block-ub-content-toggle-accordion\" style=\"border-color: #f1f1f1; \" id=\"ub-content-toggle-panel-block-\">\n\t\t\t<div class=\"wp-block-ub-content-toggle-accordion-title-wrap\" style=\"background-color: #f1f1f1;\" aria-controls=\"ub-content-toggle-panel-1-e0d3749f-4f5e-4b99-89af-a1f309a1a86a\" tabindex=\"0\">\n\t\t\t<p class=\"wp-block-ub-content-toggle-accordion-title ub-content-toggle-title-e0d3749f-4f5e-4b99-89af-a1f309a1a86a\" style=\"color: #000000; \"><strong><strong><strong><strong>\u00bfPor qu\u00e9 es importante contar con una agencia de medios para mi empresa?<\/strong><\/strong><\/strong><\/strong><\/p>\n\t\t\t<div class=\"wp-block-ub-content-toggle-accordion-toggle-wrap right\" style=\"color: #000000;\"><span class=\"wp-block-ub-content-toggle-accordion-state-indicator wp-block-ub-chevron-down\"><\/span><\/div>\n\t\t<\/div>\n\t\t\t<div role=\"region\" aria-expanded=\"false\" class=\"wp-block-ub-content-toggle-accordion-content-wrap ub-hide\" id=\"ub-content-toggle-panel-1-e0d3749f-4f5e-4b99-89af-a1f309a1a86a\">\n\n<p>Una agencia de medios especializada analiza tendencias de mercado, selecciona los canales m\u00e1s efectivos y optimiza el presupuesto publicitario, logrando una mayor visibilidad y rentabilidad de la inversi\u00f3n para tu marca.<\/p>\n\n<\/div>\n\t\t<\/div>\n\n<div class=\"no-border wp-block-ub-content-toggle-accordion\" style=\"border-color: #f1f1f1; \" id=\"ub-content-toggle-panel-block-\">\n\t\t\t<div class=\"wp-block-ub-content-toggle-accordion-title-wrap\" style=\"background-color: #f1f1f1;\" aria-controls=\"ub-content-toggle-panel-2-e0d3749f-4f5e-4b99-89af-a1f309a1a86a\" tabindex=\"0\">\n\t\t\t<p class=\"wp-block-ub-content-toggle-accordion-title ub-content-toggle-title-e0d3749f-4f5e-4b99-89af-a1f309a1a86a\" style=\"color: #000000; \"><strong><strong><strong><strong><strong>\u00bfQu\u00e9 diferencia a JFT Comunicaci\u00f3n de otras agencias de medios en Canarias?<\/strong><\/strong><\/strong><\/strong><\/strong><\/p>\n\t\t\t<div class=\"wp-block-ub-content-toggle-accordion-toggle-wrap right\" style=\"color: #000000;\"><span class=\"wp-block-ub-content-toggle-accordion-state-indicator wp-block-ub-chevron-down\"><\/span><\/div>\n\t\t<\/div>\n\t\t\t<div role=\"region\" aria-expanded=\"false\" class=\"wp-block-ub-content-toggle-accordion-content-wrap ub-hide\" id=\"ub-content-toggle-panel-2-e0d3749f-4f5e-4b99-89af-a1f309a1a86a\">\n\n<p>En nuestra <a href=\"https:\/\/www.jftcomunicacion.es\/es\/\"><strong>agencia de publicidad JFT Comunicaci\u00f3n<\/strong><\/a> combinamos amplia experiencia local, el uso de herramientas de an\u00e1lisis avanzadas (como Kantar Media e InfoTrack) y un enfoque estrat\u00e9gico personalizado para cada cliente, garantizando resultados medibles y efectivos.<\/p>\n\n<\/div>\n\t\t<\/div>\n\n<div class=\"no-border wp-block-ub-content-toggle-accordion\" style=\"border-color: #f1f1f1; \" id=\"ub-content-toggle-panel-block-\">\n\t\t\t<div class=\"wp-block-ub-content-toggle-accordion-title-wrap\" style=\"background-color: #f1f1f1;\" aria-controls=\"ub-content-toggle-panel-3-e0d3749f-4f5e-4b99-89af-a1f309a1a86a\" tabindex=\"0\">\n\t\t\t<p class=\"wp-block-ub-content-toggle-accordion-title ub-content-toggle-title-e0d3749f-4f5e-4b99-89af-a1f309a1a86a\" style=\"color: #000000; \"><strong><strong><strong><strong><strong><strong>\u00bfQu\u00e9 tipo de empresas pueden beneficiarse de los servicios de planificaci\u00f3n de medios?<\/strong><\/strong><\/strong><\/strong><\/strong><\/strong><\/p>\n\t\t\t<div class=\"wp-block-ub-content-toggle-accordion-toggle-wrap right\" style=\"color: #000000;\"><span class=\"wp-block-ub-content-toggle-accordion-state-indicator wp-block-ub-chevron-down\"><\/span><\/div>\n\t\t<\/div>\n\t\t\t<div role=\"region\" aria-expanded=\"false\" class=\"wp-block-ub-content-toggle-accordion-content-wrap ub-hide\" id=\"ub-content-toggle-panel-3-e0d3749f-4f5e-4b99-89af-a1f309a1a86a\">\n\n<p>Trabajamos con todo tipo de negocios: desde peque\u00f1as empresas locales hasta grandes corporaciones que necesitan campa\u00f1as de publicidad estrat\u00e9gica a nivel regional o nacional.<\/p>\n\n<\/div>\n\t\t<\/div>\n\n<div class=\"no-border wp-block-ub-content-toggle-accordion\" style=\"border-color: #f1f1f1; \" id=\"ub-content-toggle-panel-block-\">\n\t\t\t<div class=\"wp-block-ub-content-toggle-accordion-title-wrap\" style=\"background-color: #f1f1f1;\" aria-controls=\"ub-content-toggle-panel-4-e0d3749f-4f5e-4b99-89af-a1f309a1a86a\" tabindex=\"0\">\n\t\t\t<p class=\"wp-block-ub-content-toggle-accordion-title ub-content-toggle-title-e0d3749f-4f5e-4b99-89af-a1f309a1a86a\" style=\"color: #000000; \"><strong><strong><strong><strong><strong><strong><strong>\u00bfC\u00f3mo empieza el proceso de colaboraci\u00f3n con una agencia de medios?<\/strong><\/strong><\/strong><\/strong><\/strong><\/strong><\/strong><\/p>\n\t\t\t<div class=\"wp-block-ub-content-toggle-accordion-toggle-wrap right\" style=\"color: #000000;\"><span class=\"wp-block-ub-content-toggle-accordion-state-indicator wp-block-ub-chevron-down\"><\/span><\/div>\n\t\t<\/div>\n\t\t\t<div role=\"region\" aria-expanded=\"false\" class=\"wp-block-ub-content-toggle-accordion-content-wrap ub-hide\" id=\"ub-content-toggle-panel-4-e0d3749f-4f5e-4b99-89af-a1f309a1a86a\">\n\n<p>El proceso inicia con un an\u00e1lisis de tus necesidades y objetivos comerciales. Posteriormente, dise\u00f1amos un plan de medios personalizado que optimiza tu presupuesto y multiplica las oportunidades de impacto en tu p\u00fablico objetivo.<\/p>\n\n<\/div>\n\t\t<\/div>\n<\/div><\/div><\/div>\n<\/div><\/div>\n\n\n\n<div class=\"wp-block-group ntmblock\"><div class=\"wp-block-group__inner-container is-layout-flow wp-block-group-is-layout-flow\">\n<h2 class=\"wp-block-heading has-text-align-center anton\" style=\"font-size:27px\">NUESTRA AGENCIA DE PUBLICIDAD EN ESPA\u00d1A<\/h2>\n\n\n\n<p class=\"has-text-align-left fa fa-phone show\"><a href=\"tel:922508800\" target=\"_blank\" rel=\"noreferrer noopener\">922 50 88 00<\/a><\/p>\n\n\n\n<div style=\"height:0px\" aria-hidden=\"true\" class=\"wp-block-spacer\"><\/div>\n\n\n\n<p class=\"has-text-align-left fa fa-envelope-o show\"><a data-type=\"mailto\" data-id=\"mailto:info@jftcomunicacion.es\" href=\"mailto:info@jftcomunicacion.es\" target=\"_blank\" rel=\"noreferrer noopener\">info@jftcomunicacion.es<\/a><\/p>\n\n\n\n<div class=\"wp-block-columns is-layout-flex wp-container-core-columns-is-layout-28f84493 wp-block-columns-is-layout-flex\">\n<div class=\"wp-block-column is-layout-flow wp-block-column-is-layout-flow\">\n<h3 class=\"wp-block-heading has-text-align-left title_section anton\" style=\"font-size:32px\">ISLAS CANARIAS<\/h3>\n\n\n\n<div class=\"wp-block-group\"><div class=\"wp-block-group__inner-container is-layout-constrained wp-block-group-is-layout-constrained\">\n<p class=\"has-text-align-left fa fa-map-marker show nomargin\" style=\"font-size:18px\">Agencia de Publicidad<\/p>\n\n\n\n<p class=\"has-text-align-left nomargin\" style=\"font-size:18px\"><a href=\"https:\/\/maps.app.goo.gl\/b7JsrPM2NXaHnQyd8\" target=\"_blank\" rel=\"noreferrer noopener\"><strong>JFT Comunicaci\u00f3n Santa Cruz de Tenerife<\/strong><\/a><\/p>\n\n\n\n<p class=\"has-text-align-left has-text-color has-link-color wp-elements-5bdf2498c73ee444cfa5c729c2a7cd31\" style=\"color:#7888ff;margin-top:0px;margin-bottom:0px;font-size:15px\">Puerto Escondido 3, Piso 1\u00ba, <br>38002 Santa Cruz De Tenerife<\/p>\n<\/div><\/div>\n\n\n\n<div class=\"wp-block-group\"><div class=\"wp-block-group__inner-container is-layout-constrained wp-block-group-is-layout-constrained\">\n<p class=\"has-text-align-left fa fa-map-marker show nomargin\" style=\"font-size:18px\">Agencia de Publicidad<\/p>\n\n\n\n<p class=\"has-text-align-left nomargin\" style=\"font-size:18px\"><a href=\"https:\/\/maps.app.goo.gl\/pjtU8RHPKyFSA8Xk7\" target=\"_blank\" rel=\"noreferrer noopener\"><strong>JFT Comunicaci\u00f3n Arona<\/strong><\/a><\/p>\n\n\n\n<p class=\"has-text-align-left has-text-color has-link-color wp-elements-3678261f1e6d666a25be3439eb11a37f\" style=\"color:#7888ff;margin-top:0px;margin-bottom:0px;font-size:15px\">Avenida Bulevar Chajofe, Edificio Ed\u00e9n, Local 11C<br>38650 Arona<\/p>\n<\/div><\/div>\n\n\n\n<div class=\"wp-block-group\"><div class=\"wp-block-group__inner-container is-layout-constrained wp-block-group-is-layout-constrained\">\n<p class=\"has-text-align-left fa fa-map-marker show nomargin\" style=\"font-size:18px\">Agencia de Publicidad<\/p>\n\n\n\n<p class=\"has-text-align-left nomargin\" style=\"font-size:18px\"><a href=\"https:\/\/maps.app.goo.gl\/uMLTi6dv36zkFqnM8\"><strong>JFT Comunicaci\u00f3n Las Palmas de Gran Canaria<\/strong><\/a><\/p>\n\n\n\n<p class=\"has-text-align-left has-text-color has-link-color wp-elements-821251cbaa32718d67f08e63e63b7113\" style=\"color:#7888ff;margin-top:0px;margin-bottom:0px;font-size:15px\">Calle Luis Morote n\u00ba 6, planta 3 oficina 2. <br>35.007 Las Palmas de Gran Canaria<\/p>\n<\/div><\/div>\n<\/div>\n\n\n\n<div class=\"wp-block-column is-layout-flow wp-block-column-is-layout-flow\">\n<h3 class=\"wp-block-heading has-text-align-left title_section anton\" style=\"font-size:32px\">ANDALUC\u00cdA<\/h3>\n\n\n\n<div class=\"wp-block-group\"><div class=\"wp-block-group__inner-container is-layout-constrained wp-block-group-is-layout-constrained\">\n<p class=\"has-text-align-left fa fa-map-marker show nomargin\" style=\"font-size:18px\">Agencia de Publicidad<\/p>\n\n\n\n<p class=\"has-text-align-left nomargin\" style=\"font-size:18px\"><strong><a href=\"https:\/\/maps.app.goo.gl\/hDHDJjPVZTuW7Jjq9\" target=\"_blank\" rel=\"noreferrer noopener\">JFT Comunicaci\u00f3n Sevilla<\/a><\/strong><\/p>\n\n\n\n<p class=\"has-text-align-left has-text-color has-link-color wp-elements-130198b57700a96faa34a1da564c4e8a\" style=\"color:#7888ff;margin-top:0px;margin-bottom:0px;font-size:15px\">Calle Lara\u00f1a 4, Piso 3\u00ba, Sevilla Center,<br>41003 Sevilla<\/p>\n<\/div><\/div>\n\n\n\n<div class=\"wp-block-group\"><div class=\"wp-block-group__inner-container is-layout-constrained wp-block-group-is-layout-constrained\">\n<p class=\"has-text-align-left fa fa-map-marker show nomargin\" style=\"font-size:18px\">Agencia de Publicidad<\/p>\n\n\n\n<p class=\"has-text-align-left nomargin\" style=\"font-size:18px\"><a href=\"https:\/\/maps.app.goo.gl\/RX8P1pT7ZvspBuhF9\" target=\"_blank\" rel=\"noreferrer noopener\"><strong>JFT Comunicaci\u00f3n M\u00e1laga<\/strong><\/a><\/p>\n\n\n\n<p class=\"has-text-align-left has-text-color has-link-color wp-elements-73b25ed090de4d6033e068b19dc6699e\" style=\"color:#7888ff;margin-top:0px;margin-bottom:0px;font-size:15px\">Avda. Comandante Garc\u00eda Morato, s\/n. Planta 3\u00aa, pta. 34. <br>29004 M\u00e1laga<\/p>\n<\/div><\/div>\n<\/div>\n<\/div>\n<\/div><\/div>\n\n\n\n<script type=\"application\/ld+json\">\n{\n  \"@context\": \"https:\/\/schema.org\",\n  \"@type\": \"Service\",\n  \"@id\": \"https:\/\/www.jftcomunicacion.es\/es\/servicios\/agencia-de-medios\/#service\",\n  \"name\": \"Agencia de Medios en Canarias\",\n  \"description\": \"Planificaci\u00f3n estrat\u00e9gica de medios, compra de espacios publicitarios, y an\u00e1lisis de tendencias. Gestionamos campa\u00f1as en televisi\u00f3n, radio, prensa y cine.\",\n  \"url\": \"https:\/\/www.jftcomunicacion.es\/es\/servicios\/agencia-de-medios\/\",\n  \"serviceType\": \"Media Planning and Buying\",\n  \n  \"priceRange\": \"Bajo Presupuesto\",\n  \"image\": \"https:\/\/www.jftcomunicacion.es\/wp-content\/uploads\/2019\/12\/logo_jftcomunicacion-e1577624338378.png\", \n  \n  \/\/ Cat\u00e1logo de Ofertas (P\u00e1ginas Hijas)\n  \"hasOfferCatalog\": {\n    \"@type\": \"OfferCatalog\",\n    \"name\": \"Formatos de Publicidad\",\n    \"itemListElement\": [\n      { \"@type\": \"Offer\", \"name\": \"Anuncios de Televisi\u00f3n\", \"url\": \"https:\/\/www.jftcomunicacion.es\/es\/servicios\/agencia-de-medios\/anuncios-de-television\/\" },\n      { \"@type\": \"Offer\", \"name\": \"Publicidad en Radio\", \"url\": \"https:\/\/www.jftcomunicacion.es\/es\/servicios\/agencia-de-medios\/publicidad-en-radio\/\" },\n      { \"@type\": \"Offer\", \"name\": \"Publicidad en Peri\u00f3dicos\", \"url\": \"https:\/\/www.jftcomunicacion.es\/es\/servicios\/agencia-de-medios\/publicidad-en-periodicos\/\" },\n      { \"@type\": \"Offer\", \"name\": \"Publicidad en Revistas\", \"url\": \"https:\/\/www.jftcomunicacion.es\/es\/servicios\/agencia-de-medios\/publicidad-en-revistas\/\" },\n      { \"@type\": \"Offer\", \"name\": \"Publicidad en el Cine\", \"url\": \"https:\/\/www.jftcomunicacion.es\/es\/servicios\/agencia-de-medios\/publicidad-en-el-cine\/\" }\n    ]\n  },\n  \n  \/\/ =======================================================================\n  \/\/ INCLUSI\u00d3N DE LAS 5 OFICINAS (LOCALBUSINESS) DENTRO DEL SERVICE AREA\n  \/\/ =======================================================================\n  \"serviceArea\": [\n    \/\/ 1. SANTA CRUZ DE TENERIFE\n    {\n      \"@type\": \"LocalBusiness\", \"name\": \"JFT Comunicaci\u00f3n Santa Cruz de Tenerife\", \"telephone\": \"+34922508800\", \"priceRange\": \"Bajo Presupuesto\", \"image\": \"https:\/\/www.jftcomunicacion.es\/wp-content\/uploads\/2019\/12\/logo_jftcomunicacion-e1577624338378.png\",\n      \"address\": { \"@type\": \"PostalAddress\", \"streetAddress\": \"C. Puerto Escondido, 3, Piso 1\u00ba\", \"addressLocality\": \"Santa Cruz de Tenerife\", \"postalCode\": \"38002\", \"addressRegion\": \"Santa Cruz de Tenerife\", \"addressCountry\": \"ES\" },\n      \"geo\": { \"@type\": \"GeoCoordinates\", \"latitude\": 28.471647, \"longitude\": -16.257577 }\n    },\n    \/\/ 2. ARONA (Los Cristianos)\n    {\n      \"@type\": \"LocalBusiness\", \"name\": \"JFT Comunicaci\u00f3n Arona\", \"telephone\": \"+34922508800\", \"priceRange\": \"Bajo Presupuesto\", \"image\": \"https:\/\/www.jftcomunicacion.es\/wp-content\/uploads\/2019\/12\/logo_jftcomunicacion-e1577624338378.png\",\n      \"address\": { \"@type\": \"PostalAddress\", \"streetAddress\": \"Edificio Ed\u00e9n, Bulevar Chajofe, Local 11C\", \"addressLocality\": \"Los Cristianos\", \"postalCode\": \"38650\", \"addressRegion\": \"Santa Cruz de Tenerife\", \"addressCountry\": \"ES\" },\n      \"geo\": { \"@type\": \"GeoCoordinates\", \"latitude\": 28.053155, \"longitude\": -16.718873 }\n    },\n    \/\/ 3. LAS PALMAS DE GRAN CANARIA\n    {\n      \"@type\": \"LocalBusiness\", \"name\": \"JFT Comunicaci\u00f3n Las Palmas de Gran Canaria\", \"telephone\": \"+34922508800\", \"priceRange\": \"Bajo Presupuesto\", \"image\": \"https:\/\/www.jftcomunicacion.es\/wp-content\/uploads\/2019\/12\/logo_jftcomunicacion-e1577624338378.png\",\n      \"address\": { \"@type\": \"PostalAddress\", \"streetAddress\": \"C. Luis Morote n\u00b0 6, planta 3 oficina 2\", \"addressLocality\": \"Las Palmas de Gran Canaria\", \"postalCode\": \"35007\", \"addressRegion\": \"Las Palmas\", \"addressCountry\": \"ES\" },\n      \"geo\": { \"@type\": \"GeoCoordinates\", \"latitude\": 28.140801, \"longitude\": -15.429074 }\n    },\n    \/\/ 4. SEVILLA\n    {\n      \"@type\": \"LocalBusiness\", \"name\": \"JFT Comunicaci\u00f3n Sevilla\", \"telephone\": \"+34922508800\", \"priceRange\": \"Bajo Presupuesto\", \"image\": \"https:\/\/www.jftcomunicacion.es\/wp-content\/uploads\/2019\/12\/logo_jftcomunicacion-e1577624338378.png\",\n      \"address\": { \"@type\": \"PostalAddress\", \"streetAddress\": \"Torre 5, 2\u00aa planta, oficina 10, Parque Empresarial Torneo (C. Astronom\u00eda, 1)\", \"addressLocality\": \"Sevilla\", \"postalCode\": \"41003\", \"addressRegion\": \"Sevilla\", \"addressCountry\": \"ES\" },\n      \"geo\": { \"@type\": \"GeoCoordinates\", \"latitude\": 37.404543, \"longitude\": -5.993077 }\n    },\n    \/\/ 5. M\u00c1LAGA\n    {\n      \"@type\": \"LocalBusiness\", \"name\": \"JFT Comunicaci\u00f3n M\u00e1laga (Aeropuerto)\", \"telephone\": \"+34922508800\", \"priceRange\": \"Bajo Presupuesto\", \"image\": \"https:\/\/www.jftcomunicacion.es\/wp-content\/uploads\/2019\/12\/logo_jftcomunicacion-e1577624338378.png\",\n      \"address\": { \"@type\": \"PostalAddress\", \"streetAddress\": \"Aeropuerto de M\u00e1laga Costa del Sol, Terminal 3 oficina 34, Av. Comandante Garc\u00eda Morato s\/n\", \"addressLocality\": \"M\u00e1laga\", \"postalCode\": \"29004\", \"addressRegion\": \"M\u00e1laga\", \"addressCountry\": \"ES\" },\n      \"geo\": { \"@type\": \"GeoCoordinates\", \"latitude\": 36.680608, \"longitude\": -4.488358 }\n    }\n  ]\n}\n<\/script>\n","protected":false},"excerpt":{"rendered":"<p>Planificaci\u00f3n y gesti\u00f3n de compra de los medios ideales para tu campa\u00f1a a nivel local o nacional.<\/p>\n","protected":false},"featured_media":11606,"parent":0,"menu_order":0,"template":"","class_list":["post-14","servicios","type-servicios","status-publish","has-post-thumbnail","hentry"],"acf":[],"yoast_head":"<!-- This site is optimized with the Yoast SEO plugin v25.9 - https:\/\/yoast.com\/wordpress\/plugins\/seo\/ -->\n<title>Agencia de Medios: Estrategias Publicitarias para tu Marca \ud83d\ude80<\/title>\n<meta name=\"description\" content=\"Nuestra agencia de medios gestiona campa\u00f1as en TV, radio, digital y prensa para maximizar tu impacto. \ud83d\ude80 \u00a1Descubre m\u00e1s aqu\u00ed! \ud83d\udc49\" \/>\n<meta name=\"robots\" content=\"index, follow, max-snippet:-1, max-image-preview:large, max-video-preview:-1\" \/>\n<link rel=\"canonical\" href=\"https:\/\/www.jftcomunicacion.es\/es\/servicios\/agencia-de-medios\/\" \/>\n<meta property=\"og:locale\" content=\"es_ES\" \/>\n<meta property=\"og:type\" content=\"article\" \/>\n<meta property=\"og:title\" content=\"Agencia de Medios: Estrategias Publicitarias para tu Marca \ud83d\ude80\" \/>\n<meta property=\"og:description\" content=\"Nuestra agencia de medios gestiona campa\u00f1as en TV, radio, digital y prensa para maximizar tu impacto. \ud83d\ude80 \u00a1Descubre m\u00e1s aqu\u00ed! \ud83d\udc49\" \/>\n<meta property=\"og:url\" content=\"https:\/\/www.jftcomunicacion.es\/es\/servicios\/agencia-de-medios\/\" \/>\n<meta property=\"og:site_name\" content=\"Agencia de Publicidad JFT Comunicaci\u00f3n\" \/>\n<meta property=\"article:publisher\" content=\"https:\/\/www.facebook.com\/JFTComunicacion\" \/>\n<meta property=\"article:modified_time\" content=\"2026-03-01T12:51:56+00:00\" \/>\n<meta property=\"og:image\" content=\"https:\/\/www.jftcomunicacion.es\/wp-content\/uploads\/2019\/12\/medios.webp\" \/>\n\t<meta property=\"og:image:width\" content=\"300\" \/>\n\t<meta property=\"og:image:height\" content=\"300\" \/>\n\t<meta property=\"og:image:type\" content=\"image\/webp\" \/>\n<meta name=\"twitter:card\" content=\"summary_large_image\" \/>\n<meta name=\"twitter:label1\" content=\"Tiempo de lectura\" \/>\n\t<meta name=\"twitter:data1\" content=\"3 minutos\" \/>\n<script type=\"application\/ld+json\" class=\"yoast-schema-graph\">{\"@context\":\"https:\/\/schema.org\",\"@graph\":[{\"@type\":\"WebPage\",\"@id\":\"https:\/\/www.jftcomunicacion.es\/es\/servicios\/agencia-de-medios\/\",\"url\":\"https:\/\/www.jftcomunicacion.es\/es\/servicios\/agencia-de-medios\/\",\"name\":\"Agencia de Medios: Estrategias Publicitarias para tu Marca \ud83d\ude80\",\"isPartOf\":{\"@id\":\"https:\/\/www.jftcomunicacion.es\/es\/#website\"},\"primaryImageOfPage\":{\"@id\":\"https:\/\/www.jftcomunicacion.es\/es\/servicios\/agencia-de-medios\/#primaryimage\"},\"image\":{\"@id\":\"https:\/\/www.jftcomunicacion.es\/es\/servicios\/agencia-de-medios\/#primaryimage\"},\"thumbnailUrl\":\"https:\/\/www.jftcomunicacion.es\/wp-content\/uploads\/2019\/12\/medios.webp\",\"datePublished\":\"2019-12-22T08:58:08+00:00\",\"dateModified\":\"2026-03-01T12:51:56+00:00\",\"description\":\"Nuestra agencia de medios gestiona campa\u00f1as en TV, radio, digital y prensa para maximizar tu impacto. \ud83d\ude80 \u00a1Descubre m\u00e1s aqu\u00ed! \ud83d\udc49\",\"breadcrumb\":{\"@id\":\"https:\/\/www.jftcomunicacion.es\/es\/servicios\/agencia-de-medios\/#breadcrumb\"},\"inLanguage\":\"es\",\"potentialAction\":[{\"@type\":\"ReadAction\",\"target\":[\"https:\/\/www.jftcomunicacion.es\/es\/servicios\/agencia-de-medios\/\"]}]},{\"@type\":\"ImageObject\",\"inLanguage\":\"es\",\"@id\":\"https:\/\/www.jftcomunicacion.es\/es\/servicios\/agencia-de-medios\/#primaryimage\",\"url\":\"https:\/\/www.jftcomunicacion.es\/wp-content\/uploads\/2019\/12\/medios.webp\",\"contentUrl\":\"https:\/\/www.jftcomunicacion.es\/wp-content\/uploads\/2019\/12\/medios.webp\",\"width\":300,\"height\":300,\"caption\":\"servicios-una-agencia-publicidad\"},{\"@type\":\"BreadcrumbList\",\"@id\":\"https:\/\/www.jftcomunicacion.es\/es\/servicios\/agencia-de-medios\/#breadcrumb\",\"itemListElement\":[{\"@type\":\"ListItem\",\"position\":1,\"name\":\"Portada\",\"item\":\"https:\/\/www.jftcomunicacion.es\/es\/\"},{\"@type\":\"ListItem\",\"position\":2,\"name\":\"Agencia de Medios\"}]},{\"@type\":\"WebSite\",\"@id\":\"https:\/\/www.jftcomunicacion.es\/es\/#website\",\"url\":\"https:\/\/www.jftcomunicacion.es\/es\/\",\"name\":\"JFT Comunicaci\u00f3n\",\"description\":\"Agencia de Publicidad y Marketing Digital\",\"publisher\":{\"@id\":\"https:\/\/www.jftcomunicacion.es\/es\/#organization\"},\"alternateName\":\"Agencia de Publicidad JFT Comunicaci\u00f3n\",\"potentialAction\":[{\"@type\":\"SearchAction\",\"target\":{\"@type\":\"EntryPoint\",\"urlTemplate\":\"https:\/\/www.jftcomunicacion.es\/es\/?s={search_term_string}\"},\"query-input\":{\"@type\":\"PropertyValueSpecification\",\"valueRequired\":true,\"valueName\":\"search_term_string\"}}],\"inLanguage\":\"es\"},{\"@type\":\"Organization\",\"@id\":\"https:\/\/www.jftcomunicacion.es\/es\/#organization\",\"name\":\"JFT Comunicaci\u00f3n\",\"alternateName\":\"Agencia de Publicidad en Canarias\",\"url\":\"https:\/\/www.jftcomunicacion.es\/es\/\",\"logo\":{\"@type\":\"ImageObject\",\"inLanguage\":\"es\",\"@id\":\"https:\/\/www.jftcomunicacion.es\/es\/#\/schema\/logo\/image\/\",\"url\":\"https:\/\/www.jftcomunicacion.es\/wp-content\/uploads\/2019\/12\/logo_jftcomunicacion-e1577624338378.png\",\"contentUrl\":\"https:\/\/www.jftcomunicacion.es\/wp-content\/uploads\/2019\/12\/logo_jftcomunicacion-e1577624338378.png\",\"width\":280,\"height\":168,\"caption\":\"JFT Comunicaci\u00f3n\"},\"image\":{\"@id\":\"https:\/\/www.jftcomunicacion.es\/es\/#\/schema\/logo\/image\/\"},\"sameAs\":[\"https:\/\/www.facebook.com\/JFTComunicacion\",\"https:\/\/www.instagram.com\/jftcomunicacion\/\",\"https:\/\/www.linkedin.com\/company\/jft-comunicacin\/\"]}]}<\/script>\n<!-- \/ Yoast SEO plugin. -->","yoast_head_json":{"title":"Agencia de Medios: Estrategias Publicitarias para tu Marca \ud83d\ude80","description":"Nuestra agencia de medios gestiona campa\u00f1as en TV, radio, digital y prensa para maximizar tu impacto. \ud83d\ude80 \u00a1Descubre m\u00e1s aqu\u00ed! \ud83d\udc49","robots":{"index":"index","follow":"follow","max-snippet":"max-snippet:-1","max-image-preview":"max-image-preview:large","max-video-preview":"max-video-preview:-1"},"canonical":"https:\/\/www.jftcomunicacion.es\/es\/servicios\/agencia-de-medios\/","og_locale":"es_ES","og_type":"article","og_title":"Agencia de Medios: Estrategias Publicitarias para tu Marca \ud83d\ude80","og_description":"Nuestra agencia de medios gestiona campa\u00f1as en TV, radio, digital y prensa para maximizar tu impacto. \ud83d\ude80 \u00a1Descubre m\u00e1s aqu\u00ed! \ud83d\udc49","og_url":"https:\/\/www.jftcomunicacion.es\/es\/servicios\/agencia-de-medios\/","og_site_name":"Agencia de Publicidad JFT Comunicaci\u00f3n","article_publisher":"https:\/\/www.facebook.com\/JFTComunicacion","article_modified_time":"2026-03-01T12:51:56+00:00","og_image":[{"width":300,"height":300,"url":"https:\/\/www.jftcomunicacion.es\/wp-content\/uploads\/2019\/12\/medios.webp","type":"image\/webp"}],"twitter_card":"summary_large_image","twitter_misc":{"Tiempo de lectura":"3 minutos"},"schema":{"@context":"https:\/\/schema.org","@graph":[{"@type":"WebPage","@id":"https:\/\/www.jftcomunicacion.es\/es\/servicios\/agencia-de-medios\/","url":"https:\/\/www.jftcomunicacion.es\/es\/servicios\/agencia-de-medios\/","name":"Agencia de Medios: Estrategias Publicitarias para tu Marca \ud83d\ude80","isPartOf":{"@id":"https:\/\/www.jftcomunicacion.es\/es\/#website"},"primaryImageOfPage":{"@id":"https:\/\/www.jftcomunicacion.es\/es\/servicios\/agencia-de-medios\/#primaryimage"},"image":{"@id":"https:\/\/www.jftcomunicacion.es\/es\/servicios\/agencia-de-medios\/#primaryimage"},"thumbnailUrl":"https:\/\/www.jftcomunicacion.es\/wp-content\/uploads\/2019\/12\/medios.webp","datePublished":"2019-12-22T08:58:08+00:00","dateModified":"2026-03-01T12:51:56+00:00","description":"Nuestra agencia de medios gestiona campa\u00f1as en TV, radio, digital y prensa para maximizar tu impacto. \ud83d\ude80 \u00a1Descubre m\u00e1s aqu\u00ed! \ud83d\udc49","breadcrumb":{"@id":"https:\/\/www.jftcomunicacion.es\/es\/servicios\/agencia-de-medios\/#breadcrumb"},"inLanguage":"es","potentialAction":[{"@type":"ReadAction","target":["https:\/\/www.jftcomunicacion.es\/es\/servicios\/agencia-de-medios\/"]}]},{"@type":"ImageObject","inLanguage":"es","@id":"https:\/\/www.jftcomunicacion.es\/es\/servicios\/agencia-de-medios\/#primaryimage","url":"https:\/\/www.jftcomunicacion.es\/wp-content\/uploads\/2019\/12\/medios.webp","contentUrl":"https:\/\/www.jftcomunicacion.es\/wp-content\/uploads\/2019\/12\/medios.webp","width":300,"height":300,"caption":"servicios-una-agencia-publicidad"},{"@type":"BreadcrumbList","@id":"https:\/\/www.jftcomunicacion.es\/es\/servicios\/agencia-de-medios\/#breadcrumb","itemListElement":[{"@type":"ListItem","position":1,"name":"Portada","item":"https:\/\/www.jftcomunicacion.es\/es\/"},{"@type":"ListItem","position":2,"name":"Agencia de Medios"}]},{"@type":"WebSite","@id":"https:\/\/www.jftcomunicacion.es\/es\/#website","url":"https:\/\/www.jftcomunicacion.es\/es\/","name":"JFT Comunicaci\u00f3n","description":"Agencia de Publicidad y Marketing Digital","publisher":{"@id":"https:\/\/www.jftcomunicacion.es\/es\/#organization"},"alternateName":"Agencia de Publicidad JFT Comunicaci\u00f3n","potentialAction":[{"@type":"SearchAction","target":{"@type":"EntryPoint","urlTemplate":"https:\/\/www.jftcomunicacion.es\/es\/?s={search_term_string}"},"query-input":{"@type":"PropertyValueSpecification","valueRequired":true,"valueName":"search_term_string"}}],"inLanguage":"es"},{"@type":"Organization","@id":"https:\/\/www.jftcomunicacion.es\/es\/#organization","name":"JFT Comunicaci\u00f3n","alternateName":"Agencia de Publicidad en Canarias","url":"https:\/\/www.jftcomunicacion.es\/es\/","logo":{"@type":"ImageObject","inLanguage":"es","@id":"https:\/\/www.jftcomunicacion.es\/es\/#\/schema\/logo\/image\/","url":"https:\/\/www.jftcomunicacion.es\/wp-content\/uploads\/2019\/12\/logo_jftcomunicacion-e1577624338378.png","contentUrl":"https:\/\/www.jftcomunicacion.es\/wp-content\/uploads\/2019\/12\/logo_jftcomunicacion-e1577624338378.png","width":280,"height":168,"caption":"JFT Comunicaci\u00f3n"},"image":{"@id":"https:\/\/www.jftcomunicacion.es\/es\/#\/schema\/logo\/image\/"},"sameAs":["https:\/\/www.facebook.com\/JFTComunicacion","https:\/\/www.instagram.com\/jftcomunicacion\/","https:\/\/www.linkedin.com\/company\/jft-comunicacin\/"]}]}},"_links":{"self":[{"href":"https:\/\/www.jftcomunicacion.es\/es\/wp-json\/wp\/v2\/servicios\/14","targetHints":{"allow":["GET"]}}],"collection":[{"href":"https:\/\/www.jftcomunicacion.es\/es\/wp-json\/wp\/v2\/servicios"}],"about":[{"href":"https:\/\/www.jftcomunicacion.es\/es\/wp-json\/wp\/v2\/types\/servicios"}],"wp:featuredmedia":[{"embeddable":true,"href":"https:\/\/www.jftcomunicacion.es\/es\/wp-json\/wp\/v2\/media\/11606"}],"wp:attachment":[{"href":"https:\/\/www.jftcomunicacion.es\/es\/wp-json\/wp\/v2\/media?parent=14"}],"curies":[{"name":"wp","href":"https:\/\/api.w.org\/{rel}","templated":true}]}}