{"id":11891,"date":"2024-05-26T11:46:39","date_gmt":"2024-05-26T11:46:39","guid":{"rendered":"https:\/\/www.jftcomunicacion.es\/servicios\/publicidad-aeropuerto-lazarote-2-2\/"},"modified":"2026-04-13T22:11:42","modified_gmt":"2026-04-13T22:11:42","slug":"publicidad-aeropuerto-fuerteventura","status":"publish","type":"servicios","link":"https:\/\/www.jftcomunicacion.es\/es\/servicios\/publicidad-aeropuerto-fuerteventura\/","title":{"rendered":"Publicidad en el aeropuerto de Fuerteventura"},"content":{"rendered":"\n<div class=\"wp-block-group full fullwidth has-background\" style=\"padding-top:80px;padding-bottom:80px;background-image:url(&#039;https:\/\/www.jftcomunicacion.es\/wp-content\/uploads\/2026\/01\/banner-aeropuertos.webp&#039;);background-position:50% 50%;background-size:cover;\"><div class=\"wp-block-group__inner-container is-layout-flow wp-block-group-is-layout-flow\">\n<div class=\"wp-block-columns is-layout-flex wp-container-core-columns-is-layout-28f84493 wp-block-columns-is-layout-flex\">\n<div class=\"wp-block-column ltr is-layout-flow wp-block-column-is-layout-flow\" style=\"flex-basis:100%\">\n<h1 class=\"wp-block-heading has-text-align-left anton has-text-color has-link-color wp-elements-dd8991fc08190e42aa60967fa8195e5f\" style=\"color:#7ee9ee;font-size:60px;font-style:normal;font-weight:400\">PUBLICIDAD EN EL <br>AEROPUERTO DE <br>FUERTEVENTURA<\/h1>\n\n\n\n<p class=\"has-text-align-left has-white-color has-text-color has-link-color wp-elements-ba2801a7cde154313366e1ba936a8346\">Contrata espacios publicitarios estrat\u00e9gicos en el<br> <strong>Aeropuerto Internacional de Fuerteventura (FUE)<\/strong> y<br> conecta tu marca con una audiencia internacional de alto valor <br>tur\u00edstico. Contrata campa\u00f1as publicitarias en los principales <a href=\"https:\/\/www.jftcomunicacion.es\/es\/publicidad-en-aeropuertos-de-canarias\/\">aeropuertos de Canarias<\/a> con <strong>JFT<\/strong>.<\/p>\n\n\n\n<div class=\"wp-block-buttons is-layout-flex wp-block-buttons-is-layout-flex\">\n<div class=\"wp-block-button\"><a class=\"wp-block-button__link has-black-color has-text-color has-background has-link-color wp-element-button\" href=\"\/contacto\/\" style=\"border-radius:0px;background-color:#7ee9ee\"><strong>Solicita informaci\u00f3n<\/strong><\/a><\/div>\n<\/div>\n<\/div>\n<\/div>\n<\/div><\/div>\n\n\n\n<div class=\"wp-block-group\"><div class=\"wp-block-group__inner-container is-layout-constrained wp-block-group-is-layout-constrained\">\n<p>En <strong><a href=\"https:\/\/www.jftcomunicacion.es\/es\/\">JFT Comunicaci\u00f3n<\/a><\/strong> hacemos posible que millones de pasajeros al a\u00f1o sean impactados por tu marca mediante <strong>publicidad en el Aeropuerto de Fuerteventura<\/strong>, uno de los principales accesos tur\u00edsticos a Canarias.<\/p>\n\n\n\n<p>Somos la empresa <strong>licitada por AENA<\/strong> para la gesti\u00f3n de la publicidad en el Aeropuerto de Fuerteventura, lo que permite a los anunciantes contratar espacios publicitarios de forma <strong>directa y sin intermediarios<\/strong>, optimizando la inversi\u00f3n y la planificaci\u00f3n de campa\u00f1as.<\/p>\n\n\n\n<p>El Aeropuerto Internacional de Fuerteventura (FUE) supera los <strong>6 millones de pasajeros anuales<\/strong>, con una fuerte presencia de tr\u00e1fico internacional procedente de Europa, lo que lo convierte en un entorno ideal para campa\u00f1as de alto impacto y notoriedad de marca.<\/p>\n\n\n\n<h2 class=\"wp-block-heading has-text-align-left ltr anton has-large-font-size\" style=\"border-left-color:#7ee9ee;border-left-style:solid;border-left-width:20px;padding-left:20px\">\u00bfPor qu\u00e9 deber\u00edas anunciarte <br>en el aeropuerto de <br>Fuerteventura?<\/h2>\n\n\n\n<p>Servicio integrado dentro de nuestra red de <strong>publicidad en aeropuertos de Canarias<\/strong> gestionados por JFT Comunicaci\u00f3n. Entorno id\u00f3neo para lograr tus objetivos de cobertura en el mercado canario.<\/p>\n\n\n\n<p>Descubre las ventajas competitivas de anunciarte en el Aeropuerto de Fuerteventura en Canarias.&nbsp;<\/p>\n\n\n\n<p><strong>Gesti\u00f3n directa \u00b7 Concesi\u00f3n oficial \u00b7 Soportes de alta visibilidad<\/strong><\/p>\n<\/div><\/div>\n\n\n\n<div class=\"wp-block-group marketing_digital\"><div class=\"wp-block-group__inner-container is-layout-constrained wp-block-group-is-layout-constrained\">\n<div class=\"wp-block-columns is-layout-flex wp-container-core-columns-is-layout-28f84493 wp-block-columns-is-layout-flex\">\n<div class=\"wp-block-column is-layout-flow wp-block-column-is-layout-flow\" style=\"flex-basis:100%\"><div class=\"wp-block-image\">\n<figure class=\"aligncenter size-full is-resized\"><img loading=\"lazy\" decoding=\"async\" width=\"180\" height=\"192\" src=\"https:\/\/www.jftcomunicacion.es\/wp-content\/uploads\/2026\/02\/alto-valor.webp\" alt=\"\" class=\"wp-image-19003\" style=\"width:auto;height:80px\"\/><\/figure><\/div>\n\n\n<h3 class=\"wp-block-heading has-text-align-center\"><strong>Audiencia internacional de alto valor<\/strong><\/h3>\n\n\n\n<p class=\"has-text-align-center\">Gran parte del tr\u00e1fico procede de mercados europeos como Alemania y Reino Unido, ideal para marcas orientadas al turismo y consumo internacional.<\/p>\n<\/div>\n\n\n\n<div class=\"wp-block-column is-layout-flow wp-block-column-is-layout-flow\" style=\"flex-basis:100%\"><div class=\"wp-block-image\">\n<figure class=\"aligncenter size-full is-resized\"><img loading=\"lazy\" decoding=\"async\" width=\"309\" height=\"183\" src=\"https:\/\/www.jftcomunicacion.es\/wp-content\/uploads\/2026\/02\/sevilla-pasajeros.webp\" alt=\"\" class=\"wp-image-18872\" style=\"width:auto;height:80px\"\/><\/figure><\/div>\n\n\n<h3 class=\"wp-block-heading has-text-align-center\"><strong>M\u00e1s de 6 millones de pasajeros al a\u00f1o<\/strong><\/h3>\n\n\n\n<p class=\"has-text-align-center\">Un volumen constante de viajeros garantiza una exposici\u00f3n continuada de los mensajes publicitarios durante todo el a\u00f1o.<\/p>\n<\/div>\n\n\n\n<div class=\"wp-block-column is-layout-flow wp-block-column-is-layout-flow\" style=\"flex-basis:100%\"><div class=\"wp-block-image\">\n<figure class=\"aligncenter size-full is-resized\"><img loading=\"lazy\" decoding=\"async\" width=\"203\" height=\"185\" src=\"https:\/\/www.jftcomunicacion.es\/wp-content\/uploads\/2026\/02\/ubicaciones-estrategicas.webp\" alt=\"\" class=\"wp-image-19001\" style=\"width:auto;height:80px\"\/><\/figure><\/div>\n\n\n<h3 class=\"wp-block-heading has-text-align-center\"><strong>Ubicaciones estrat\u00e9gicas de alto tr\u00e1nsito<\/strong><\/h3>\n\n\n\n<p class=\"has-text-align-center\">Los soportes publicitarios se sit\u00faan en zonas clave como facturaci\u00f3n, llegadas, recogida de equipajes, embarque, restauraci\u00f3n y accesos exteriores.<\/p>\n<\/div>\n<\/div>\n\n\n\n<div class=\"wp-block-columns is-layout-flex wp-container-core-columns-is-layout-28f84493 wp-block-columns-is-layout-flex\">\n<div class=\"wp-block-column is-layout-flow wp-block-column-is-layout-flow\" style=\"flex-basis:100%\"><div class=\"wp-block-image\">\n<figure class=\"aligncenter size-full is-resized\"><img loading=\"lazy\" decoding=\"async\" width=\"281\" height=\"177\" src=\"https:\/\/www.jftcomunicacion.es\/wp-content\/uploads\/2026\/01\/aeropuertos_soportes.webp\" alt=\"\" class=\"wp-image-18696\" style=\"width:auto;height:80px\"\/><\/figure><\/div>\n\n\n<h3 class=\"wp-block-heading has-text-align-center\"><strong>Soportes tradicionales, digitales y especiales<\/strong><\/h3>\n\n\n\n<p class=\"has-text-align-center\">Pantallas digitales, mupis, carteler\u00eda luminosa y stands promocionales adaptados a distintos objetivos y formatos de campa\u00f1a.<\/p>\n<\/div>\n\n\n\n<div class=\"wp-block-column is-layout-flow wp-block-column-is-layout-flow\" style=\"flex-basis:100%\"><div class=\"wp-block-image\">\n<figure class=\"aligncenter size-full is-resized\"><img loading=\"lazy\" decoding=\"async\" width=\"231\" height=\"176\" src=\"https:\/\/www.jftcomunicacion.es\/wp-content\/uploads\/2026\/01\/aeropuertos_gestion.webp\" alt=\"\" class=\"wp-image-18698\" style=\"width:auto;height:80px\"\/><\/figure><\/div>\n\n\n<h3 class=\"wp-block-heading has-text-align-center\"><strong>Gesti\u00f3n directa como operador autorizado<\/strong><\/h3>\n\n\n\n<p class=\"has-text-align-center\">JFT Comunicaci\u00f3n gestiona la publicidad en el Aeropuerto de Fuerteventura sin intermediarios, garantizando flexibilidad y condiciones competitivas.<\/p>\n<\/div>\n<\/div>\n<\/div><\/div>\n\n\n\n<div class=\"wp-block-group fullwidth has-background\" style=\"background-color:#7ee9ee;padding-right:40px;padding-left:40px\"><div class=\"wp-block-group__inner-container is-layout-constrained wp-container-core-group-is-layout-d2d0ce25 wp-block-group-is-layout-constrained\">\n<h3 class=\"wp-block-heading has-text-align-left typed anton has-large-font-size\">PUBLICIDAD EN EL AEROPUERTO DE FUERTEVENTURA, ADAPTADA A TU MARCA<\/h3>\n\n\n\n<p>Dise\u00f1amos campa\u00f1as de <strong>publicidad aeroportuaria en Fuerteventura<\/strong> totalmente personalizadas, analizando flujos de pasajeros, perfiles de audiencia y zonas de mayor visibilidad para maximizar el impacto, el recuerdo de marca y el retorno de la inversi\u00f3n.<\/p>\n<\/div><\/div>\n\n\n\n<div class=\"wp-block-group\"><div class=\"wp-block-group__inner-container is-layout-constrained wp-block-group-is-layout-constrained\">\n<p class=\"has-background\" style=\"background-color:#d9f8f9\"><strong>Un entorno ideal para campa\u00f1as publicitarias de alto impacto<\/strong><\/p>\n\n\n\n<ul class=\"wp-block-list\">\n<li>Refuerza el prestigio y reconocimiento de marca al anunciarse en un entorno exclusivo como un aeropuerto.<\/li>\n\n\n\n<li>Alta receptividad de la audiencia durante los tiempos de espera en facturaci\u00f3n, embarque y restauraci\u00f3n.<\/li>\n\n\n\n<li>Exposici\u00f3n prolongada que mejora la calidad y el recuerdo del mensaje publicitario.<\/li>\n\n\n\n<li>Ubicaci\u00f3n estrat\u00e9gica de los soportes para maximizar el alcance de cada campa\u00f1a.<\/li>\n<\/ul>\n<\/div><\/div>\n\n\n\n<div class=\"wp-block-group\"><div class=\"wp-block-group__inner-container is-layout-constrained wp-block-group-is-layout-constrained\">\n<h2 class=\"wp-block-heading has-text-align-left ltr anton has-large-font-size\" style=\"border-left-color:#7ee9ee;border-left-style:solid;border-left-width:20px;padding-left:20px\"><strong>Precios de soportes publicitarios en el Aeropuerto de Fuerteventura<\/strong><\/h2>\n\n\n\n<p>El <strong>Aeropuerto de Fuerteventura (FUE)<\/strong> es una infraestructura clave para la conectividad tur\u00edstica de Canarias, con un flujo constante de pasajeros internacionales y tiempos de permanencia elevados en terminales. Estas caracter\u00edsticas lo convierten en un entorno estrat\u00e9gico para <a href=\"https:\/\/www.jftcomunicacion.es\/es\/\">campa\u00f1as publicitarias<\/a> orientadas a visibilidad y <a href=\"https:\/\/www.jftcomunicacion.es\/es\/servicios\/agencia-creativa\/branding\/\">branding<\/a>.<\/p>\n\n\n\n<p>A continuaci\u00f3n, te mostramos una tabla orientativa de precios de publicidad en el Aeropuerto de Fuerteventura, correspondiente a los principales soportes gestionados directamente por JFT Comunicaci\u00f3n, sin intermediarios, lo que permite ofrecer condiciones competitivas y soluciones adaptadas a cada anunciante.<\/p>\n\n\n\n<div class=\"wp-block-columns ntm_two_columns is-layout-flex wp-container-core-columns-is-layout-28f84493 wp-block-columns-is-layout-flex\">\n<div class=\"wp-block-column is-layout-flow wp-block-column-is-layout-flow\">\n<div class=\"wp-block-group has-background\" style=\"background-color:#efefef;padding-top:20px;padding-right:20px;padding-bottom:20px;padding-left:20px\"><div class=\"wp-block-group__inner-container is-layout-constrained wp-container-core-group-is-layout-bf816c8d wp-block-group-is-layout-constrained\"><div class=\"wp-block-image\">\n<figure class=\"aligncenter size-full is-resized\"><img loading=\"lazy\" decoding=\"async\" width=\"100\" height=\"163\" src=\"https:\/\/www.jftcomunicacion.es\/wp-content\/uploads\/2025\/07\/mupis.webp\" alt=\"\" class=\"wp-image-15802\" style=\"width:auto;height:64px\"\/><\/figure><\/div>\n\n\n<h3 class=\"wp-block-heading has-text-align-center\"><strong>MUPIS<\/strong><\/h3>\n\n\n\n<p class=\"has-text-align-center\"><strong>24\u20ac<\/strong> \/ d\u00eda<\/p>\n<\/div><\/div>\n<\/div>\n\n\n\n<div class=\"wp-block-column is-layout-flow wp-block-column-is-layout-flow\">\n<div class=\"wp-block-group has-background\" style=\"background-color:#efefef;padding-top:20px;padding-right:20px;padding-bottom:20px;padding-left:20px\"><div class=\"wp-block-group__inner-container is-layout-constrained wp-container-core-group-is-layout-bf816c8d wp-block-group-is-layout-constrained\"><div class=\"wp-block-image\">\n<figure class=\"aligncenter size-full is-resized\"><img loading=\"lazy\" decoding=\"async\" width=\"299\" height=\"119\" src=\"https:\/\/www.jftcomunicacion.es\/wp-content\/uploads\/2025\/07\/gran-formato.webp\" alt=\"\" class=\"wp-image-15798\" style=\"width:auto;height:64px\"\/><\/figure><\/div>\n\n\n<h3 class=\"wp-block-heading has-text-align-center\"><strong>G. FORMATO<\/strong><\/h3>\n\n\n\n<p class=\"has-text-align-center\"><strong>27\u20ac<\/strong> \/ d\u00eda<\/p>\n<\/div><\/div>\n<\/div>\n\n\n\n<div class=\"wp-block-column is-layout-flow wp-block-column-is-layout-flow\">\n<div class=\"wp-block-group has-background\" style=\"background-color:#efefef;padding-top:20px;padding-right:20px;padding-bottom:20px;padding-left:20px\"><div class=\"wp-block-group__inner-container is-layout-constrained wp-container-core-group-is-layout-bf816c8d wp-block-group-is-layout-constrained\"><div class=\"wp-block-image\">\n<figure class=\"aligncenter size-full is-resized\"><img loading=\"lazy\" decoding=\"async\" width=\"155\" height=\"116\" src=\"https:\/\/www.jftcomunicacion.es\/wp-content\/uploads\/2025\/07\/digital.webp\" alt=\"\" class=\"wp-image-15796\" style=\"width:auto;height:64px\"\/><\/figure><\/div>\n\n\n<h3 class=\"wp-block-heading has-text-align-center\"><strong>DIGITAL<\/strong><\/h3>\n\n\n\n<p class=\"has-text-align-center\"><strong>38\u20ac<\/strong> \/ d\u00eda<\/p>\n<\/div><\/div>\n<\/div>\n\n\n\n<div class=\"wp-block-column is-layout-flow wp-block-column-is-layout-flow\">\n<div class=\"wp-block-group has-background\" style=\"background-color:#efefef;padding-top:20px;padding-right:20px;padding-bottom:20px;padding-left:20px\"><div class=\"wp-block-group__inner-container is-layout-constrained wp-container-core-group-is-layout-bf816c8d wp-block-group-is-layout-constrained\"><div class=\"wp-block-image\">\n<figure class=\"aligncenter size-full is-resized\"><img loading=\"lazy\" decoding=\"async\" width=\"93\" height=\"144\" src=\"https:\/\/www.jftcomunicacion.es\/wp-content\/uploads\/2025\/07\/columna.webp\" alt=\"\" class=\"wp-image-15794\" style=\"width:auto;height:64px\"\/><\/figure><\/div>\n\n\n<h3 class=\"wp-block-heading has-text-align-center\"><strong>COLUMNA<\/strong><\/h3>\n\n\n\n<p class=\"has-text-align-center\"><strong>26\u20ac<\/strong> \/ d\u00eda<\/p>\n<\/div><\/div>\n<\/div>\n\n\n\n<div class=\"wp-block-column is-layout-flow wp-block-column-is-layout-flow\">\n<div class=\"wp-block-group has-background\" style=\"background-color:#efefef;padding-top:20px;padding-right:20px;padding-bottom:20px;padding-left:20px\"><div class=\"wp-block-group__inner-container is-layout-constrained wp-container-core-group-is-layout-bf816c8d wp-block-group-is-layout-constrained\"><div class=\"wp-block-image\">\n<figure class=\"aligncenter size-full is-resized\"><img loading=\"lazy\" decoding=\"async\" width=\"125\" height=\"123\" src=\"https:\/\/www.jftcomunicacion.es\/wp-content\/uploads\/2025\/07\/luminoso.webp\" alt=\"\" class=\"wp-image-15800\" style=\"width:auto;height:64px\"\/><\/figure><\/div>\n\n\n<h3 class=\"wp-block-heading has-text-align-center\"><strong>LUMINOSO<\/strong><\/h3>\n\n\n\n<p class=\"has-text-align-center\"><strong>48\u20ac<\/strong> \/ d\u00eda<\/p>\n<\/div><\/div>\n<\/div>\n\n\n\n<div class=\"wp-block-column is-layout-flow wp-block-column-is-layout-flow\">\n<div class=\"wp-block-group has-background\" style=\"background-color:#efefef;padding-top:20px;padding-right:20px;padding-bottom:20px;padding-left:20px\"><div class=\"wp-block-group__inner-container is-layout-constrained wp-container-core-group-is-layout-bf816c8d wp-block-group-is-layout-constrained\"><div class=\"wp-block-image\">\n<figure class=\"aligncenter size-full is-resized\"><img loading=\"lazy\" decoding=\"async\" width=\"167\" height=\"130\" src=\"https:\/\/www.jftcomunicacion.es\/wp-content\/uploads\/2025\/07\/stand.webp\" alt=\"\" class=\"wp-image-15804\" style=\"width:auto;height:64px\"\/><\/figure><\/div>\n\n\n<h3 class=\"wp-block-heading has-text-align-center\"><strong>STAND<\/strong><\/h3>\n\n\n\n<p class=\"has-text-align-center\"><strong>200\u20ac<\/strong> \/ d\u00eda<\/p>\n<\/div><\/div>\n<\/div>\n<\/div>\n<\/div><\/div>\n\n\n\n<div class=\"wp-block-group\"><div class=\"wp-block-group__inner-container is-layout-constrained wp-block-group-is-layout-constrained\">\n<h2 class=\"wp-block-heading has-text-align-left ltr anton has-large-font-size\" style=\"border-left-color:#7ee9ee;border-left-style:solid;border-left-width:20px;padding-left:20px\">SERVICIOS EN AEROPUERTOS DE CANARIAS<\/h2>\n\n\n\n<div class=\"wp-block-columns is-layout-flex wp-container-core-columns-is-layout-28f84493 wp-block-columns-is-layout-flex\">\n<div class=\"wp-block-column is-layout-flow wp-block-column-is-layout-flow\" style=\"border-left-color:#7ee9ee;border-left-style:solid;border-left-width:2px;padding-left:40px;flex-basis:100%\">\n<figure class=\"wp-block-image size-full is-resized\"><a href=\"https:\/\/www.jftcomunicacion.es\/es\/servicios\/publicidad-aeropuerto-las-palmas\/\"><img loading=\"lazy\" decoding=\"async\" width=\"59\" height=\"60\" src=\"https:\/\/www.jftcomunicacion.es\/wp-content\/uploads\/2023\/10\/aeropuerto-gran-canaria.webp\" alt=\"\" class=\"wp-image-20033\" style=\"width:auto;height:70px\"\/><\/a><\/figure>\n\n\n\n<p><a href=\"https:\/\/www.jftcomunicacion.es\/es\/servicios\/publicidad-aeropuerto-las-palmas\/\">PUBLICIDAD EN AEROPUERTO<br><strong>GRAN CANARIA<\/strong><\/a><\/p>\n<\/div>\n\n\n\n<div class=\"wp-block-column is-layout-flow wp-block-column-is-layout-flow\" style=\"border-left-color:#7ee9ee;border-left-style:solid;border-left-width:2px;padding-left:40px;flex-basis:100%\">\n<figure class=\"wp-block-image size-full is-resized\"><a href=\"https:\/\/www.jftcomunicacion.es\/es\/servicios\/publicidad-aeropuerto-tenerife-norte\/\"><img loading=\"lazy\" decoding=\"async\" width=\"94\" height=\"70\" src=\"https:\/\/www.jftcomunicacion.es\/wp-content\/uploads\/2023\/11\/aeropuerto-tenerife-norte.webp\" alt=\"\" class=\"wp-image-20019\" style=\"width:auto;height:70px\"\/><\/a><\/figure>\n\n\n\n<p><a href=\"https:\/\/www.jftcomunicacion.es\/es\/servicios\/publicidad-aeropuerto-tenerife-norte\/\">PUBLICIDAD EN <br>AEROPUERTO <strong>TENERIFE NORTE<\/strong><\/a><\/p>\n<\/div>\n\n\n\n<div class=\"wp-block-column is-layout-flow wp-block-column-is-layout-flow\" style=\"border-left-color:#7ee9ee;border-left-style:solid;border-left-width:2px;padding-left:40px;flex-basis:100%\">\n<figure class=\"wp-block-image size-full is-resized\"><a href=\"https:\/\/www.jftcomunicacion.es\/es\/servicios\/publicidad-aeropuerto-tenerife-sur\/\"><img loading=\"lazy\" decoding=\"async\" width=\"94\" height=\"70\" src=\"https:\/\/www.jftcomunicacion.es\/wp-content\/uploads\/2023\/11\/aeropuerto-tenerife-sur.webp\" alt=\"\" class=\"wp-image-20021\" style=\"width:auto;height:70px\"\/><\/a><\/figure>\n\n\n\n<p><a href=\"https:\/\/www.jftcomunicacion.es\/es\/servicios\/publicidad-aeropuerto-tenerife-sur\/\">PUBLICIDAD EN <br>AEROPUERTO <strong>TENERIFE SUR<\/strong><\/a><\/p>\n<\/div>\n\n\n\n<div class=\"wp-block-column is-layout-flow wp-block-column-is-layout-flow\" style=\"border-left-color:#7ee9ee;border-left-style:solid;border-left-width:2px;padding-left:40px;flex-basis:100%\">\n<figure class=\"wp-block-image size-full is-resized\"><a href=\"https:\/\/www.jftcomunicacion.es\/es\/servicios\/publicidad-aeropuerto-lanzarote\/\"><img loading=\"lazy\" decoding=\"async\" width=\"64\" height=\"69\" src=\"https:\/\/www.jftcomunicacion.es\/wp-content\/uploads\/2023\/11\/aeropuerto-lanzarote.webp\" alt=\"\" class=\"wp-image-20013\" style=\"width:auto;height:70px\"\/><\/a><\/figure>\n\n\n\n<p><a href=\"https:\/\/www.jftcomunicacion.es\/es\/servicios\/publicidad-aeropuerto-lanzarote\/\">PUBLICIDAD EN <br>AEROPUERTO <strong>LANZAROTE<\/strong><\/a><\/p>\n<\/div>\n\n\n\n<div class=\"wp-block-column is-layout-flow wp-block-column-is-layout-flow\" style=\"border-left-color:#7ee9ee;border-left-style:solid;border-left-width:2px;padding-left:40px;flex-basis:100%\">\n<figure class=\"wp-block-image size-full is-resized\"><a href=\"https:\/\/www.jftcomunicacion.es\/es\/servicios\/publicidad-aeropuerto-fuerteventura\/\"><img loading=\"lazy\" decoding=\"async\" width=\"89\" height=\"90\" src=\"https:\/\/www.jftcomunicacion.es\/wp-content\/uploads\/2023\/11\/aeropuerto-fuerteventura.webp\" alt=\"\" class=\"wp-image-20023\" style=\"width:auto;height:70px\"\/><\/a><\/figure>\n\n\n\n<p><a href=\"https:\/\/www.jftcomunicacion.es\/es\/servicios\/publicidad-aeropuerto-fuerteventura\/\">PUBLICIDAD EN <br>AEROPUERTO <strong>FUERTEVENTURA<\/strong><\/a><\/p>\n<\/div>\n<\/div>\n<\/div><\/div>\n\n\n\n<div class=\"wp-block-group nomargin\" style=\"margin-top:0px\"><div class=\"wp-block-group__inner-container is-layout-constrained wp-block-group-is-layout-constrained\">\n<h2 class=\"wp-block-heading has-text-align-center has-medium-font-size\" style=\"margin-bottom:20px;text-transform:uppercase\">Preguntas Frecuentes sobre <strong>publicidad en el aeropuerto de FUERTEVENTURA<\/strong><\/h2>\n<\/div><\/div>\n\n\n\n<div id=\"faqs\" class=\"wp-block-group has-background\" style=\"background-color:#80eaef66;padding-right:20px;padding-left:20px\"><div class=\"wp-block-group__inner-container is-layout-constrained wp-container-core-group-is-layout-3b0f2f7d wp-block-group-is-layout-constrained\">\n<div class=\"wp-block-group\"><div class=\"wp-block-group__inner-container is-layout-constrained wp-block-group-is-layout-constrained\"><div class=\"wp-block-ub-content-toggle wp-block-ub-content-toggle-block\" id=\"ub-content-toggle-block-4689f6fd-44ec-491c-b52b-2f99e571910f\" data-mobilecollapse=\"false\" data-desktopcollapse=\"true\" data-preventcollapse=\"false\" data-showonlyone=\"false\">\n<div class=\"no-border wp-block-ub-content-toggle-accordion\" style=\"border-color: #f1f1f1; \" id=\"ub-content-toggle-panel-block-\">\n\t\t\t<div class=\"wp-block-ub-content-toggle-accordion-title-wrap\" style=\"background-color: #f1f1f1;\" aria-controls=\"ub-content-toggle-panel-0-4689f6fd-44ec-491c-b52b-2f99e571910f\" tabindex=\"0\">\n\t\t\t<h3 class=\"wp-block-ub-content-toggle-accordion-title ub-content-toggle-title-4689f6fd-44ec-491c-b52b-2f99e571910f\" style=\"color: #000000; \"><strong><strong><strong>\u00bfQu\u00e9 tipo de p\u00fablico impacta la publicidad en el Aeropuerto de Fuerteventura?<\/strong><\/strong><\/strong><\/h3>\n\t\t\t<div class=\"wp-block-ub-content-toggle-accordion-toggle-wrap right\" style=\"color: #000000;\"><span class=\"wp-block-ub-content-toggle-accordion-state-indicator wp-block-ub-chevron-down\"><\/span><\/div>\n\t\t<\/div>\n\t\t\t<div role=\"region\" aria-expanded=\"false\" class=\"wp-block-ub-content-toggle-accordion-content-wrap ub-hide\" id=\"ub-content-toggle-panel-0-4689f6fd-44ec-491c-b52b-2f99e571910f\">\n\n<p>Principalmente viajeros internacionales procedentes de Europa, junto a pasajeros nacionales y residentes canarios.<\/p>\n\n<\/div>\n\t\t<\/div>\n\n<div class=\"no-border wp-block-ub-content-toggle-accordion\" style=\"border-color: #f1f1f1; \" id=\"ub-content-toggle-panel-block-\">\n\t\t\t<div class=\"wp-block-ub-content-toggle-accordion-title-wrap\" style=\"background-color: #f1f1f1;\" aria-controls=\"ub-content-toggle-panel-1-4689f6fd-44ec-491c-b52b-2f99e571910f\" tabindex=\"0\">\n\t\t\t<h3 class=\"wp-block-ub-content-toggle-accordion-title ub-content-toggle-title-4689f6fd-44ec-491c-b52b-2f99e571910f\" style=\"color: #000000; \"><strong><strong><strong><strong>\u00bfQu\u00e9 soportes publicitarios se pueden contratar en el aeropuerto de Fuerteventura?<\/strong><\/strong><\/strong><\/strong><\/h3>\n\t\t\t<div class=\"wp-block-ub-content-toggle-accordion-toggle-wrap right\" style=\"color: #000000;\"><span class=\"wp-block-ub-content-toggle-accordion-state-indicator wp-block-ub-chevron-down\"><\/span><\/div>\n\t\t<\/div>\n\t\t\t<div role=\"region\" aria-expanded=\"false\" class=\"wp-block-ub-content-toggle-accordion-content-wrap ub-hide\" id=\"ub-content-toggle-panel-1-4689f6fd-44ec-491c-b52b-2f99e571910f\">\n\n<p>Pantallas digitales, mupis, carteler\u00eda luminosa, stands promocionales y soportes especiales en interior y exterior.<\/p>\n\n<\/div>\n\t\t<\/div>\n\n<div class=\"no-border wp-block-ub-content-toggle-accordion\" style=\"border-color: #f1f1f1; \" id=\"ub-content-toggle-panel-block-\">\n\t\t\t<div class=\"wp-block-ub-content-toggle-accordion-title-wrap\" style=\"background-color: #f1f1f1;\" aria-controls=\"ub-content-toggle-panel-2-4689f6fd-44ec-491c-b52b-2f99e571910f\" tabindex=\"0\">\n\t\t\t<h3 class=\"wp-block-ub-content-toggle-accordion-title ub-content-toggle-title-4689f6fd-44ec-491c-b52b-2f99e571910f\" style=\"color: #000000; \"><strong><strong><strong><strong>\u00bfLa contrataci\u00f3n de publicidad en Fuerteventura es directa?<\/strong><\/strong><\/strong><\/strong><\/h3>\n\t\t\t<div class=\"wp-block-ub-content-toggle-accordion-toggle-wrap right\" style=\"color: #000000;\"><span class=\"wp-block-ub-content-toggle-accordion-state-indicator wp-block-ub-chevron-down\"><\/span><\/div>\n\t\t<\/div>\n\t\t\t<div role=\"region\" aria-expanded=\"false\" class=\"wp-block-ub-content-toggle-accordion-content-wrap ub-hide\" id=\"ub-content-toggle-panel-2-4689f6fd-44ec-491c-b52b-2f99e571910f\">\n\n<p>S\u00ed. JFT Comunicaci\u00f3n es el operador autorizado por AENA para la gesti\u00f3n de la publicidad en el aeropuerto.<\/p>\n\n<\/div>\n\t\t<\/div>\n\n<div class=\"no-border wp-block-ub-content-toggle-accordion\" style=\"border-color: #f1f1f1; \" id=\"ub-content-toggle-panel-block-\">\n\t\t\t<div class=\"wp-block-ub-content-toggle-accordion-title-wrap\" style=\"background-color: #f1f1f1;\" aria-controls=\"ub-content-toggle-panel-3-4689f6fd-44ec-491c-b52b-2f99e571910f\" tabindex=\"0\">\n\t\t\t<h3 class=\"wp-block-ub-content-toggle-accordion-title ub-content-toggle-title-4689f6fd-44ec-491c-b52b-2f99e571910f\" style=\"color: #000000; \"><strong><strong><strong><strong><strong>\u00bfEs adecuada la publicidad en el aeropuerto de Fuerteventura para campa\u00f1as tur\u00edsticas?<\/strong><\/strong><\/strong><\/strong><\/strong><\/h3>\n\t\t\t<div class=\"wp-block-ub-content-toggle-accordion-toggle-wrap right\" style=\"color: #000000;\"><span class=\"wp-block-ub-content-toggle-accordion-state-indicator wp-block-ub-chevron-down\"><\/span><\/div>\n\t\t<\/div>\n\t\t\t<div role=\"region\" aria-expanded=\"false\" class=\"wp-block-ub-content-toggle-accordion-content-wrap ub-hide\" id=\"ub-content-toggle-panel-3-4689f6fd-44ec-491c-b52b-2f99e571910f\">\n\n<p>S\u00ed. Es uno de los aeropuertos m\u00e1s orientados al turismo internacional de Canarias.<\/p>\n\n<\/div>\n\t\t<\/div>\n\n<div class=\"no-border wp-block-ub-content-toggle-accordion\" style=\"border-color: #f1f1f1; \" id=\"ub-content-toggle-panel-block-\">\n\t\t\t<div class=\"wp-block-ub-content-toggle-accordion-title-wrap\" style=\"background-color: #f1f1f1;\" aria-controls=\"ub-content-toggle-panel-4-4689f6fd-44ec-491c-b52b-2f99e571910f\" tabindex=\"0\">\n\t\t\t<h3 class=\"wp-block-ub-content-toggle-accordion-title ub-content-toggle-title-4689f6fd-44ec-491c-b52b-2f99e571910f\" style=\"color: #000000; \"><strong><strong><strong><strong><strong><strong>\u00bfC\u00f3mo se calcula el presupuesto de una campa\u00f1a en el aeropuerto de Fuerteventura?<\/strong><\/strong><\/strong><\/strong><\/strong><\/strong><\/h3>\n\t\t\t<div class=\"wp-block-ub-content-toggle-accordion-toggle-wrap right\" style=\"color: #000000;\"><span class=\"wp-block-ub-content-toggle-accordion-state-indicator wp-block-ub-chevron-down\"><\/span><\/div>\n\t\t<\/div>\n\t\t\t<div role=\"region\" aria-expanded=\"false\" class=\"wp-block-ub-content-toggle-accordion-content-wrap ub-hide\" id=\"ub-content-toggle-panel-4-4689f6fd-44ec-491c-b52b-2f99e571910f\">\n\n<p>Depende del formato, ubicaci\u00f3n, duraci\u00f3n y disponibilidad. Nuestro equipo asesora para optimizar la inversi\u00f3n.<\/p>\n\n<\/div>\n\t\t<\/div>\n<\/div><\/div><\/div>\n<\/div><\/div>\n\n\n\n<script type=\"application\/ld+json\">\n[\n  {\n    \"@context\": \"https:\/\/schema.org\",\n    \"@type\": \"Organization\",\n    \"@id\": \"https:\/\/www.jftcomunicacion.es\/#organization\",\n    \"name\": \"JFT Comunicaci\u00f3n\",\n    \"url\": \"https:\/\/www.jftcomunicacion.es\/\",\n    \"logo\": {\n      \"@type\": \"ImageObject\",\n      \"url\": \"https:\/\/www.jftcomunicacion.es\/wp-content\/uploads\/2019\/12\/logo_jftcomunicacion-e1577624338378.png\"\n    }\n  },\n  {\n    \"@context\": \"https:\/\/schema.org\",\n    \"@type\": \"Service\",\n    \"name\": \"Publicidad en el Aeropuerto de Fuerteventura (FUE) - El Matorral\",\n    \"description\": \"Servicios exclusivos de publicidad exterior en el Aeropuerto de Fuerteventura. Circuitos digitales, mupis y soportes de gran formato estrat\u00e9gicamente ubicados para impactar al turismo europeo y nacional.\",\n    \"serviceType\": \"Publicidad Exterior \/ Airport Advertising\",\n    \"provider\": { \"@id\": \"https:\/\/www.jftcomunicacion.es\/#organization\" },\n    \"areaServed\": {\n      \"@type\": \"AdministrativeArea\",\n      \"name\": \"Fuerteventura\"\n    },\n    \"url\": \"https:\/\/www.jftcomunicacion.es\/es\/servicios\/publicidad-aeropuerto-fuerteventura\/\"\n  },\n  {\n    \"@context\": \"https:\/\/schema.org\",\n    \"@type\": \"BreadcrumbList\",\n    \"itemListElement\": [\n      {\n        \"@type\": \"ListItem\",\n        \"position\": 1,\n        \"name\": \"Inicio\",\n        \"item\": \"https:\/\/www.jftcomunicacion.es\/es\/\"\n      },\n      {\n        \"@type\": \"ListItem\",\n        \"position\": 2,\n        \"name\": \"Aeropuertos Canarias\",\n        \"item\": \"https:\/\/www.jftcomunicacion.es\/es\/publicidad-en-aeropuertos-de-canarias\/\"\n      },\n      {\n        \"@type\": \"ListItem\",\n        \"position\": 3,\n        \"name\": \"Fuerteventura (FUE)\",\n        \"item\": \"https:\/\/www.jftcomunicacion.es\/es\/servicios\/publicidad-aeropuerto-fuerteventura\/\"\n      }\n    ]\n  }\n]\n<\/script>\n\n\n\n<div class=\"wp-block-group ntmblock\"><div class=\"wp-block-group__inner-container is-layout-flow wp-block-group-is-layout-flow\">\n<h2 class=\"wp-block-heading has-text-align-center anton\" style=\"font-size:27px\">NUESTRA AGENCIA DE PUBLICIDAD EN ESPA\u00d1A<\/h2>\n\n\n\n<p class=\"has-text-align-left fa fa-phone show\"><a href=\"tel:922508800\" target=\"_blank\" rel=\"noreferrer noopener\">922 50 88 00<\/a><\/p>\n\n\n\n<div style=\"height:0px\" aria-hidden=\"true\" class=\"wp-block-spacer\"><\/div>\n\n\n\n<p class=\"has-text-align-left fa fa-envelope-o show\"><a data-type=\"mailto\" data-id=\"mailto:info@jftcomunicacion.es\" href=\"mailto:info@jftcomunicacion.es\" target=\"_blank\" rel=\"noreferrer noopener\">info@jftcomunicacion.es<\/a><\/p>\n\n\n\n<div class=\"wp-block-columns is-layout-flex wp-container-core-columns-is-layout-28f84493 wp-block-columns-is-layout-flex\">\n<div class=\"wp-block-column is-layout-flow wp-block-column-is-layout-flow\">\n<h3 class=\"wp-block-heading has-text-align-left title_section anton\" style=\"font-size:32px\">ISLAS CANARIAS<\/h3>\n\n\n\n<div class=\"wp-block-group\"><div class=\"wp-block-group__inner-container is-layout-constrained wp-block-group-is-layout-constrained\">\n<p class=\"has-text-align-left fa fa-map-marker show nomargin\" style=\"font-size:18px\">Agencia de Publicidad<\/p>\n\n\n\n<p class=\"has-text-align-left nomargin\" style=\"font-size:18px\"><a href=\"https:\/\/maps.app.goo.gl\/b7JsrPM2NXaHnQyd8\" target=\"_blank\" rel=\"noreferrer noopener\"><strong>JFT Comunicaci\u00f3n Santa Cruz de Tenerife<\/strong><\/a><\/p>\n\n\n\n<p class=\"has-text-align-left has-text-color has-link-color wp-elements-5bdf2498c73ee444cfa5c729c2a7cd31\" style=\"color:#7888ff;margin-top:0px;margin-bottom:0px;font-size:15px\">Puerto Escondido 3, Piso 1\u00ba, <br>38002 Santa Cruz De Tenerife<\/p>\n<\/div><\/div>\n\n\n\n<div class=\"wp-block-group\"><div class=\"wp-block-group__inner-container is-layout-constrained wp-block-group-is-layout-constrained\">\n<p class=\"has-text-align-left fa fa-map-marker show nomargin\" style=\"font-size:18px\">Agencia de Publicidad<\/p>\n\n\n\n<p class=\"has-text-align-left nomargin\" style=\"font-size:18px\"><a href=\"https:\/\/maps.app.goo.gl\/pjtU8RHPKyFSA8Xk7\" target=\"_blank\" rel=\"noreferrer noopener\"><strong>JFT Comunicaci\u00f3n Arona<\/strong><\/a><\/p>\n\n\n\n<p class=\"has-text-align-left has-text-color has-link-color wp-elements-3678261f1e6d666a25be3439eb11a37f\" style=\"color:#7888ff;margin-top:0px;margin-bottom:0px;font-size:15px\">Avenida Bulevar Chajofe, Edificio Ed\u00e9n, Local 11C<br>38650 Arona<\/p>\n<\/div><\/div>\n\n\n\n<div class=\"wp-block-group\"><div class=\"wp-block-group__inner-container is-layout-constrained wp-block-group-is-layout-constrained\">\n<p class=\"has-text-align-left fa fa-map-marker show nomargin\" style=\"font-size:18px\">Agencia de Publicidad<\/p>\n\n\n\n<p class=\"has-text-align-left nomargin\" style=\"font-size:18px\"><a href=\"https:\/\/maps.app.goo.gl\/uMLTi6dv36zkFqnM8\"><strong>JFT Comunicaci\u00f3n Las Palmas de Gran Canaria<\/strong><\/a><\/p>\n\n\n\n<p class=\"has-text-align-left has-text-color has-link-color wp-elements-821251cbaa32718d67f08e63e63b7113\" style=\"color:#7888ff;margin-top:0px;margin-bottom:0px;font-size:15px\">Calle Luis Morote n\u00ba 6, planta 3 oficina 2. <br>35.007 Las Palmas de Gran Canaria<\/p>\n<\/div><\/div>\n<\/div>\n\n\n\n<div class=\"wp-block-column is-layout-flow wp-block-column-is-layout-flow\">\n<h3 class=\"wp-block-heading has-text-align-left title_section anton\" style=\"font-size:32px\">ANDALUC\u00cdA<\/h3>\n\n\n\n<div class=\"wp-block-group\"><div class=\"wp-block-group__inner-container is-layout-constrained wp-block-group-is-layout-constrained\">\n<p class=\"has-text-align-left fa fa-map-marker show nomargin\" style=\"font-size:18px\">Agencia de Publicidad<\/p>\n\n\n\n<p class=\"has-text-align-left nomargin\" style=\"font-size:18px\"><strong><a href=\"https:\/\/maps.app.goo.gl\/hDHDJjPVZTuW7Jjq9\" target=\"_blank\" rel=\"noreferrer noopener\">JFT Comunicaci\u00f3n Sevilla<\/a><\/strong><\/p>\n\n\n\n<p class=\"has-text-align-left has-text-color has-link-color wp-elements-130198b57700a96faa34a1da564c4e8a\" style=\"color:#7888ff;margin-top:0px;margin-bottom:0px;font-size:15px\">Calle Lara\u00f1a 4, Piso 3\u00ba, Sevilla Center,<br>41003 Sevilla<\/p>\n<\/div><\/div>\n\n\n\n<div class=\"wp-block-group\"><div class=\"wp-block-group__inner-container is-layout-constrained wp-block-group-is-layout-constrained\">\n<p class=\"has-text-align-left fa fa-map-marker show nomargin\" style=\"font-size:18px\">Agencia de Publicidad<\/p>\n\n\n\n<p class=\"has-text-align-left nomargin\" style=\"font-size:18px\"><a href=\"https:\/\/maps.app.goo.gl\/RX8P1pT7ZvspBuhF9\" target=\"_blank\" rel=\"noreferrer noopener\"><strong>JFT Comunicaci\u00f3n M\u00e1laga<\/strong><\/a><\/p>\n\n\n\n<p class=\"has-text-align-left has-text-color has-link-color wp-elements-73b25ed090de4d6033e068b19dc6699e\" style=\"color:#7888ff;margin-top:0px;margin-bottom:0px;font-size:15px\">Avda. Comandante Garc\u00eda Morato, s\/n. Planta 3\u00aa, pta. 34. <br>29004 M\u00e1laga<\/p>\n<\/div><\/div>\n<\/div>\n<\/div>\n<\/div><\/div>\n","protected":false},"excerpt":{"rendered":"<p>PUBLICIDAD EN EL AEROPUERTO DE FUERTEVENTURA Contrata espacios publicitarios estrat\u00e9gicos en el Aeropuerto Internacional de Fuerteventura (FUE) y&#8230;<\/p>\n","protected":false},"featured_media":0,"parent":0,"menu_order":0,"template":"","class_list":["post-11891","servicios","type-servicios","status-publish","hentry"],"acf":[],"yoast_head":"<!-- This site is optimized with the Yoast SEO plugin v25.9 - https:\/\/yoast.com\/wordpress\/plugins\/seo\/ -->\n<title>Publicidad en el aeropuerto de Fuerteventura | JFT Comunicaci\u00f3n<\/title>\n<meta name=\"description\" content=\"Contrataci\u00f3n de publicidad en el aeropuerto de Fuerteventura directamente con la empresa concesionaria \u00a1Consulta precios y soportes disponibles!\" \/>\n<meta name=\"robots\" content=\"index, follow, max-snippet:-1, max-image-preview:large, max-video-preview:-1\" \/>\n<link rel=\"canonical\" href=\"https:\/\/www.jftcomunicacion.es\/es\/servicios\/publicidad-aeropuerto-fuerteventura\/\" \/>\n<meta property=\"og:locale\" content=\"es_ES\" \/>\n<meta property=\"og:type\" content=\"article\" \/>\n<meta property=\"og:title\" content=\"Publicidad en el aeropuerto de Fuerteventura | JFT Comunicaci\u00f3n\" \/>\n<meta property=\"og:description\" content=\"Contrataci\u00f3n de publicidad en el aeropuerto de Fuerteventura directamente con la empresa concesionaria \u00a1Consulta precios y soportes disponibles!\" \/>\n<meta property=\"og:url\" content=\"https:\/\/www.jftcomunicacion.es\/es\/servicios\/publicidad-aeropuerto-fuerteventura\/\" \/>\n<meta property=\"og:site_name\" content=\"Agencia de Publicidad JFT Comunicaci\u00f3n\" \/>\n<meta property=\"article:publisher\" content=\"https:\/\/www.facebook.com\/JFTComunicacion\" \/>\n<meta property=\"article:modified_time\" content=\"2026-04-13T22:11:42+00:00\" \/>\n<meta property=\"og:image\" content=\"https:\/\/www.jftcomunicacion.es\/wp-content\/uploads\/2026\/02\/alto-valor.webp\" \/>\n\t<meta property=\"og:image:width\" content=\"180\" \/>\n\t<meta property=\"og:image:height\" content=\"192\" \/>\n\t<meta property=\"og:image:type\" content=\"image\/webp\" \/>\n<meta name=\"twitter:card\" content=\"summary_large_image\" \/>\n<meta name=\"twitter:label1\" content=\"Tiempo de lectura\" \/>\n\t<meta name=\"twitter:data1\" content=\"7 minutos\" \/>\n<script type=\"application\/ld+json\" class=\"yoast-schema-graph\">{\"@context\":\"https:\/\/schema.org\",\"@graph\":[{\"@type\":\"WebPage\",\"@id\":\"https:\/\/www.jftcomunicacion.es\/es\/servicios\/publicidad-aeropuerto-fuerteventura\/\",\"url\":\"https:\/\/www.jftcomunicacion.es\/es\/servicios\/publicidad-aeropuerto-fuerteventura\/\",\"name\":\"Publicidad en el aeropuerto de Fuerteventura | JFT Comunicaci\u00f3n\",\"isPartOf\":{\"@id\":\"https:\/\/www.jftcomunicacion.es\/es\/#website\"},\"primaryImageOfPage\":{\"@id\":\"https:\/\/www.jftcomunicacion.es\/es\/servicios\/publicidad-aeropuerto-fuerteventura\/#primaryimage\"},\"image\":{\"@id\":\"https:\/\/www.jftcomunicacion.es\/es\/servicios\/publicidad-aeropuerto-fuerteventura\/#primaryimage\"},\"thumbnailUrl\":\"https:\/\/www.jftcomunicacion.es\/wp-content\/uploads\/2026\/02\/alto-valor.webp\",\"datePublished\":\"2024-05-26T11:46:39+00:00\",\"dateModified\":\"2026-04-13T22:11:42+00:00\",\"description\":\"Contrataci\u00f3n de publicidad en el aeropuerto de Fuerteventura directamente con la empresa concesionaria \u00a1Consulta precios y soportes disponibles!\",\"breadcrumb\":{\"@id\":\"https:\/\/www.jftcomunicacion.es\/es\/servicios\/publicidad-aeropuerto-fuerteventura\/#breadcrumb\"},\"inLanguage\":\"es\",\"potentialAction\":[{\"@type\":\"ReadAction\",\"target\":[\"https:\/\/www.jftcomunicacion.es\/es\/servicios\/publicidad-aeropuerto-fuerteventura\/\"]}]},{\"@type\":\"ImageObject\",\"inLanguage\":\"es\",\"@id\":\"https:\/\/www.jftcomunicacion.es\/es\/servicios\/publicidad-aeropuerto-fuerteventura\/#primaryimage\",\"url\":\"https:\/\/www.jftcomunicacion.es\/wp-content\/uploads\/2026\/02\/alto-valor.webp\",\"contentUrl\":\"https:\/\/www.jftcomunicacion.es\/wp-content\/uploads\/2026\/02\/alto-valor.webp\"},{\"@type\":\"BreadcrumbList\",\"@id\":\"https:\/\/www.jftcomunicacion.es\/es\/servicios\/publicidad-aeropuerto-fuerteventura\/#breadcrumb\",\"itemListElement\":[{\"@type\":\"ListItem\",\"position\":1,\"name\":\"Portada\",\"item\":\"https:\/\/www.jftcomunicacion.es\/es\/\"},{\"@type\":\"ListItem\",\"position\":2,\"name\":\"Publicidad en el aeropuerto de Fuerteventura\"}]},{\"@type\":\"WebSite\",\"@id\":\"https:\/\/www.jftcomunicacion.es\/es\/#website\",\"url\":\"https:\/\/www.jftcomunicacion.es\/es\/\",\"name\":\"JFT Comunicaci\u00f3n\",\"description\":\"Agencia de Publicidad y Marketing Digital\",\"publisher\":{\"@id\":\"https:\/\/www.jftcomunicacion.es\/es\/#organization\"},\"alternateName\":\"Agencia de Publicidad JFT Comunicaci\u00f3n\",\"potentialAction\":[{\"@type\":\"SearchAction\",\"target\":{\"@type\":\"EntryPoint\",\"urlTemplate\":\"https:\/\/www.jftcomunicacion.es\/es\/?s={search_term_string}\"},\"query-input\":{\"@type\":\"PropertyValueSpecification\",\"valueRequired\":true,\"valueName\":\"search_term_string\"}}],\"inLanguage\":\"es\"},{\"@type\":\"Organization\",\"@id\":\"https:\/\/www.jftcomunicacion.es\/es\/#organization\",\"name\":\"JFT Comunicaci\u00f3n\",\"alternateName\":\"Agencia de Publicidad en Canarias\",\"url\":\"https:\/\/www.jftcomunicacion.es\/es\/\",\"logo\":{\"@type\":\"ImageObject\",\"inLanguage\":\"es\",\"@id\":\"https:\/\/www.jftcomunicacion.es\/es\/#\/schema\/logo\/image\/\",\"url\":\"https:\/\/www.jftcomunicacion.es\/wp-content\/uploads\/2019\/12\/logo_jftcomunicacion-e1577624338378.png\",\"contentUrl\":\"https:\/\/www.jftcomunicacion.es\/wp-content\/uploads\/2019\/12\/logo_jftcomunicacion-e1577624338378.png\",\"width\":280,\"height\":168,\"caption\":\"JFT Comunicaci\u00f3n\"},\"image\":{\"@id\":\"https:\/\/www.jftcomunicacion.es\/es\/#\/schema\/logo\/image\/\"},\"sameAs\":[\"https:\/\/www.facebook.com\/JFTComunicacion\",\"https:\/\/www.instagram.com\/jftcomunicacion\/\",\"https:\/\/www.linkedin.com\/company\/jft-comunicacin\/\"]}]}<\/script>\n<!-- \/ Yoast SEO plugin. -->","yoast_head_json":{"title":"Publicidad en el aeropuerto de Fuerteventura | JFT Comunicaci\u00f3n","description":"Contrataci\u00f3n de publicidad en el aeropuerto de Fuerteventura directamente con la empresa concesionaria \u00a1Consulta precios y soportes disponibles!","robots":{"index":"index","follow":"follow","max-snippet":"max-snippet:-1","max-image-preview":"max-image-preview:large","max-video-preview":"max-video-preview:-1"},"canonical":"https:\/\/www.jftcomunicacion.es\/es\/servicios\/publicidad-aeropuerto-fuerteventura\/","og_locale":"es_ES","og_type":"article","og_title":"Publicidad en el aeropuerto de Fuerteventura | JFT Comunicaci\u00f3n","og_description":"Contrataci\u00f3n de publicidad en el aeropuerto de Fuerteventura directamente con la empresa concesionaria \u00a1Consulta precios y soportes disponibles!","og_url":"https:\/\/www.jftcomunicacion.es\/es\/servicios\/publicidad-aeropuerto-fuerteventura\/","og_site_name":"Agencia de Publicidad JFT Comunicaci\u00f3n","article_publisher":"https:\/\/www.facebook.com\/JFTComunicacion","article_modified_time":"2026-04-13T22:11:42+00:00","og_image":[{"width":180,"height":192,"url":"https:\/\/www.jftcomunicacion.es\/wp-content\/uploads\/2026\/02\/alto-valor.webp","type":"image\/webp"}],"twitter_card":"summary_large_image","twitter_misc":{"Tiempo de lectura":"7 minutos"},"schema":{"@context":"https:\/\/schema.org","@graph":[{"@type":"WebPage","@id":"https:\/\/www.jftcomunicacion.es\/es\/servicios\/publicidad-aeropuerto-fuerteventura\/","url":"https:\/\/www.jftcomunicacion.es\/es\/servicios\/publicidad-aeropuerto-fuerteventura\/","name":"Publicidad en el aeropuerto de Fuerteventura | JFT Comunicaci\u00f3n","isPartOf":{"@id":"https:\/\/www.jftcomunicacion.es\/es\/#website"},"primaryImageOfPage":{"@id":"https:\/\/www.jftcomunicacion.es\/es\/servicios\/publicidad-aeropuerto-fuerteventura\/#primaryimage"},"image":{"@id":"https:\/\/www.jftcomunicacion.es\/es\/servicios\/publicidad-aeropuerto-fuerteventura\/#primaryimage"},"thumbnailUrl":"https:\/\/www.jftcomunicacion.es\/wp-content\/uploads\/2026\/02\/alto-valor.webp","datePublished":"2024-05-26T11:46:39+00:00","dateModified":"2026-04-13T22:11:42+00:00","description":"Contrataci\u00f3n de publicidad en el aeropuerto de Fuerteventura directamente con la empresa concesionaria \u00a1Consulta precios y soportes disponibles!","breadcrumb":{"@id":"https:\/\/www.jftcomunicacion.es\/es\/servicios\/publicidad-aeropuerto-fuerteventura\/#breadcrumb"},"inLanguage":"es","potentialAction":[{"@type":"ReadAction","target":["https:\/\/www.jftcomunicacion.es\/es\/servicios\/publicidad-aeropuerto-fuerteventura\/"]}]},{"@type":"ImageObject","inLanguage":"es","@id":"https:\/\/www.jftcomunicacion.es\/es\/servicios\/publicidad-aeropuerto-fuerteventura\/#primaryimage","url":"https:\/\/www.jftcomunicacion.es\/wp-content\/uploads\/2026\/02\/alto-valor.webp","contentUrl":"https:\/\/www.jftcomunicacion.es\/wp-content\/uploads\/2026\/02\/alto-valor.webp"},{"@type":"BreadcrumbList","@id":"https:\/\/www.jftcomunicacion.es\/es\/servicios\/publicidad-aeropuerto-fuerteventura\/#breadcrumb","itemListElement":[{"@type":"ListItem","position":1,"name":"Portada","item":"https:\/\/www.jftcomunicacion.es\/es\/"},{"@type":"ListItem","position":2,"name":"Publicidad en el aeropuerto de Fuerteventura"}]},{"@type":"WebSite","@id":"https:\/\/www.jftcomunicacion.es\/es\/#website","url":"https:\/\/www.jftcomunicacion.es\/es\/","name":"JFT Comunicaci\u00f3n","description":"Agencia de Publicidad y Marketing Digital","publisher":{"@id":"https:\/\/www.jftcomunicacion.es\/es\/#organization"},"alternateName":"Agencia de Publicidad JFT Comunicaci\u00f3n","potentialAction":[{"@type":"SearchAction","target":{"@type":"EntryPoint","urlTemplate":"https:\/\/www.jftcomunicacion.es\/es\/?s={search_term_string}"},"query-input":{"@type":"PropertyValueSpecification","valueRequired":true,"valueName":"search_term_string"}}],"inLanguage":"es"},{"@type":"Organization","@id":"https:\/\/www.jftcomunicacion.es\/es\/#organization","name":"JFT Comunicaci\u00f3n","alternateName":"Agencia de Publicidad en Canarias","url":"https:\/\/www.jftcomunicacion.es\/es\/","logo":{"@type":"ImageObject","inLanguage":"es","@id":"https:\/\/www.jftcomunicacion.es\/es\/#\/schema\/logo\/image\/","url":"https:\/\/www.jftcomunicacion.es\/wp-content\/uploads\/2019\/12\/logo_jftcomunicacion-e1577624338378.png","contentUrl":"https:\/\/www.jftcomunicacion.es\/wp-content\/uploads\/2019\/12\/logo_jftcomunicacion-e1577624338378.png","width":280,"height":168,"caption":"JFT Comunicaci\u00f3n"},"image":{"@id":"https:\/\/www.jftcomunicacion.es\/es\/#\/schema\/logo\/image\/"},"sameAs":["https:\/\/www.facebook.com\/JFTComunicacion","https:\/\/www.instagram.com\/jftcomunicacion\/","https:\/\/www.linkedin.com\/company\/jft-comunicacin\/"]}]}},"_links":{"self":[{"href":"https:\/\/www.jftcomunicacion.es\/es\/wp-json\/wp\/v2\/servicios\/11891","targetHints":{"allow":["GET"]}}],"collection":[{"href":"https:\/\/www.jftcomunicacion.es\/es\/wp-json\/wp\/v2\/servicios"}],"about":[{"href":"https:\/\/www.jftcomunicacion.es\/es\/wp-json\/wp\/v2\/types\/servicios"}],"wp:attachment":[{"href":"https:\/\/www.jftcomunicacion.es\/es\/wp-json\/wp\/v2\/media?parent=11891"}],"curies":[{"name":"wp","href":"https:\/\/api.w.org\/{rel}","templated":true}]}}