{"id":76,"date":"2019-12-27T14:02:43","date_gmt":"2019-12-27T14:02:43","guid":{"rendered":"https:\/\/2020.jftcomunicacion.es\/portfolio\/liceo-frances-curso-escolar-2018-2019\/"},"modified":"2022-10-31T21:11:39","modified_gmt":"2022-10-31T21:11:39","slug":"liceo-frances-curso-escolar-2018-2019","status":"publish","type":"portfolio","link":"https:\/\/www.jftcomunicacion.es\/es\/trabajos\/grafica\/liceo-frances-curso-escolar-2018-2019\/","title":{"rendered":"Liceo Franc\u00e9s &#8211; Curso escolar 2018-2019"},"content":{"rendered":"<p style=\"text-align: center;\">Jules Verne fue un adelantado a su \u00e9poca. Su imaginaci\u00f3n, talento e inteligencia le llev\u00f3 a la luna o a dar la vuelta al mundo mucho antes de que eso fuera posible. El<strong> Liceo Franc\u00e9s Tenerife<\/strong> \u201cJules Verne\u201d fomenta una educaci\u00f3n donde los ni\u00f1os desarrollan todas sus capacidades con los valores de la escuela francesa.<\/p>\n\n\n<div style=\"height:39px\" aria-hidden=\"true\" class=\"wp-block-spacer\"><\/div>\n\n\n<p style=\"text-align: center;\"><strong><a href=\"\/es\/servicios\/agencia-creativa\/\">CREATIVIDAD<\/a><\/strong><\/p>\n\n\n<div style=\"height:39px\" aria-hidden=\"true\" class=\"wp-block-spacer\"><\/div>\n\n\n\n<div class=\"wp-block-blockgallery-masonry\"><div class=\"blockgallery has-no-alignment has-caption-style-dark has-gutter\"><ul class=\"has-grid-lrg has-gutter-15 has-gutter-mobile-15\"><li class=\"blockgallery--item\"><figure class=\"blockgallery--figure\"><img loading=\"lazy\" decoding=\"async\" width=\"703\" height=\"1024\" src=\"https:\/\/www.jftcomunicacion.es\/wp-content\/uploads\/2020\/01\/liceofrances_campaign_julesverne1-703x1024.jpg\" alt=\"\" data-id=\"930\" data-link=\"https:\/\/www.jftcomunicacion.es\/es\/portfolio\/liceo-frances-curso-escolar-2018-2019\/liceofrances_campaign_julesverne1\/\" class=\"wp-image-930\"\/><\/figure><\/li><li class=\"blockgallery--item\"><figure class=\"blockgallery--figure\"><img loading=\"lazy\" decoding=\"async\" width=\"703\" height=\"1024\" src=\"https:\/\/www.jftcomunicacion.es\/wp-content\/uploads\/2020\/01\/liceofrances_campaign_julesverne6-703x1024.jpg\" alt=\"\" data-id=\"940\" data-link=\"https:\/\/www.jftcomunicacion.es\/es\/portfolio\/liceo-frances-curso-escolar-2018-2019\/liceofrances_campaign_julesverne6\/\" class=\"wp-image-940\"\/><\/figure><\/li><li class=\"blockgallery--item\"><figure class=\"blockgallery--figure\"><img loading=\"lazy\" decoding=\"async\" width=\"703\" height=\"1024\" src=\"https:\/\/www.jftcomunicacion.es\/wp-content\/uploads\/2020\/01\/liceofrances_campaign_julesverne5-703x1024.jpg\" alt=\"\" data-id=\"938\" data-link=\"https:\/\/www.jftcomunicacion.es\/es\/portfolio\/liceo-frances-curso-escolar-2018-2019\/liceofrances_campaign_julesverne5\/\" class=\"wp-image-938\"\/><\/figure><\/li><li class=\"blockgallery--item\"><figure class=\"blockgallery--figure\"><img loading=\"lazy\" decoding=\"async\" width=\"703\" height=\"1024\" src=\"https:\/\/www.jftcomunicacion.es\/wp-content\/uploads\/2020\/01\/liceofrances_campaign_julesverne4-703x1024.jpg\" alt=\"\" data-id=\"936\" data-link=\"https:\/\/www.jftcomunicacion.es\/es\/portfolio\/liceo-frances-curso-escolar-2018-2019\/liceofrances_campaign_julesverne4\/\" class=\"wp-image-936\"\/><\/figure><\/li><li class=\"blockgallery--item\"><figure class=\"blockgallery--figure\"><img loading=\"lazy\" decoding=\"async\" width=\"703\" height=\"1024\" src=\"https:\/\/www.jftcomunicacion.es\/wp-content\/uploads\/2020\/01\/liceofrances_campaign_julesverne3-703x1024.jpg\" alt=\"\" data-id=\"934\" data-link=\"https:\/\/www.jftcomunicacion.es\/es\/portfolio\/liceo-frances-curso-escolar-2018-2019\/liceofrances_campaign_julesverne3\/\" class=\"wp-image-934\"\/><\/figure><\/li><li class=\"blockgallery--item\"><figure class=\"blockgallery--figure\"><img loading=\"lazy\" decoding=\"async\" width=\"703\" height=\"1024\" src=\"https:\/\/www.jftcomunicacion.es\/wp-content\/uploads\/2020\/01\/liceofrances_campaign_julesverne2-703x1024.jpg\" alt=\"\" data-id=\"932\" data-link=\"https:\/\/www.jftcomunicacion.es\/es\/portfolio\/liceo-frances-curso-escolar-2018-2019\/liceofrances_campaign_julesverne2\/\" class=\"wp-image-932\"\/><\/figure><\/li><\/ul><\/div><\/div>\n","protected":false},"excerpt":{"rendered":"<p>Jules Verne fue un adelantado a su \u00e9poca. Su imaginaci\u00f3n, talento e inteligencia le llev\u00f3 a la luna&#8230;<\/p>\n","protected":false},"author":1,"featured_media":130,"template":"","meta":{"_acf_changed":false,"footnotes":""},"class_list":["post-76","portfolio","type-portfolio","status-publish","has-post-thumbnail","hentry","portfolio_category-grafica"],"acf":[],"yoast_head":"<!-- This site is optimized with the Yoast SEO plugin v25.9 - https:\/\/yoast.com\/wordpress\/plugins\/seo\/ -->\n<title>Liceo Franc\u00e9s \u00b7 Curso Escolar | Creatividad | JFT Comunicaci\u00f3n<\/title>\n<meta name=\"description\" content=\"Jules Verne fue un adelantado a su \u00e9poca. Nos inspiramos en \u00e9l para la creatividad del Liceo Franc\u00e9s de Tenerife del Curso Escolar 2018-2019.\" \/>\n<meta name=\"robots\" content=\"noindex, follow\" \/>\n<meta property=\"og:locale\" content=\"es_ES\" \/>\n<meta property=\"og:type\" content=\"article\" \/>\n<meta property=\"og:title\" content=\"Liceo Franc\u00e9s \u00b7 Curso Escolar | Creatividad | JFT Comunicaci\u00f3n\" \/>\n<meta property=\"og:description\" content=\"Jules Verne fue un adelantado a su \u00e9poca. Nos inspiramos en \u00e9l para la creatividad del Liceo Franc\u00e9s de Tenerife del Curso Escolar 2018-2019.\" \/>\n<meta property=\"og:url\" content=\"https:\/\/www.jftcomunicacion.es\/es\/trabajos\/grafica\/liceo-frances-curso-escolar-2018-2019\/\" \/>\n<meta property=\"og:site_name\" content=\"Agencia de Publicidad JFT Comunicaci\u00f3n\" \/>\n<meta property=\"article:publisher\" content=\"https:\/\/www.facebook.com\/JFTComunicacion\" \/>\n<meta property=\"article:modified_time\" content=\"2022-10-31T21:11:39+00:00\" \/>\n<meta property=\"og:image\" content=\"https:\/\/www.jftcomunicacion.es\/wp-content\/uploads\/2019\/12\/liceofrances_jules_creatividad_jftcomunicacion.jpg\" \/>\n\t<meta property=\"og:image:width\" content=\"384\" \/>\n\t<meta property=\"og:image:height\" content=\"384\" \/>\n\t<meta property=\"og:image:type\" content=\"image\/jpeg\" \/>\n<meta name=\"twitter:card\" content=\"summary_large_image\" \/>\n<meta name=\"twitter:label1\" content=\"Tiempo de lectura\" \/>\n\t<meta name=\"twitter:data1\" content=\"2 minutos\" \/>\n<script type=\"application\/ld+json\" class=\"yoast-schema-graph\">{\"@context\":\"https:\/\/schema.org\",\"@graph\":[{\"@type\":\"WebPage\",\"@id\":\"https:\/\/www.jftcomunicacion.es\/es\/trabajos\/grafica\/liceo-frances-curso-escolar-2018-2019\/\",\"url\":\"https:\/\/www.jftcomunicacion.es\/es\/trabajos\/grafica\/liceo-frances-curso-escolar-2018-2019\/\",\"name\":\"Liceo Franc\u00e9s \u00b7 Curso Escolar | Creatividad | JFT Comunicaci\u00f3n\",\"isPartOf\":{\"@id\":\"https:\/\/www.jftcomunicacion.es\/es\/#website\"},\"primaryImageOfPage\":{\"@id\":\"https:\/\/www.jftcomunicacion.es\/es\/trabajos\/grafica\/liceo-frances-curso-escolar-2018-2019\/#primaryimage\"},\"image\":{\"@id\":\"https:\/\/www.jftcomunicacion.es\/es\/trabajos\/grafica\/liceo-frances-curso-escolar-2018-2019\/#primaryimage\"},\"thumbnailUrl\":\"https:\/\/www.jftcomunicacion.es\/wp-content\/uploads\/2019\/12\/liceofrances_jules_creatividad_jftcomunicacion.jpg\",\"datePublished\":\"2019-12-27T14:02:43+00:00\",\"dateModified\":\"2022-10-31T21:11:39+00:00\",\"description\":\"Jules Verne fue un adelantado a su \u00e9poca. Nos inspiramos en \u00e9l para la creatividad del Liceo Franc\u00e9s de Tenerife del Curso Escolar 2018-2019.\",\"breadcrumb\":{\"@id\":\"https:\/\/www.jftcomunicacion.es\/es\/trabajos\/grafica\/liceo-frances-curso-escolar-2018-2019\/#breadcrumb\"},\"inLanguage\":\"es\",\"potentialAction\":[{\"@type\":\"ReadAction\",\"target\":[\"https:\/\/www.jftcomunicacion.es\/es\/trabajos\/grafica\/liceo-frances-curso-escolar-2018-2019\/\"]}]},{\"@type\":\"ImageObject\",\"inLanguage\":\"es\",\"@id\":\"https:\/\/www.jftcomunicacion.es\/es\/trabajos\/grafica\/liceo-frances-curso-escolar-2018-2019\/#primaryimage\",\"url\":\"https:\/\/www.jftcomunicacion.es\/wp-content\/uploads\/2019\/12\/liceofrances_jules_creatividad_jftcomunicacion.jpg\",\"contentUrl\":\"https:\/\/www.jftcomunicacion.es\/wp-content\/uploads\/2019\/12\/liceofrances_jules_creatividad_jftcomunicacion.jpg\",\"width\":384,\"height\":384},{\"@type\":\"BreadcrumbList\",\"@id\":\"https:\/\/www.jftcomunicacion.es\/es\/trabajos\/grafica\/liceo-frances-curso-escolar-2018-2019\/#breadcrumb\",\"itemListElement\":[{\"@type\":\"ListItem\",\"position\":1,\"name\":\"Portada\",\"item\":\"https:\/\/www.jftcomunicacion.es\/es\/\"},{\"@type\":\"ListItem\",\"position\":2,\"name\":\"Liceo Franc\u00e9s &#8211; Curso escolar 2018-2019\"}]},{\"@type\":\"WebSite\",\"@id\":\"https:\/\/www.jftcomunicacion.es\/es\/#website\",\"url\":\"https:\/\/www.jftcomunicacion.es\/es\/\",\"name\":\"JFT Comunicaci\u00f3n\",\"description\":\"Agencia de Publicidad y Marketing Digital\",\"publisher\":{\"@id\":\"https:\/\/www.jftcomunicacion.es\/es\/#organization\"},\"alternateName\":\"Agencia de Publicidad JFT Comunicaci\u00f3n\",\"potentialAction\":[{\"@type\":\"SearchAction\",\"target\":{\"@type\":\"EntryPoint\",\"urlTemplate\":\"https:\/\/www.jftcomunicacion.es\/es\/?s={search_term_string}\"},\"query-input\":{\"@type\":\"PropertyValueSpecification\",\"valueRequired\":true,\"valueName\":\"search_term_string\"}}],\"inLanguage\":\"es\"},{\"@type\":\"Organization\",\"@id\":\"https:\/\/www.jftcomunicacion.es\/es\/#organization\",\"name\":\"JFT Comunicaci\u00f3n\",\"alternateName\":\"Agencia de Publicidad en Canarias\",\"url\":\"https:\/\/www.jftcomunicacion.es\/es\/\",\"logo\":{\"@type\":\"ImageObject\",\"inLanguage\":\"es\",\"@id\":\"https:\/\/www.jftcomunicacion.es\/es\/#\/schema\/logo\/image\/\",\"url\":\"https:\/\/www.jftcomunicacion.es\/wp-content\/uploads\/2019\/12\/logo_jftcomunicacion-e1577624338378.png\",\"contentUrl\":\"https:\/\/www.jftcomunicacion.es\/wp-content\/uploads\/2019\/12\/logo_jftcomunicacion-e1577624338378.png\",\"width\":280,\"height\":168,\"caption\":\"JFT Comunicaci\u00f3n\"},\"image\":{\"@id\":\"https:\/\/www.jftcomunicacion.es\/es\/#\/schema\/logo\/image\/\"},\"sameAs\":[\"https:\/\/www.facebook.com\/JFTComunicacion\",\"https:\/\/www.instagram.com\/jftcomunicacion\/\",\"https:\/\/www.linkedin.com\/company\/jft-comunicacin\/\"]}]}<\/script>\n<!-- \/ Yoast SEO plugin. -->","yoast_head_json":{"title":"Liceo Franc\u00e9s \u00b7 Curso Escolar | Creatividad | JFT Comunicaci\u00f3n","description":"Jules Verne fue un adelantado a su \u00e9poca. Nos inspiramos en \u00e9l para la creatividad del Liceo Franc\u00e9s de Tenerife del Curso Escolar 2018-2019.","robots":{"index":"noindex","follow":"follow"},"og_locale":"es_ES","og_type":"article","og_title":"Liceo Franc\u00e9s \u00b7 Curso Escolar | Creatividad | JFT Comunicaci\u00f3n","og_description":"Jules Verne fue un adelantado a su \u00e9poca. Nos inspiramos en \u00e9l para la creatividad del Liceo Franc\u00e9s de Tenerife del Curso Escolar 2018-2019.","og_url":"https:\/\/www.jftcomunicacion.es\/es\/trabajos\/grafica\/liceo-frances-curso-escolar-2018-2019\/","og_site_name":"Agencia de Publicidad JFT Comunicaci\u00f3n","article_publisher":"https:\/\/www.facebook.com\/JFTComunicacion","article_modified_time":"2022-10-31T21:11:39+00:00","og_image":[{"width":384,"height":384,"url":"https:\/\/www.jftcomunicacion.es\/wp-content\/uploads\/2019\/12\/liceofrances_jules_creatividad_jftcomunicacion.jpg","type":"image\/jpeg"}],"twitter_card":"summary_large_image","twitter_misc":{"Tiempo de lectura":"2 minutos"},"schema":{"@context":"https:\/\/schema.org","@graph":[{"@type":"WebPage","@id":"https:\/\/www.jftcomunicacion.es\/es\/trabajos\/grafica\/liceo-frances-curso-escolar-2018-2019\/","url":"https:\/\/www.jftcomunicacion.es\/es\/trabajos\/grafica\/liceo-frances-curso-escolar-2018-2019\/","name":"Liceo Franc\u00e9s \u00b7 Curso Escolar | Creatividad | JFT Comunicaci\u00f3n","isPartOf":{"@id":"https:\/\/www.jftcomunicacion.es\/es\/#website"},"primaryImageOfPage":{"@id":"https:\/\/www.jftcomunicacion.es\/es\/trabajos\/grafica\/liceo-frances-curso-escolar-2018-2019\/#primaryimage"},"image":{"@id":"https:\/\/www.jftcomunicacion.es\/es\/trabajos\/grafica\/liceo-frances-curso-escolar-2018-2019\/#primaryimage"},"thumbnailUrl":"https:\/\/www.jftcomunicacion.es\/wp-content\/uploads\/2019\/12\/liceofrances_jules_creatividad_jftcomunicacion.jpg","datePublished":"2019-12-27T14:02:43+00:00","dateModified":"2022-10-31T21:11:39+00:00","description":"Jules Verne fue un adelantado a su \u00e9poca. Nos inspiramos en \u00e9l para la creatividad del Liceo Franc\u00e9s de Tenerife del Curso Escolar 2018-2019.","breadcrumb":{"@id":"https:\/\/www.jftcomunicacion.es\/es\/trabajos\/grafica\/liceo-frances-curso-escolar-2018-2019\/#breadcrumb"},"inLanguage":"es","potentialAction":[{"@type":"ReadAction","target":["https:\/\/www.jftcomunicacion.es\/es\/trabajos\/grafica\/liceo-frances-curso-escolar-2018-2019\/"]}]},{"@type":"ImageObject","inLanguage":"es","@id":"https:\/\/www.jftcomunicacion.es\/es\/trabajos\/grafica\/liceo-frances-curso-escolar-2018-2019\/#primaryimage","url":"https:\/\/www.jftcomunicacion.es\/wp-content\/uploads\/2019\/12\/liceofrances_jules_creatividad_jftcomunicacion.jpg","contentUrl":"https:\/\/www.jftcomunicacion.es\/wp-content\/uploads\/2019\/12\/liceofrances_jules_creatividad_jftcomunicacion.jpg","width":384,"height":384},{"@type":"BreadcrumbList","@id":"https:\/\/www.jftcomunicacion.es\/es\/trabajos\/grafica\/liceo-frances-curso-escolar-2018-2019\/#breadcrumb","itemListElement":[{"@type":"ListItem","position":1,"name":"Portada","item":"https:\/\/www.jftcomunicacion.es\/es\/"},{"@type":"ListItem","position":2,"name":"Liceo Franc\u00e9s &#8211; Curso escolar 2018-2019"}]},{"@type":"WebSite","@id":"https:\/\/www.jftcomunicacion.es\/es\/#website","url":"https:\/\/www.jftcomunicacion.es\/es\/","name":"JFT Comunicaci\u00f3n","description":"Agencia de Publicidad y Marketing Digital","publisher":{"@id":"https:\/\/www.jftcomunicacion.es\/es\/#organization"},"alternateName":"Agencia de Publicidad JFT Comunicaci\u00f3n","potentialAction":[{"@type":"SearchAction","target":{"@type":"EntryPoint","urlTemplate":"https:\/\/www.jftcomunicacion.es\/es\/?s={search_term_string}"},"query-input":{"@type":"PropertyValueSpecification","valueRequired":true,"valueName":"search_term_string"}}],"inLanguage":"es"},{"@type":"Organization","@id":"https:\/\/www.jftcomunicacion.es\/es\/#organization","name":"JFT Comunicaci\u00f3n","alternateName":"Agencia de Publicidad en Canarias","url":"https:\/\/www.jftcomunicacion.es\/es\/","logo":{"@type":"ImageObject","inLanguage":"es","@id":"https:\/\/www.jftcomunicacion.es\/es\/#\/schema\/logo\/image\/","url":"https:\/\/www.jftcomunicacion.es\/wp-content\/uploads\/2019\/12\/logo_jftcomunicacion-e1577624338378.png","contentUrl":"https:\/\/www.jftcomunicacion.es\/wp-content\/uploads\/2019\/12\/logo_jftcomunicacion-e1577624338378.png","width":280,"height":168,"caption":"JFT Comunicaci\u00f3n"},"image":{"@id":"https:\/\/www.jftcomunicacion.es\/es\/#\/schema\/logo\/image\/"},"sameAs":["https:\/\/www.facebook.com\/JFTComunicacion","https:\/\/www.instagram.com\/jftcomunicacion\/","https:\/\/www.linkedin.com\/company\/jft-comunicacin\/"]}]}},"_links":{"self":[{"href":"https:\/\/www.jftcomunicacion.es\/es\/wp-json\/wp\/v2\/portfolio\/76","targetHints":{"allow":["GET"]}}],"collection":[{"href":"https:\/\/www.jftcomunicacion.es\/es\/wp-json\/wp\/v2\/portfolio"}],"about":[{"href":"https:\/\/www.jftcomunicacion.es\/es\/wp-json\/wp\/v2\/types\/portfolio"}],"author":[{"embeddable":true,"href":"https:\/\/www.jftcomunicacion.es\/es\/wp-json\/wp\/v2\/users\/1"}],"version-history":[{"count":8,"href":"https:\/\/www.jftcomunicacion.es\/es\/wp-json\/wp\/v2\/portfolio\/76\/revisions"}],"predecessor-version":[{"id":5863,"href":"https:\/\/www.jftcomunicacion.es\/es\/wp-json\/wp\/v2\/portfolio\/76\/revisions\/5863"}],"wp:featuredmedia":[{"embeddable":true,"href":"https:\/\/www.jftcomunicacion.es\/es\/wp-json\/wp\/v2\/media\/130"}],"wp:attachment":[{"href":"https:\/\/www.jftcomunicacion.es\/es\/wp-json\/wp\/v2\/media?parent=76"}],"curies":[{"name":"wp","href":"https:\/\/api.w.org\/{rel}","templated":true}]}}