{"id":2224,"date":"2020-05-18T18:33:47","date_gmt":"2020-05-18T18:33:47","guid":{"rendered":"https:\/\/www.jftcomunicacion.es\/?post_type=portfolio&#038;p=2224"},"modified":"2022-09-22T00:11:37","modified_gmt":"2022-09-22T00:11:37","slug":"naviera-armas-trasmediterranea-redes-sociales","status":"publish","type":"portfolio","link":"https:\/\/www.jftcomunicacion.es\/es\/trabajos\/rrss\/naviera-armas-trasmediterranea-redes-sociales\/","title":{"rendered":"Naviera Armas Trasmediterranea &#8211; Redes Sociales"},"content":{"rendered":"<p style=\"text-align: center;\">COMO PARTE DE LA <strong>GESTI\u00d3N DE REDES SOCIALES<\/strong> DE <b>NAVIERA ARMAS TRASMEDITERR\u00c1NEA<\/b><i> <\/i>A NIVEL NACIONAL, JFT COMUNICACI\u00d3N DESARROLL\u00d3 UNA NOVEDOSA <b>ESTRATEGIA DE CONTENIDOS PARA SUS P\u00c1GINAS DE INSTAGRAM<\/b>. TRAS CONSOLIDAR LOS TERRITORIOS DE CONTENIDO EN LOS QUE LLEV\u00c1BAMOS A\u00d1OS TRABAJANDO CON EL CLIENTE, SURGE LA NECESIDAD DE IR UN PASO M\u00c1S ALL\u00c1, BUSCANDO LA COHERENCIA ENTRE AMBAS ENSE\u00d1AS DEL GRUPO Y <b>LA DIFERENCIACI\u00d3N DE LA COMPETENCIA<\/b>. PARA ELLO, OTORGAMOS <b>UN NUEVO SENTIDO EST\u00c9TICO Y VISUAL<\/b> A LAS PUBLICACIONES DE INSTAGRAM, CONSTRUYENDO UN MURO ATRACTIVO MEDIANTE MOSAICOS DE FOTOGRAF\u00cdAS O PUBLICACIONES TRIPLES QUE, EN UNA MISMA L\u00cdNEA, SE FUSIONAN O VINCULAN PARA COMUNICAR DE MANERA EFICAZ. REDUCIENDO AL M\u00c1XIMO LOS TEXTOS Y LAS PUBLICACIONES DE \u00cdNDOLE COMERCIAL,<b>SE PERSIGUE INSPIRAR A LOS USUARIOS<\/b>, MOTIV\u00c1NDOLES A NAVEGAR.<\/p>\n\n\n<div style=\"height:37px\" aria-hidden=\"true\" class=\"wp-block-spacer\"><\/div>\n\n\n<p style=\"text-align: center;\"><a href=\"\/es\/servicios\/marketing-digital\/\"><strong>DIGITAL<\/strong><\/a><\/p>\n\n\n<div style=\"height:37px\" aria-hidden=\"true\" class=\"wp-block-spacer\"><\/div>\n\n\n\n<div class=\"wp-block-blockgallery-stacked alignfull\"><ul class=\"blockgallery has-fullwidth-images has-margin\"><li class=\"blockgallery--item\"><figure class=\"blockgallery--figure has-margin-bottom-15 has-margin-bottom-mobile-15\"><img loading=\"lazy\" decoding=\"async\" width=\"1024\" height=\"165\" src=\"https:\/\/www.jftcomunicacion.es\/wp-content\/uploads\/2020\/05\/Naviera-Armas-Gestion-de-Redes-JFT-Comunicacion-1024x165.png\" alt=\"\" data-id=\"2462\" data-link=\"https:\/\/www.jftcomunicacion.es\/es\/naviera-armas-gestion-de-redes-jft-comunicacion\/\" class=\"wp-image-2462 has-shadow-none\"\/><\/figure><\/li><\/ul><\/div>\n\n\n\n<div class=\"wp-block-blockgallery-masonry\"><div class=\"blockgallery has-no-alignment has-caption-style-dark has-gutter\"><ul class=\"has-grid-lrg has-gutter-15 has-gutter-mobile-15\"><li class=\"blockgallery--item\"><figure class=\"blockgallery--figure\"><img loading=\"lazy\" decoding=\"async\" width=\"800\" height=\"800\" src=\"https:\/\/www.jftcomunicacion.es\/wp-content\/uploads\/2020\/05\/Naviera-Armas-Gestion-redes-sociales-Tindaya-1.jpg\" alt=\"\" data-id=\"2456\" data-link=\"https:\/\/www.jftcomunicacion.es\/es\/naviera-armas-gestion-redes-sociales-tindaya-1\/\" class=\"wp-image-2456\"\/><\/figure><\/li><li class=\"blockgallery--item\"><figure class=\"blockgallery--figure\"><img loading=\"lazy\" decoding=\"async\" width=\"800\" height=\"800\" src=\"https:\/\/www.jftcomunicacion.es\/wp-content\/uploads\/2020\/05\/Naviera-Armas-Gestion-redes-sociales-Tindaya-2.jpg\" alt=\"\" data-id=\"2458\" data-link=\"https:\/\/www.jftcomunicacion.es\/es\/naviera-armas-gestion-redes-sociales-tindaya-2\/\" class=\"wp-image-2458\"\/><\/figure><\/li><li class=\"blockgallery--item\"><figure class=\"blockgallery--figure\"><img loading=\"lazy\" decoding=\"async\" width=\"1024\" height=\"1024\" src=\"https:\/\/www.jftcomunicacion.es\/wp-content\/uploads\/2020\/05\/Naviera-Armas-Gestion-redes-sociales-Tindaya-3-1024x1024.png\" alt=\"\" data-id=\"2460\" data-link=\"https:\/\/www.jftcomunicacion.es\/es\/naviera-armas-gestion-redes-sociales-tindaya-3\/\" class=\"wp-image-2460\"\/><\/figure><\/li><li class=\"blockgallery--item\"><figure class=\"blockgallery--figure\"><img loading=\"lazy\" decoding=\"async\" width=\"1024\" height=\"1024\" src=\"https:\/\/www.jftcomunicacion.es\/wp-content\/uploads\/2020\/05\/Naviera-Armas-Gestion-redes-sociales-Navegando-1-1024x1024.jpg\" alt=\"\" data-id=\"2454\" data-link=\"https:\/\/www.jftcomunicacion.es\/es\/naviera-armas-gestion-redes-sociales-navegando-1\/\" class=\"wp-image-2454\"\/><\/figure><\/li><li class=\"blockgallery--item\"><figure class=\"blockgallery--figure\"><img loading=\"lazy\" decoding=\"async\" width=\"1024\" height=\"1024\" src=\"https:\/\/www.jftcomunicacion.es\/wp-content\/uploads\/2020\/05\/Naviera-Armas-Gestion-redes-sociales-Navegando-2-1024x1024.jpg\" alt=\"\" data-id=\"2450\" data-link=\"https:\/\/www.jftcomunicacion.es\/es\/naviera-armas-gestion-redes-sociales-navegando-2\/\" class=\"wp-image-2450\"\/><\/figure><\/li><li class=\"blockgallery--item\"><figure class=\"blockgallery--figure\"><img loading=\"lazy\" decoding=\"async\" width=\"1024\" height=\"1024\" src=\"https:\/\/www.jftcomunicacion.es\/wp-content\/uploads\/2020\/05\/Naviera-Armas-Gestion-redes-sociales-Navegando-3-1024x1024.jpg\" alt=\"\" data-id=\"2448\" data-link=\"https:\/\/www.jftcomunicacion.es\/es\/naviera-armas-gestion-redes-sociales-navegando-3\/\" class=\"wp-image-2448\"\/><\/figure><\/li><li class=\"blockgallery--item\"><figure class=\"blockgallery--figure\"><img loading=\"lazy\" decoding=\"async\" width=\"1024\" height=\"1024\" src=\"https:\/\/www.jftcomunicacion.es\/wp-content\/uploads\/2020\/05\/Naviera-Armas-Gestion-redes-sociales-Detino-Gran-Canaria-1-1-1024x1024.png\" alt=\"\" data-id=\"2442\" data-link=\"https:\/\/www.jftcomunicacion.es\/es\/naviera-armas-gestion-redes-sociales-detino-gran-canaria-1\/\" class=\"wp-image-2442\"\/><\/figure><\/li><li class=\"blockgallery--item\"><figure class=\"blockgallery--figure\"><img loading=\"lazy\" decoding=\"async\" width=\"1024\" height=\"1024\" src=\"https:\/\/www.jftcomunicacion.es\/wp-content\/uploads\/2020\/05\/Naviera-Armas-Gestion-redes-sociales-Detino-Gran-Canaria-2-1024x1024.png\" alt=\"\" data-id=\"2444\" data-link=\"https:\/\/www.jftcomunicacion.es\/es\/naviera-armas-gestion-redes-sociales-detino-gran-canaria-2\/\" class=\"wp-image-2444\"\/><\/figure><\/li><li class=\"blockgallery--item\"><figure class=\"blockgallery--figure\"><img loading=\"lazy\" decoding=\"async\" width=\"1024\" height=\"1024\" src=\"https:\/\/www.jftcomunicacion.es\/wp-content\/uploads\/2020\/05\/Naviera-Armas-Gestion-redes-sociales-Detino-Gran-Canaria-3-1024x1024.png\" alt=\"\" data-id=\"2446\" data-link=\"https:\/\/www.jftcomunicacion.es\/es\/naviera-armas-gestion-redes-sociales-detino-gran-canaria-3\/\" class=\"wp-image-2446\"\/><\/figure><\/li><\/ul><\/div><\/div>\n\n\n\n<div class=\"wp-block-blockgallery-stacked alignfull\"><ul class=\"blockgallery has-fullwidth-images has-margin\"><li class=\"blockgallery--item\"><figure class=\"blockgallery--figure has-margin-bottom-15 has-margin-bottom-mobile-15\"><img loading=\"lazy\" decoding=\"async\" width=\"1024\" height=\"164\" src=\"https:\/\/www.jftcomunicacion.es\/wp-content\/uploads\/2020\/05\/Trasmediterranea-Gestion-de-Redes-JFT-Comunicacion-1024x164.png\" alt=\"\" data-id=\"2464\" data-link=\"https:\/\/www.jftcomunicacion.es\/es\/trasmediterranea-gestion-de-redes-jft-comunicacion\/\" class=\"wp-image-2464 has-shadow-none\"\/><\/figure><\/li><\/ul><\/div>\n\n\n\n<div class=\"wp-block-blockgallery-masonry\"><div class=\"blockgallery has-no-alignment has-caption-style-dark has-gutter\"><ul class=\"has-grid-lrg has-gutter-15 has-gutter-mobile-15\"><li class=\"blockgallery--item\"><figure class=\"blockgallery--figure\"><img loading=\"lazy\" decoding=\"async\" width=\"1024\" height=\"1024\" src=\"https:\/\/www.jftcomunicacion.es\/wp-content\/uploads\/2020\/05\/Trasmediterranea-Gestion-redes-sociales-Villa-de-Teror-1-1024x1024.png\" alt=\"\" data-id=\"2307\" data-link=\"https:\/\/www.jftcomunicacion.es\/es\/?attachment_id=2307\" class=\"wp-image-2307\"\/><\/figure><\/li><li class=\"blockgallery--item\"><figure class=\"blockgallery--figure\"><img loading=\"lazy\" decoding=\"async\" width=\"1024\" height=\"1024\" src=\"https:\/\/www.jftcomunicacion.es\/wp-content\/uploads\/2020\/05\/Trasmediterranea-Gestion-redes-sociales-Villa-de-Teror-2-1024x1024.jpg\" alt=\"\" data-id=\"2309\" data-link=\"https:\/\/www.jftcomunicacion.es\/es\/?attachment_id=2309\" class=\"wp-image-2309\"\/><\/figure><\/li><li class=\"blockgallery--item\"><figure class=\"blockgallery--figure\"><img loading=\"lazy\" decoding=\"async\" width=\"1024\" height=\"1024\" src=\"https:\/\/www.jftcomunicacion.es\/wp-content\/uploads\/2020\/05\/Trasmediterranea-Gestion-redes-sociales-Villa-de-Teror-3-1024x1024.jpg\" alt=\"\" data-id=\"2305\" data-link=\"https:\/\/www.jftcomunicacion.es\/es\/?attachment_id=2305\" class=\"wp-image-2305\"\/><\/figure><\/li><li class=\"blockgallery--item\"><figure class=\"blockgallery--figure\"><img loading=\"lazy\" decoding=\"async\" width=\"1024\" height=\"1024\" src=\"https:\/\/www.jftcomunicacion.es\/wp-content\/uploads\/2020\/05\/Trasmediterranea-Gestion-redes-sociales-Navegando-1-1024x1024.jpg\" alt=\"\" data-id=\"2299\" data-link=\"https:\/\/www.jftcomunicacion.es\/es\/?attachment_id=2299\" class=\"wp-image-2299\"\/><\/figure><\/li><li class=\"blockgallery--item\"><figure class=\"blockgallery--figure\"><img loading=\"lazy\" decoding=\"async\" width=\"1024\" height=\"1024\" src=\"https:\/\/www.jftcomunicacion.es\/wp-content\/uploads\/2020\/05\/Trasmediterranea-Gestion-redes-sociales-Navegando-2-1024x1024.jpg\" alt=\"\" data-id=\"2301\" data-link=\"https:\/\/www.jftcomunicacion.es\/es\/?attachment_id=2301\" class=\"wp-image-2301\"\/><\/figure><\/li><li class=\"blockgallery--item\"><figure class=\"blockgallery--figure\"><img loading=\"lazy\" decoding=\"async\" width=\"1024\" height=\"1024\" src=\"https:\/\/www.jftcomunicacion.es\/wp-content\/uploads\/2020\/05\/Trasmediterranea-Gestion-redes-sociales-Navegando-3-1024x1024.jpg\" alt=\"\" data-id=\"2303\" data-link=\"https:\/\/www.jftcomunicacion.es\/es\/?attachment_id=2303\" class=\"wp-image-2303\"\/><\/figure><\/li><li class=\"blockgallery--item\"><figure class=\"blockgallery--figure\"><img loading=\"lazy\" decoding=\"async\" width=\"1024\" height=\"1024\" src=\"https:\/\/www.jftcomunicacion.es\/wp-content\/uploads\/2020\/05\/Trasmediterranea-Gestion-redes-sociales-Destino-Mallorca-1-1024x1024.png\" alt=\"\" data-id=\"2293\" data-link=\"https:\/\/www.jftcomunicacion.es\/es\/?attachment_id=2293\" class=\"wp-image-2293\"\/><\/figure><\/li><li class=\"blockgallery--item\"><figure class=\"blockgallery--figure\"><img loading=\"lazy\" decoding=\"async\" width=\"1024\" height=\"1024\" src=\"https:\/\/www.jftcomunicacion.es\/wp-content\/uploads\/2020\/05\/Trasmediterranea-Gestion-redes-sociales-Destino-Mallorca-2-1024x1024.png\" alt=\"\" data-id=\"2295\" data-link=\"https:\/\/www.jftcomunicacion.es\/es\/?attachment_id=2295\" class=\"wp-image-2295\"\/><\/figure><\/li><li class=\"blockgallery--item\"><figure class=\"blockgallery--figure\"><img loading=\"lazy\" decoding=\"async\" width=\"1024\" height=\"1024\" src=\"https:\/\/www.jftcomunicacion.es\/wp-content\/uploads\/2020\/05\/Trasmediterranea-Gestion-redes-sociales-Destino-Mallorca-3-1024x1024.png\" alt=\"\" data-id=\"2297\" data-link=\"https:\/\/www.jftcomunicacion.es\/es\/?attachment_id=2297\" class=\"wp-image-2297\"\/><\/figure><\/li><\/ul><\/div><\/div>\n","protected":false},"excerpt":{"rendered":"<p>COMO PARTE DE LA GESTI\u00d3N DE REDES SOCIALES DE NAVIERA ARMAS TRASMEDITERR\u00c1NEA A NIVEL NACIONAL, JFT COMUNICACI\u00d3N DESARROLL\u00d3&#8230;<\/p>\n","protected":false},"author":2,"featured_media":2450,"template":"","meta":{"_acf_changed":false,"footnotes":""},"class_list":["post-2224","portfolio","type-portfolio","status-publish","has-post-thumbnail","hentry","portfolio_category-rrss"],"acf":[],"yoast_head":"<!-- This site is optimized with the Yoast SEO plugin v25.9 - https:\/\/yoast.com\/wordpress\/plugins\/seo\/ -->\n<title>Naviera Armas Trasmediterr\u00e1nea | Gesti\u00f3n de redes sociales | JFT<\/title>\n<meta name=\"description\" content=\"Gesti\u00f3n de redes sociales de Naviera Armas Trasmediterr\u00e1nea a nivel nacional. Desarrollo de una novedosa estrategia de contenidos para Instagram.\" \/>\n<meta name=\"robots\" content=\"noindex, follow\" \/>\n<meta property=\"og:locale\" content=\"es_ES\" \/>\n<meta property=\"og:type\" content=\"article\" \/>\n<meta property=\"og:title\" content=\"Naviera Armas Trasmediterr\u00e1nea | Gesti\u00f3n de redes sociales | JFT\" \/>\n<meta property=\"og:description\" content=\"Gesti\u00f3n de redes sociales de Naviera Armas Trasmediterr\u00e1nea a nivel nacional. Desarrollo de una novedosa estrategia de contenidos para Instagram.\" \/>\n<meta property=\"og:url\" content=\"https:\/\/www.jftcomunicacion.es\/es\/trabajos\/rrss\/naviera-armas-trasmediterranea-redes-sociales\/\" \/>\n<meta property=\"og:site_name\" content=\"Agencia de Publicidad JFT Comunicaci\u00f3n\" \/>\n<meta property=\"article:publisher\" content=\"https:\/\/www.facebook.com\/JFTComunicacion\" \/>\n<meta property=\"article:modified_time\" content=\"2022-09-22T00:11:37+00:00\" \/>\n<meta property=\"og:image\" content=\"https:\/\/www.jftcomunicacion.es\/wp-content\/uploads\/2020\/05\/Naviera-Armas-Gestion-redes-sociales-Navegando-2.jpg\" \/>\n\t<meta property=\"og:image:width\" content=\"1728\" \/>\n\t<meta property=\"og:image:height\" content=\"1728\" \/>\n\t<meta property=\"og:image:type\" content=\"image\/jpeg\" \/>\n<meta name=\"twitter:card\" content=\"summary_large_image\" \/>\n<meta name=\"twitter:label1\" content=\"Tiempo de lectura\" \/>\n\t<meta name=\"twitter:data1\" content=\"5 minutos\" \/>\n<script type=\"application\/ld+json\" class=\"yoast-schema-graph\">{\"@context\":\"https:\/\/schema.org\",\"@graph\":[{\"@type\":\"WebPage\",\"@id\":\"https:\/\/www.jftcomunicacion.es\/es\/trabajos\/rrss\/naviera-armas-trasmediterranea-redes-sociales\/\",\"url\":\"https:\/\/www.jftcomunicacion.es\/es\/trabajos\/rrss\/naviera-armas-trasmediterranea-redes-sociales\/\",\"name\":\"Naviera Armas Trasmediterr\u00e1nea | Gesti\u00f3n de redes sociales | JFT\",\"isPartOf\":{\"@id\":\"https:\/\/www.jftcomunicacion.es\/es\/#website\"},\"primaryImageOfPage\":{\"@id\":\"https:\/\/www.jftcomunicacion.es\/es\/trabajos\/rrss\/naviera-armas-trasmediterranea-redes-sociales\/#primaryimage\"},\"image\":{\"@id\":\"https:\/\/www.jftcomunicacion.es\/es\/trabajos\/rrss\/naviera-armas-trasmediterranea-redes-sociales\/#primaryimage\"},\"thumbnailUrl\":\"https:\/\/www.jftcomunicacion.es\/wp-content\/uploads\/2020\/05\/Naviera-Armas-Gestion-redes-sociales-Navegando-2.jpg\",\"datePublished\":\"2020-05-18T18:33:47+00:00\",\"dateModified\":\"2022-09-22T00:11:37+00:00\",\"description\":\"Gesti\u00f3n de redes sociales de Naviera Armas Trasmediterr\u00e1nea a nivel nacional. Desarrollo de una novedosa estrategia de contenidos para Instagram.\",\"breadcrumb\":{\"@id\":\"https:\/\/www.jftcomunicacion.es\/es\/trabajos\/rrss\/naviera-armas-trasmediterranea-redes-sociales\/#breadcrumb\"},\"inLanguage\":\"es\",\"potentialAction\":[{\"@type\":\"ReadAction\",\"target\":[\"https:\/\/www.jftcomunicacion.es\/es\/trabajos\/rrss\/naviera-armas-trasmediterranea-redes-sociales\/\"]}]},{\"@type\":\"ImageObject\",\"inLanguage\":\"es\",\"@id\":\"https:\/\/www.jftcomunicacion.es\/es\/trabajos\/rrss\/naviera-armas-trasmediterranea-redes-sociales\/#primaryimage\",\"url\":\"https:\/\/www.jftcomunicacion.es\/wp-content\/uploads\/2020\/05\/Naviera-Armas-Gestion-redes-sociales-Navegando-2.jpg\",\"contentUrl\":\"https:\/\/www.jftcomunicacion.es\/wp-content\/uploads\/2020\/05\/Naviera-Armas-Gestion-redes-sociales-Navegando-2.jpg\",\"width\":1728,\"height\":1728,\"caption\":\"Gesti\u00f3n de redes sociales de Naviera Armas. Navegando, foto 2. JFT Comunicaci\u00f3n\"},{\"@type\":\"BreadcrumbList\",\"@id\":\"https:\/\/www.jftcomunicacion.es\/es\/trabajos\/rrss\/naviera-armas-trasmediterranea-redes-sociales\/#breadcrumb\",\"itemListElement\":[{\"@type\":\"ListItem\",\"position\":1,\"name\":\"Portada\",\"item\":\"https:\/\/www.jftcomunicacion.es\/es\/\"},{\"@type\":\"ListItem\",\"position\":2,\"name\":\"Naviera Armas Trasmediterranea &#8211; Redes Sociales\"}]},{\"@type\":\"WebSite\",\"@id\":\"https:\/\/www.jftcomunicacion.es\/es\/#website\",\"url\":\"https:\/\/www.jftcomunicacion.es\/es\/\",\"name\":\"JFT Comunicaci\u00f3n\",\"description\":\"Agencia de Publicidad y Marketing Digital\",\"publisher\":{\"@id\":\"https:\/\/www.jftcomunicacion.es\/es\/#organization\"},\"alternateName\":\"Agencia de Publicidad JFT Comunicaci\u00f3n\",\"potentialAction\":[{\"@type\":\"SearchAction\",\"target\":{\"@type\":\"EntryPoint\",\"urlTemplate\":\"https:\/\/www.jftcomunicacion.es\/es\/?s={search_term_string}\"},\"query-input\":{\"@type\":\"PropertyValueSpecification\",\"valueRequired\":true,\"valueName\":\"search_term_string\"}}],\"inLanguage\":\"es\"},{\"@type\":\"Organization\",\"@id\":\"https:\/\/www.jftcomunicacion.es\/es\/#organization\",\"name\":\"JFT Comunicaci\u00f3n\",\"alternateName\":\"Agencia de Publicidad en Canarias\",\"url\":\"https:\/\/www.jftcomunicacion.es\/es\/\",\"logo\":{\"@type\":\"ImageObject\",\"inLanguage\":\"es\",\"@id\":\"https:\/\/www.jftcomunicacion.es\/es\/#\/schema\/logo\/image\/\",\"url\":\"https:\/\/www.jftcomunicacion.es\/wp-content\/uploads\/2019\/12\/logo_jftcomunicacion-e1577624338378.png\",\"contentUrl\":\"https:\/\/www.jftcomunicacion.es\/wp-content\/uploads\/2019\/12\/logo_jftcomunicacion-e1577624338378.png\",\"width\":280,\"height\":168,\"caption\":\"JFT Comunicaci\u00f3n\"},\"image\":{\"@id\":\"https:\/\/www.jftcomunicacion.es\/es\/#\/schema\/logo\/image\/\"},\"sameAs\":[\"https:\/\/www.facebook.com\/JFTComunicacion\",\"https:\/\/www.instagram.com\/jftcomunicacion\/\",\"https:\/\/www.linkedin.com\/company\/jft-comunicacin\/\"]}]}<\/script>\n<!-- \/ Yoast SEO plugin. -->","yoast_head_json":{"title":"Naviera Armas Trasmediterr\u00e1nea | Gesti\u00f3n de redes sociales | JFT","description":"Gesti\u00f3n de redes sociales de Naviera Armas Trasmediterr\u00e1nea a nivel nacional. Desarrollo de una novedosa estrategia de contenidos para Instagram.","robots":{"index":"noindex","follow":"follow"},"og_locale":"es_ES","og_type":"article","og_title":"Naviera Armas Trasmediterr\u00e1nea | Gesti\u00f3n de redes sociales | JFT","og_description":"Gesti\u00f3n de redes sociales de Naviera Armas Trasmediterr\u00e1nea a nivel nacional. Desarrollo de una novedosa estrategia de contenidos para Instagram.","og_url":"https:\/\/www.jftcomunicacion.es\/es\/trabajos\/rrss\/naviera-armas-trasmediterranea-redes-sociales\/","og_site_name":"Agencia de Publicidad JFT Comunicaci\u00f3n","article_publisher":"https:\/\/www.facebook.com\/JFTComunicacion","article_modified_time":"2022-09-22T00:11:37+00:00","og_image":[{"width":1728,"height":1728,"url":"https:\/\/www.jftcomunicacion.es\/wp-content\/uploads\/2020\/05\/Naviera-Armas-Gestion-redes-sociales-Navegando-2.jpg","type":"image\/jpeg"}],"twitter_card":"summary_large_image","twitter_misc":{"Tiempo de lectura":"5 minutos"},"schema":{"@context":"https:\/\/schema.org","@graph":[{"@type":"WebPage","@id":"https:\/\/www.jftcomunicacion.es\/es\/trabajos\/rrss\/naviera-armas-trasmediterranea-redes-sociales\/","url":"https:\/\/www.jftcomunicacion.es\/es\/trabajos\/rrss\/naviera-armas-trasmediterranea-redes-sociales\/","name":"Naviera Armas Trasmediterr\u00e1nea | Gesti\u00f3n de redes sociales | JFT","isPartOf":{"@id":"https:\/\/www.jftcomunicacion.es\/es\/#website"},"primaryImageOfPage":{"@id":"https:\/\/www.jftcomunicacion.es\/es\/trabajos\/rrss\/naviera-armas-trasmediterranea-redes-sociales\/#primaryimage"},"image":{"@id":"https:\/\/www.jftcomunicacion.es\/es\/trabajos\/rrss\/naviera-armas-trasmediterranea-redes-sociales\/#primaryimage"},"thumbnailUrl":"https:\/\/www.jftcomunicacion.es\/wp-content\/uploads\/2020\/05\/Naviera-Armas-Gestion-redes-sociales-Navegando-2.jpg","datePublished":"2020-05-18T18:33:47+00:00","dateModified":"2022-09-22T00:11:37+00:00","description":"Gesti\u00f3n de redes sociales de Naviera Armas Trasmediterr\u00e1nea a nivel nacional. Desarrollo de una novedosa estrategia de contenidos para Instagram.","breadcrumb":{"@id":"https:\/\/www.jftcomunicacion.es\/es\/trabajos\/rrss\/naviera-armas-trasmediterranea-redes-sociales\/#breadcrumb"},"inLanguage":"es","potentialAction":[{"@type":"ReadAction","target":["https:\/\/www.jftcomunicacion.es\/es\/trabajos\/rrss\/naviera-armas-trasmediterranea-redes-sociales\/"]}]},{"@type":"ImageObject","inLanguage":"es","@id":"https:\/\/www.jftcomunicacion.es\/es\/trabajos\/rrss\/naviera-armas-trasmediterranea-redes-sociales\/#primaryimage","url":"https:\/\/www.jftcomunicacion.es\/wp-content\/uploads\/2020\/05\/Naviera-Armas-Gestion-redes-sociales-Navegando-2.jpg","contentUrl":"https:\/\/www.jftcomunicacion.es\/wp-content\/uploads\/2020\/05\/Naviera-Armas-Gestion-redes-sociales-Navegando-2.jpg","width":1728,"height":1728,"caption":"Gesti\u00f3n de redes sociales de Naviera Armas. Navegando, foto 2. JFT Comunicaci\u00f3n"},{"@type":"BreadcrumbList","@id":"https:\/\/www.jftcomunicacion.es\/es\/trabajos\/rrss\/naviera-armas-trasmediterranea-redes-sociales\/#breadcrumb","itemListElement":[{"@type":"ListItem","position":1,"name":"Portada","item":"https:\/\/www.jftcomunicacion.es\/es\/"},{"@type":"ListItem","position":2,"name":"Naviera Armas Trasmediterranea &#8211; Redes Sociales"}]},{"@type":"WebSite","@id":"https:\/\/www.jftcomunicacion.es\/es\/#website","url":"https:\/\/www.jftcomunicacion.es\/es\/","name":"JFT Comunicaci\u00f3n","description":"Agencia de Publicidad y Marketing Digital","publisher":{"@id":"https:\/\/www.jftcomunicacion.es\/es\/#organization"},"alternateName":"Agencia de Publicidad JFT Comunicaci\u00f3n","potentialAction":[{"@type":"SearchAction","target":{"@type":"EntryPoint","urlTemplate":"https:\/\/www.jftcomunicacion.es\/es\/?s={search_term_string}"},"query-input":{"@type":"PropertyValueSpecification","valueRequired":true,"valueName":"search_term_string"}}],"inLanguage":"es"},{"@type":"Organization","@id":"https:\/\/www.jftcomunicacion.es\/es\/#organization","name":"JFT Comunicaci\u00f3n","alternateName":"Agencia de Publicidad en Canarias","url":"https:\/\/www.jftcomunicacion.es\/es\/","logo":{"@type":"ImageObject","inLanguage":"es","@id":"https:\/\/www.jftcomunicacion.es\/es\/#\/schema\/logo\/image\/","url":"https:\/\/www.jftcomunicacion.es\/wp-content\/uploads\/2019\/12\/logo_jftcomunicacion-e1577624338378.png","contentUrl":"https:\/\/www.jftcomunicacion.es\/wp-content\/uploads\/2019\/12\/logo_jftcomunicacion-e1577624338378.png","width":280,"height":168,"caption":"JFT Comunicaci\u00f3n"},"image":{"@id":"https:\/\/www.jftcomunicacion.es\/es\/#\/schema\/logo\/image\/"},"sameAs":["https:\/\/www.facebook.com\/JFTComunicacion","https:\/\/www.instagram.com\/jftcomunicacion\/","https:\/\/www.linkedin.com\/company\/jft-comunicacin\/"]}]}},"_links":{"self":[{"href":"https:\/\/www.jftcomunicacion.es\/es\/wp-json\/wp\/v2\/portfolio\/2224","targetHints":{"allow":["GET"]}}],"collection":[{"href":"https:\/\/www.jftcomunicacion.es\/es\/wp-json\/wp\/v2\/portfolio"}],"about":[{"href":"https:\/\/www.jftcomunicacion.es\/es\/wp-json\/wp\/v2\/types\/portfolio"}],"author":[{"embeddable":true,"href":"https:\/\/www.jftcomunicacion.es\/es\/wp-json\/wp\/v2\/users\/2"}],"version-history":[{"count":15,"href":"https:\/\/www.jftcomunicacion.es\/es\/wp-json\/wp\/v2\/portfolio\/2224\/revisions"}],"predecessor-version":[{"id":5763,"href":"https:\/\/www.jftcomunicacion.es\/es\/wp-json\/wp\/v2\/portfolio\/2224\/revisions\/5763"}],"wp:featuredmedia":[{"embeddable":true,"href":"https:\/\/www.jftcomunicacion.es\/es\/wp-json\/wp\/v2\/media\/2450"}],"wp:attachment":[{"href":"https:\/\/www.jftcomunicacion.es\/es\/wp-json\/wp\/v2\/media?parent=2224"}],"curies":[{"name":"wp","href":"https:\/\/api.w.org\/{rel}","templated":true}]}}