{"id":8540,"date":"2023-06-13T11:24:06","date_gmt":"2023-06-13T11:24:06","guid":{"rendered":"https:\/\/www.jftcomunicacion.es\/?page_id=8540"},"modified":"2023-06-16T11:16:28","modified_gmt":"2023-06-16T11:16:28","slug":"contrata-la-publicidad-en-el-aeropuerto","status":"publish","type":"page","link":"https:\/\/www.jftcomunicacion.es\/es\/contrata-la-publicidad-en-el-aeropuerto\/","title":{"rendered":"Contrata la publicidad en el aeropuerto"},"content":{"rendered":"\n<div class=\"wp-block-group pgroup\"><div class=\"wp-block-group__inner-container is-layout-flow wp-block-group-is-layout-flow\">\n<p class=\"has-text-align-center\">\u00bfQUIERES QUE TU EMPRESA SEA VISTA POR MILLONES DE PERSONAS EN UN SOLO LUGAR?<\/p>\n\n\n\n<h2 class=\"has-text-align-center anton wp-block-heading\">APROVECHA LA OPORTUNIDAD DE LLEGAR A LOS POTENCIALES CLIENTES QUE NOS VISTAN CON LA PUBLICIDAD EN EL AEROPUERTO.<\/h2>\n\n\n\n<p class=\"has-text-align-center\">LLEGA A MILES DE VIAJEROS Y HAZ CRECER TU NEGOCIO.<\/p>\n<\/div><\/div>\n\n\n\n<div class=\"wp-block-group pgroup black_box full has-white-color has-black-background-color has-text-color has-background\"><div class=\"wp-block-group__inner-container is-layout-flow wp-block-group-is-layout-flow\">\n<p class=\"has-text-align-center\">CONTRATA LA PUBLICIDAD EN EL AEROPUERTO DESDE 24\u20ac\/DIA<\/p>\n\n\n<button data-id=\"8556\" data-post_id=\"8540\" data-form_style=\"1\" data-allow_outside_click=\"1\" data-width=\"500px\" class=\"wpb-pcf-form-fire wpb-pcf-btn-medium wpb-pcf-btn wpb-pcf-btn-default\">PIDE PRESUPUESTO SIN COMPROMISO<\/button>\n\n\n\n<p class=\"has-text-align-center has-small-font-size\">*Oferta limitada<\/p>\n<\/div><\/div>\n\n\n\n<div class=\"wp-block-columns is-layout-flex wp-container-core-columns-is-layout-28f84493 wp-block-columns-is-layout-flex\">\n<div class=\"wp-block-column is-layout-flow wp-block-column-is-layout-flow\"><div class=\"wp-block-image\">\n<figure class=\"alignright size-full\"><img loading=\"lazy\" decoding=\"async\" width=\"640\" height=\"427\" src=\"https:\/\/www.jftcomunicacion.es\/wp-content\/uploads\/2023\/06\/publicidad-aeropuerto.jpg\" alt=\"\" class=\"wp-image-8618\"\/><\/figure><\/div><\/div>\n\n\n\n<div class=\"wp-block-column is-layout-flow wp-block-column-is-layout-flow\">\n<h2 class=\"anton wp-block-heading\">\u00bfQU\u00c9 BENEFICIOS VOY A OBTENER?<\/h2>\n\n\n\n<p class=\"big_arrow_inner\"><strong>Alcance global<\/strong><br>el aeropuerto es un lugar de paso para viajeros de todo el mundo, lo que significa que tu marca puede ser vista por una audiencia internacional<\/p>\n\n\n\n<p class=\"big_arrow_inner\"><strong>Tiempo de espera<\/strong><br>los viajeros suelen pasar tiempo en el aeropuerto esperando vuelos, lo que significa que tienen tiempo para prestar atenci\u00f3n a la publicidad.<\/p>\n\n\n\n<p class=\"big_arrow_inner\"><strong>Impacto duradero<\/strong><br>la publicidad en el aeropuerto puede tener un impacto duradero en la mente del consumidor, ya que est\u00e1n en un estado de \u00e1nimo receptivo y abierto a nuevas experiencias.<\/p>\n\n\n\n<p class=\"big_arrow_inner\"><strong>Exposici\u00f3n constante<\/strong><br>la publicidad en el aeropuerto est\u00e1 presente las 24 horas del d\u00eda, los 7 d\u00edas de la semana, lo que significa que tu marca ser\u00e1 vista constantemente por una audiencia en movimiento.<\/p>\n\n\n\n<p class=\"big_arrow_inner\"><strong>Segmentaci\u00f3n de mercado<\/strong><br>Puedes elegir colocar tu publicidad en \u00e1reas espec\u00edficas del aeropuerto para alcanzar un p\u00fablico objetivo: Por ejemplo: si ofreces servicios de lujo, puedes colocar tu publicidad en la sala VIP<\/p>\n<\/div>\n<\/div>\n\n\n\n<div class=\"wp-block-group\"><div class=\"wp-block-group__inner-container is-layout-flow wp-block-group-is-layout-flow\"><div class=\"wp-block-ub-divider ub_divider ub-divider-orientation-horizontal\" id=\"ub_divider_b3532560-edc7-486b-b816-21b53a8b0f71\"><div class=\"ub_divider_wrapper\" style=\"position: relative; margin-bottom: 80px; width: 100%; height: 80px; \" data-divider-alignment=\"center\"><div class=\"ub_divider_line\" style=\"border-top: 1px solid #000000; margin-top: 80px; \"><\/div><\/div><\/div><\/div><\/div>\n\n\n\n<div class=\"wp-block-columns is-layout-flex wp-container-core-columns-is-layout-28f84493 wp-block-columns-is-layout-flex\">\n<div class=\"wp-block-column is-layout-flow wp-block-column-is-layout-flow\" style=\"flex-basis:66.66%\">\n<h2 class=\"has-text-align-right anton wp-block-heading\">QUIENES SOMOS<\/h2>\n\n\n\n<p class=\"has-text-align-right\">Somos JFT Comunicaci\u00f3n, agencia de marketing 360, con m\u00e1s de 55 a\u00f1os de experiencia en el sector.<\/p>\n\n\n\n<p class=\"has-text-align-right\">Nuestro equipo formado con m\u00e1s de 60 expertos, ha ayudado a m\u00e1s de mil clientes aportando valor a su empresa.<\/p>\n\n\n\n<p class=\"has-text-align-right\">Ofrecemos una amplia gama de servicios cubriendo as\u00ed las necesidades de nuestros clientes.<\/p>\n\n\n\n<p class=\"has-text-align-right\"><strong>JFT Comunicaci\u00f3n es la agencia l\u00edder en Canarias.<\/strong><\/p>\n<\/div>\n\n\n\n<div class=\"wp-block-column is-layout-flow wp-block-column-is-layout-flow\" style=\"flex-basis:33.33%\">\n<figure class=\"wp-block-image size-full\"><img loading=\"lazy\" decoding=\"async\" width=\"388\" height=\"388\" src=\"https:\/\/www.jftcomunicacion.es\/wp-content\/uploads\/2023\/06\/quienes-somos.jpg\" alt=\"\" class=\"wp-image-8543\"\/><\/figure>\n<\/div>\n<\/div>\n\n\n\n<div class=\"wp-block-group\"><div class=\"wp-block-group__inner-container is-layout-flow wp-block-group-is-layout-flow\"><div class=\"wp-block-ub-divider ub_divider ub-divider-orientation-horizontal\" id=\"ub_divider_d811872b-273e-4f8c-9bd0-69706815ce63\"><div class=\"ub_divider_wrapper\" style=\"position: relative; margin-bottom: 80px; width: 100%; height: 80px; \" data-divider-alignment=\"center\"><div class=\"ub_divider_line\" style=\"border-top: 1px solid #000000; margin-top: 80px; \"><\/div><\/div><\/div><\/div><\/div>\n\n\n\n<h2 class=\"has-text-align-center anton wp-block-heading\" style=\"text-transform:uppercase\">Lo que dicen de nosotros<\/h2>\n\n\n\n<div class=\"wp-block-group\"><div class=\"wp-block-group__inner-container is-layout-flow wp-block-group-is-layout-flow\">\n<div class=\"wp-block-columns is-layout-flex wp-container-core-columns-is-layout-28f84493 wp-block-columns-is-layout-flex\">\n<div class=\"wp-block-column is-layout-flow wp-block-column-is-layout-flow\">\n<figure class=\"wp-block-image size-full\"><img loading=\"lazy\" decoding=\"async\" width=\"642\" height=\"168\" src=\"https:\/\/www.jftcomunicacion.es\/wp-content\/uploads\/2023\/06\/1.jpg\" alt=\"\" class=\"wp-image-8586\"\/><\/figure>\n<\/div>\n\n\n\n<div class=\"wp-block-column is-layout-flow wp-block-column-is-layout-flow\">\n<figure class=\"wp-block-image size-full\"><img loading=\"lazy\" decoding=\"async\" width=\"634\" height=\"157\" src=\"https:\/\/www.jftcomunicacion.es\/wp-content\/uploads\/2023\/06\/2.jpg\" alt=\"\" class=\"wp-image-8584\"\/><\/figure>\n<\/div>\n<\/div>\n\n\n\n<div class=\"wp-block-columns is-layout-flex wp-container-core-columns-is-layout-28f84493 wp-block-columns-is-layout-flex\">\n<div class=\"wp-block-column is-layout-flow wp-block-column-is-layout-flow\">\n<figure class=\"wp-block-image size-full\"><img loading=\"lazy\" decoding=\"async\" width=\"640\" height=\"150\" src=\"https:\/\/www.jftcomunicacion.es\/wp-content\/uploads\/2023\/06\/3.jpg\" alt=\"\" class=\"wp-image-8580\"\/><\/figure>\n<\/div>\n\n\n\n<div class=\"wp-block-column is-layout-flow wp-block-column-is-layout-flow\">\n<figure class=\"wp-block-image size-full\"><img loading=\"lazy\" decoding=\"async\" width=\"639\" height=\"122\" src=\"https:\/\/www.jftcomunicacion.es\/wp-content\/uploads\/2023\/06\/4.jpg\" alt=\"\" class=\"wp-image-8576\"\/><\/figure>\n<\/div>\n<\/div>\n\n\n\n<div class=\"wp-block-columns is-layout-flex wp-container-core-columns-is-layout-28f84493 wp-block-columns-is-layout-flex\">\n<div class=\"wp-block-column is-layout-flow wp-block-column-is-layout-flow\">\n<figure class=\"wp-block-image size-full\"><img loading=\"lazy\" decoding=\"async\" width=\"640\" height=\"103\" src=\"https:\/\/www.jftcomunicacion.es\/wp-content\/uploads\/2023\/06\/5.jpg\" alt=\"\" class=\"wp-image-8581\"\/><\/figure>\n<\/div>\n\n\n\n<div class=\"wp-block-column is-layout-flow wp-block-column-is-layout-flow\">\n<figure class=\"wp-block-image size-full\"><img loading=\"lazy\" decoding=\"async\" width=\"648\" height=\"95\" src=\"https:\/\/www.jftcomunicacion.es\/wp-content\/uploads\/2023\/06\/6.jpg\" alt=\"\" class=\"wp-image-8578\"\/><\/figure>\n<\/div>\n<\/div>\n<\/div><\/div>\n\n\n\n<div class=\"wp-block-group\"><div class=\"wp-block-group__inner-container is-layout-flow wp-block-group-is-layout-flow\"><div class=\"wp-block-ub-divider ub_divider ub-divider-orientation-horizontal\" id=\"ub_divider_c66c4b95-6262-4af4-8f1f-f5b49bc3c7d6\"><div class=\"ub_divider_wrapper\" style=\"position: relative; margin-bottom: 80px; width: 100%; height: 80px; \" data-divider-alignment=\"center\"><div class=\"ub_divider_line\" style=\"border-top: 1px solid #000000; margin-top: 80px; \"><\/div><\/div><\/div><\/div><\/div>\n\n\n\n<h2 class=\"has-text-align-center anton wp-block-heading\">PUBLICIDADES EN LOS AEROPUERTOS<\/h2>\n\n\n<div class=\"query query-nuestros_soportes-wrapper servicios portfolio_slider\">\n\t<div class=\"query-wrapper-content\">\n\t\t\n\t\t\n\t\t<div class=\"query-content\">\n\t\t\t<div class=\"query-unformatted query-nuestros_soportes\">\n\n\n\t\n\n\t\n\n\t\n\n\t<\/div>\n\t\t\t\t\t<\/div>\n\n\t\t\t<\/div>\n<\/div>\n\n\n\n<div class=\"wp-block-group pgroup black_box full has-white-color has-black-background-color has-text-color has-background\"><div class=\"wp-block-group__inner-container is-layout-flow wp-block-group-is-layout-flow\">\n<p class=\"has-text-align-center\">CONTRATA LA PUBLICIDAD EN EL AEROPUERTO DESDE 24\u20ac\/DIA<\/p>\n\n\n<button data-id=\"8556\" data-post_id=\"6826\" data-form_style=\"1\" data-allow_outside_click=\"1\" data-width=\"500px\" class=\"wpb-pcf-form-fire wpb-pcf-btn-medium wpb-pcf-btn wpb-pcf-btn-default\">PIDE PRESUPUESTO SIN COMPROMISO<\/button>\n\n\n\n<p class=\"has-text-align-center has-small-font-size\">*Oferta limitada<\/p>\n<\/div><\/div>\n\n\n<div class=\"wp-block-image\">\n<figure class=\"aligncenter size-medium\"><img loading=\"lazy\" decoding=\"async\" width=\"300\" height=\"231\" src=\"https:\/\/www.jftcomunicacion.es\/wp-content\/uploads\/2019\/12\/logo_jftcomunicacion-300x231.png\" alt=\"\" class=\"wp-image-48\"\/><\/figure><\/div>","protected":false},"excerpt":{"rendered":"<p>\u00bfQUIERES QUE TU EMPRESA SEA VISTA POR MILLONES DE PERSONAS EN UN SOLO LUGAR? APROVECHA LA OPORTUNIDAD DE&#8230;<\/p>\n","protected":false},"author":1,"featured_media":0,"parent":0,"menu_order":0,"comment_status":"closed","ping_status":"closed","template":"fullwidth.php","meta":{"_acf_changed":false,"footnotes":""},"class_list":["post-8540","page","type-page","status-publish","hentry"],"acf":[],"featured_image_src":null,"yoast_head":"<!-- This site is optimized with the Yoast SEO plugin v25.9 - https:\/\/yoast.com\/wordpress\/plugins\/seo\/ -->\n<title>Contrata la publicidad en el aeropuerto - Agencia de Publicidad JFT Comunicaci\u00f3n<\/title>\n<meta name=\"robots\" content=\"index, follow, max-snippet:-1, max-image-preview:large, max-video-preview:-1\" \/>\n<link rel=\"canonical\" href=\"https:\/\/www.jftcomunicacion.es\/es\/contrata-la-publicidad-en-el-aeropuerto\/\" \/>\n<meta property=\"og:locale\" content=\"es_ES\" \/>\n<meta property=\"og:type\" content=\"article\" \/>\n<meta property=\"og:title\" content=\"Contrata la publicidad en el aeropuerto - Agencia de Publicidad JFT Comunicaci\u00f3n\" \/>\n<meta property=\"og:description\" content=\"\u00bfQUIERES QUE TU EMPRESA SEA VISTA POR MILLONES DE PERSONAS EN UN SOLO LUGAR? APROVECHA LA OPORTUNIDAD DE...\" \/>\n<meta property=\"og:url\" content=\"https:\/\/www.jftcomunicacion.es\/es\/contrata-la-publicidad-en-el-aeropuerto\/\" \/>\n<meta property=\"og:site_name\" content=\"Agencia de Publicidad JFT Comunicaci\u00f3n\" \/>\n<meta property=\"article:publisher\" content=\"https:\/\/www.facebook.com\/JFTComunicacion\" \/>\n<meta property=\"article:modified_time\" content=\"2023-06-16T11:16:28+00:00\" \/>\n<meta property=\"og:image\" content=\"https:\/\/www.jftcomunicacion.es\/wp-content\/uploads\/2023\/06\/publicidad-aeropuerto.jpg\" \/>\n\t<meta property=\"og:image:width\" content=\"640\" \/>\n\t<meta property=\"og:image:height\" content=\"427\" \/>\n\t<meta property=\"og:image:type\" content=\"image\/jpeg\" \/>\n<meta name=\"twitter:card\" content=\"summary_large_image\" \/>\n<meta name=\"twitter:label1\" content=\"Tiempo de lectura\" \/>\n\t<meta name=\"twitter:data1\" content=\"4 minutos\" \/>\n<script type=\"application\/ld+json\" class=\"yoast-schema-graph\">{\"@context\":\"https:\/\/schema.org\",\"@graph\":[{\"@type\":\"WebPage\",\"@id\":\"https:\/\/www.jftcomunicacion.es\/es\/contrata-la-publicidad-en-el-aeropuerto\/\",\"url\":\"https:\/\/www.jftcomunicacion.es\/es\/contrata-la-publicidad-en-el-aeropuerto\/\",\"name\":\"Contrata la publicidad en el aeropuerto - Agencia de Publicidad JFT Comunicaci\u00f3n\",\"isPartOf\":{\"@id\":\"https:\/\/www.jftcomunicacion.es\/es\/#website\"},\"primaryImageOfPage\":{\"@id\":\"https:\/\/www.jftcomunicacion.es\/es\/contrata-la-publicidad-en-el-aeropuerto\/#primaryimage\"},\"image\":{\"@id\":\"https:\/\/www.jftcomunicacion.es\/es\/contrata-la-publicidad-en-el-aeropuerto\/#primaryimage\"},\"thumbnailUrl\":\"https:\/\/www.jftcomunicacion.es\/wp-content\/uploads\/2023\/06\/publicidad-aeropuerto.jpg\",\"datePublished\":\"2023-06-13T11:24:06+00:00\",\"dateModified\":\"2023-06-16T11:16:28+00:00\",\"breadcrumb\":{\"@id\":\"https:\/\/www.jftcomunicacion.es\/es\/contrata-la-publicidad-en-el-aeropuerto\/#breadcrumb\"},\"inLanguage\":\"es\",\"potentialAction\":[{\"@type\":\"ReadAction\",\"target\":[\"https:\/\/www.jftcomunicacion.es\/es\/contrata-la-publicidad-en-el-aeropuerto\/\"]}]},{\"@type\":\"ImageObject\",\"inLanguage\":\"es\",\"@id\":\"https:\/\/www.jftcomunicacion.es\/es\/contrata-la-publicidad-en-el-aeropuerto\/#primaryimage\",\"url\":\"https:\/\/www.jftcomunicacion.es\/wp-content\/uploads\/2023\/06\/publicidad-aeropuerto.jpg\",\"contentUrl\":\"https:\/\/www.jftcomunicacion.es\/wp-content\/uploads\/2023\/06\/publicidad-aeropuerto.jpg\"},{\"@type\":\"BreadcrumbList\",\"@id\":\"https:\/\/www.jftcomunicacion.es\/es\/contrata-la-publicidad-en-el-aeropuerto\/#breadcrumb\",\"itemListElement\":[{\"@type\":\"ListItem\",\"position\":1,\"name\":\"Portada\",\"item\":\"https:\/\/www.jftcomunicacion.es\/es\/\"},{\"@type\":\"ListItem\",\"position\":2,\"name\":\"Contrata la publicidad en el aeropuerto\"}]},{\"@type\":\"WebSite\",\"@id\":\"https:\/\/www.jftcomunicacion.es\/es\/#website\",\"url\":\"https:\/\/www.jftcomunicacion.es\/es\/\",\"name\":\"JFT Comunicaci\u00f3n\",\"description\":\"Agencia de Publicidad y Marketing Digital\",\"publisher\":{\"@id\":\"https:\/\/www.jftcomunicacion.es\/es\/#organization\"},\"alternateName\":\"Agencia de Publicidad JFT Comunicaci\u00f3n\",\"potentialAction\":[{\"@type\":\"SearchAction\",\"target\":{\"@type\":\"EntryPoint\",\"urlTemplate\":\"https:\/\/www.jftcomunicacion.es\/es\/?s={search_term_string}\"},\"query-input\":{\"@type\":\"PropertyValueSpecification\",\"valueRequired\":true,\"valueName\":\"search_term_string\"}}],\"inLanguage\":\"es\"},{\"@type\":\"Organization\",\"@id\":\"https:\/\/www.jftcomunicacion.es\/es\/#organization\",\"name\":\"JFT Comunicaci\u00f3n\",\"alternateName\":\"Agencia de Publicidad en Canarias\",\"url\":\"https:\/\/www.jftcomunicacion.es\/es\/\",\"logo\":{\"@type\":\"ImageObject\",\"inLanguage\":\"es\",\"@id\":\"https:\/\/www.jftcomunicacion.es\/es\/#\/schema\/logo\/image\/\",\"url\":\"https:\/\/www.jftcomunicacion.es\/wp-content\/uploads\/2019\/12\/logo_jftcomunicacion-e1577624338378.png\",\"contentUrl\":\"https:\/\/www.jftcomunicacion.es\/wp-content\/uploads\/2019\/12\/logo_jftcomunicacion-e1577624338378.png\",\"width\":280,\"height\":168,\"caption\":\"JFT Comunicaci\u00f3n\"},\"image\":{\"@id\":\"https:\/\/www.jftcomunicacion.es\/es\/#\/schema\/logo\/image\/\"},\"sameAs\":[\"https:\/\/www.facebook.com\/JFTComunicacion\",\"https:\/\/www.instagram.com\/jftcomunicacion\/\",\"https:\/\/www.linkedin.com\/company\/jft-comunicacin\/\"]}]}<\/script>\n<!-- \/ Yoast SEO plugin. -->","yoast_head_json":{"title":"Contrata la publicidad en el aeropuerto - Agencia de Publicidad JFT Comunicaci\u00f3n","robots":{"index":"index","follow":"follow","max-snippet":"max-snippet:-1","max-image-preview":"max-image-preview:large","max-video-preview":"max-video-preview:-1"},"canonical":"https:\/\/www.jftcomunicacion.es\/es\/contrata-la-publicidad-en-el-aeropuerto\/","og_locale":"es_ES","og_type":"article","og_title":"Contrata la publicidad en el aeropuerto - Agencia de Publicidad JFT Comunicaci\u00f3n","og_description":"\u00bfQUIERES QUE TU EMPRESA SEA VISTA POR MILLONES DE PERSONAS EN UN SOLO LUGAR? APROVECHA LA OPORTUNIDAD DE...","og_url":"https:\/\/www.jftcomunicacion.es\/es\/contrata-la-publicidad-en-el-aeropuerto\/","og_site_name":"Agencia de Publicidad JFT Comunicaci\u00f3n","article_publisher":"https:\/\/www.facebook.com\/JFTComunicacion","article_modified_time":"2023-06-16T11:16:28+00:00","og_image":[{"width":640,"height":427,"url":"https:\/\/www.jftcomunicacion.es\/wp-content\/uploads\/2023\/06\/publicidad-aeropuerto.jpg","type":"image\/jpeg"}],"twitter_card":"summary_large_image","twitter_misc":{"Tiempo de lectura":"4 minutos"},"schema":{"@context":"https:\/\/schema.org","@graph":[{"@type":"WebPage","@id":"https:\/\/www.jftcomunicacion.es\/es\/contrata-la-publicidad-en-el-aeropuerto\/","url":"https:\/\/www.jftcomunicacion.es\/es\/contrata-la-publicidad-en-el-aeropuerto\/","name":"Contrata la publicidad en el aeropuerto - Agencia de Publicidad JFT Comunicaci\u00f3n","isPartOf":{"@id":"https:\/\/www.jftcomunicacion.es\/es\/#website"},"primaryImageOfPage":{"@id":"https:\/\/www.jftcomunicacion.es\/es\/contrata-la-publicidad-en-el-aeropuerto\/#primaryimage"},"image":{"@id":"https:\/\/www.jftcomunicacion.es\/es\/contrata-la-publicidad-en-el-aeropuerto\/#primaryimage"},"thumbnailUrl":"https:\/\/www.jftcomunicacion.es\/wp-content\/uploads\/2023\/06\/publicidad-aeropuerto.jpg","datePublished":"2023-06-13T11:24:06+00:00","dateModified":"2023-06-16T11:16:28+00:00","breadcrumb":{"@id":"https:\/\/www.jftcomunicacion.es\/es\/contrata-la-publicidad-en-el-aeropuerto\/#breadcrumb"},"inLanguage":"es","potentialAction":[{"@type":"ReadAction","target":["https:\/\/www.jftcomunicacion.es\/es\/contrata-la-publicidad-en-el-aeropuerto\/"]}]},{"@type":"ImageObject","inLanguage":"es","@id":"https:\/\/www.jftcomunicacion.es\/es\/contrata-la-publicidad-en-el-aeropuerto\/#primaryimage","url":"https:\/\/www.jftcomunicacion.es\/wp-content\/uploads\/2023\/06\/publicidad-aeropuerto.jpg","contentUrl":"https:\/\/www.jftcomunicacion.es\/wp-content\/uploads\/2023\/06\/publicidad-aeropuerto.jpg"},{"@type":"BreadcrumbList","@id":"https:\/\/www.jftcomunicacion.es\/es\/contrata-la-publicidad-en-el-aeropuerto\/#breadcrumb","itemListElement":[{"@type":"ListItem","position":1,"name":"Portada","item":"https:\/\/www.jftcomunicacion.es\/es\/"},{"@type":"ListItem","position":2,"name":"Contrata la publicidad en el aeropuerto"}]},{"@type":"WebSite","@id":"https:\/\/www.jftcomunicacion.es\/es\/#website","url":"https:\/\/www.jftcomunicacion.es\/es\/","name":"JFT Comunicaci\u00f3n","description":"Agencia de Publicidad y Marketing Digital","publisher":{"@id":"https:\/\/www.jftcomunicacion.es\/es\/#organization"},"alternateName":"Agencia de Publicidad JFT Comunicaci\u00f3n","potentialAction":[{"@type":"SearchAction","target":{"@type":"EntryPoint","urlTemplate":"https:\/\/www.jftcomunicacion.es\/es\/?s={search_term_string}"},"query-input":{"@type":"PropertyValueSpecification","valueRequired":true,"valueName":"search_term_string"}}],"inLanguage":"es"},{"@type":"Organization","@id":"https:\/\/www.jftcomunicacion.es\/es\/#organization","name":"JFT Comunicaci\u00f3n","alternateName":"Agencia de Publicidad en Canarias","url":"https:\/\/www.jftcomunicacion.es\/es\/","logo":{"@type":"ImageObject","inLanguage":"es","@id":"https:\/\/www.jftcomunicacion.es\/es\/#\/schema\/logo\/image\/","url":"https:\/\/www.jftcomunicacion.es\/wp-content\/uploads\/2019\/12\/logo_jftcomunicacion-e1577624338378.png","contentUrl":"https:\/\/www.jftcomunicacion.es\/wp-content\/uploads\/2019\/12\/logo_jftcomunicacion-e1577624338378.png","width":280,"height":168,"caption":"JFT Comunicaci\u00f3n"},"image":{"@id":"https:\/\/www.jftcomunicacion.es\/es\/#\/schema\/logo\/image\/"},"sameAs":["https:\/\/www.facebook.com\/JFTComunicacion","https:\/\/www.instagram.com\/jftcomunicacion\/","https:\/\/www.linkedin.com\/company\/jft-comunicacin\/"]}]}},"_links":{"self":[{"href":"https:\/\/www.jftcomunicacion.es\/es\/wp-json\/wp\/v2\/pages\/8540","targetHints":{"allow":["GET"]}}],"collection":[{"href":"https:\/\/www.jftcomunicacion.es\/es\/wp-json\/wp\/v2\/pages"}],"about":[{"href":"https:\/\/www.jftcomunicacion.es\/es\/wp-json\/wp\/v2\/types\/page"}],"author":[{"embeddable":true,"href":"https:\/\/www.jftcomunicacion.es\/es\/wp-json\/wp\/v2\/users\/1"}],"replies":[{"embeddable":true,"href":"https:\/\/www.jftcomunicacion.es\/es\/wp-json\/wp\/v2\/comments?post=8540"}],"version-history":[{"count":23,"href":"https:\/\/www.jftcomunicacion.es\/es\/wp-json\/wp\/v2\/pages\/8540\/revisions"}],"predecessor-version":[{"id":8620,"href":"https:\/\/www.jftcomunicacion.es\/es\/wp-json\/wp\/v2\/pages\/8540\/revisions\/8620"}],"wp:attachment":[{"href":"https:\/\/www.jftcomunicacion.es\/es\/wp-json\/wp\/v2\/media?parent=8540"}],"curies":[{"name":"wp","href":"https:\/\/api.w.org\/{rel}","templated":true}]}}