{"id":31,"date":"2019-12-22T09:03:21","date_gmt":"2019-12-22T09:03:21","guid":{"rendered":"http:\/\/2020.jftcomunicacion.es\/?page_id=31"},"modified":"2025-10-07T12:28:10","modified_gmt":"2025-10-07T12:28:10","slug":"contacto","status":"publish","type":"page","link":"https:\/\/www.jftcomunicacion.es\/es\/contacto\/","title":{"rendered":"Contacto"},"content":{"rendered":"\n<h1 class=\"wp-block-heading has-text-align-center\">Cont\u00e1ctanos<\/h1>\n\n\n\n<p class=\"has-text-align-center\">JFT Comunicaci\u00f3n: cont\u00e1ctanos y pongamos en marcha tu campa\u00f1a. Te respondemos r\u00e1pido con una propuesta clara y un presupuesto sin compromiso.<\/p>\n\n\n\n<div class=\"wp-block-group forms_update\"><div class=\"wp-block-group__inner-container is-layout-constrained wp-block-group-is-layout-constrained\">\n<div class=\"wpcf7 no-js\" id=\"wpcf7-f15500-o1\" lang=\"es-ES\" dir=\"ltr\" data-wpcf7-id=\"15500\">\n<div class=\"screen-reader-response\"><p role=\"status\" aria-live=\"polite\" aria-atomic=\"true\"><\/p> <ul><\/ul><\/div>\n<form action=\"\/es\/wp-json\/wp\/v2\/pages\/31#wpcf7-f15500-o1\" method=\"post\" class=\"wpcf7-form init chimpmatic-1.7.2 311e8279435b cmatic-conn cmatic-aud-5 cmatic-mapd0-0 cmatic-v0975 cmatic-pro-v172 cmatic-sent-0 cmatic-total-3\" aria-label=\"Formulario de contacto\" novalidate=\"novalidate\" data-status=\"init\">\n<fieldset class=\"hidden-fields-container\"><input type=\"hidden\" name=\"_wpcf7\" value=\"15500\" \/><input type=\"hidden\" name=\"_wpcf7_version\" value=\"6.1.5\" \/><input type=\"hidden\" name=\"_wpcf7_locale\" value=\"es_ES\" \/><input type=\"hidden\" name=\"_wpcf7_unit_tag\" value=\"wpcf7-f15500-o1\" \/><input type=\"hidden\" name=\"_wpcf7_container_post\" value=\"0\" \/><input type=\"hidden\" name=\"_wpcf7_posted_data_hash\" value=\"\" \/><input type=\"hidden\" name=\"_wpcf7_recaptcha_response\" value=\"\" \/>\n<\/fieldset>\n<p><span class=\"wpcf7-form-control-wrap\" data-name=\"your-name\"><input size=\"40\" maxlength=\"400\" class=\"wpcf7-form-control wpcf7-text wpcf7-validates-as-required icon icon_name\" aria-required=\"true\" aria-invalid=\"false\" placeholder=\"Nombre y apellidos *\" value=\"\" type=\"text\" name=\"your-name\" \/><\/span>\n<\/p>\n<div class=\"two-columns\">\n\t<div>\n\t\t<p><span class=\"wpcf7-form-control-wrap\" data-name=\"nombre_empresa\"><input size=\"40\" maxlength=\"400\" class=\"wpcf7-form-control wpcf7-text wpcf7-validates-as-required icon icon_company\" aria-required=\"true\" aria-invalid=\"false\" placeholder=\"Empresa *\" value=\"\" type=\"text\" name=\"nombre_empresa\" \/><\/span>\n\t\t<\/p>\n\t<\/div>\n\t<div>\n\t\t<p><span class=\"wpcf7-form-control-wrap\" data-name=\"your-email\"><input size=\"40\" maxlength=\"400\" class=\"wpcf7-form-control wpcf7-email wpcf7-validates-as-required wpcf7-text wpcf7-validates-as-email icon icon_mail\" aria-required=\"true\" aria-invalid=\"false\" placeholder=\"Correo *\" value=\"\" type=\"email\" name=\"your-email\" \/><\/span>\n\t\t<\/p>\n\t<\/div>\n<\/div>\n<p><span class=\"wpcf7-form-control-wrap\" data-name=\"phone\"><input size=\"40\" maxlength=\"400\" class=\"wpcf7-form-control wpcf7-tel wpcf7-validates-as-required wpcf7-text wpcf7-validates-as-tel icon icon_phone\" aria-required=\"true\" aria-invalid=\"false\" placeholder=\"Tel\u00e9fono *\" value=\"\" type=\"tel\" name=\"phone\" \/><\/span>\n<\/p>\n<p><strong>MEDIO DE CONTACTO PREFERIDO<\/strong>\n<\/p>\n<p><span class=\"wpcf7-form-control-wrap\" data-name=\"medio-contacto\"><span class=\"wpcf7-form-control wpcf7-checkbox\"><span class=\"wpcf7-list-item first\"><label><input type=\"checkbox\" name=\"medio-contacto[]\" value=\"e-mail\" \/><span class=\"wpcf7-list-item-label\">e-mail<\/span><\/label><\/span><span class=\"wpcf7-list-item\"><label><input type=\"checkbox\" name=\"medio-contacto[]\" value=\"WhatsApp\" \/><span class=\"wpcf7-list-item-label\">WhatsApp<\/span><\/label><\/span><span class=\"wpcf7-list-item last\"><label><input type=\"checkbox\" name=\"medio-contacto[]\" value=\"Tel\u00e9fono\" \/><span class=\"wpcf7-list-item-label\">Tel\u00e9fono<\/span><\/label><\/span><\/span><\/span>\n<\/p>\n<p><strong>HORARIO DE PREFERENCIA<\/strong>\n<\/p>\n<p><span class=\"wpcf7-form-control-wrap\" data-name=\"horario-preferencia\"><span class=\"wpcf7-form-control wpcf7-radio\"><span class=\"wpcf7-list-item first\"><label><input type=\"radio\" name=\"horario-preferencia\" value=\"Ma\u00f1ana\" \/><span class=\"wpcf7-list-item-label\">Ma\u00f1ana<\/span><\/label><\/span><span class=\"wpcf7-list-item\"><label><input type=\"radio\" name=\"horario-preferencia\" value=\"Tarde\" \/><span class=\"wpcf7-list-item-label\">Tarde<\/span><\/label><\/span><span class=\"wpcf7-list-item last\"><label><input type=\"radio\" name=\"horario-preferencia\" value=\"Indiferente\" \/><span class=\"wpcf7-list-item-label\">Indiferente<\/span><\/label><\/span><\/span><\/span>\n<\/p>\n<p><strong>QU\u00c9 EST\u00c1S BUSCANDO<\/strong>\n<\/p>\n<p><span class=\"wpcf7-form-control-wrap\" data-name=\"category\"><span class=\"wpcf7-form-control wpcf7-checkbox categories\"><span class=\"wpcf7-list-item first\"><label><input type=\"checkbox\" name=\"category[]\" value=\"Creatividad\" \/><span class=\"wpcf7-list-item-label\">Creatividad<\/span><\/label><\/span><span class=\"wpcf7-list-item\"><label><input type=\"checkbox\" name=\"category[]\" value=\"Digital\" \/><span class=\"wpcf7-list-item-label\">Digital<\/span><\/label><\/span><span class=\"wpcf7-list-item\"><label><input type=\"checkbox\" name=\"category[]\" value=\"Exterior\" \/><span class=\"wpcf7-list-item-label\">Exterior<\/span><\/label><\/span><span class=\"wpcf7-list-item\"><label><input type=\"checkbox\" name=\"category[]\" value=\"Aeropuertos\" \/><span class=\"wpcf7-list-item-label\">Aeropuertos<\/span><\/label><\/span><span class=\"wpcf7-list-item\"><label><input type=\"checkbox\" name=\"category[]\" value=\"Medios (TV, radio, prensa)\" \/><span class=\"wpcf7-list-item-label\">Medios (TV, radio, prensa)<\/span><\/label><\/span><span class=\"wpcf7-list-item\"><label><input type=\"checkbox\" name=\"category[]\" value=\"Stand\" \/><span class=\"wpcf7-list-item-label\">Stand<\/span><\/label><\/span><span class=\"wpcf7-list-item\"><label><input type=\"checkbox\" name=\"category[]\" value=\"Eventos\" \/><span class=\"wpcf7-list-item-label\">Eventos<\/span><\/label><\/span><span class=\"wpcf7-list-item\"><label><input type=\"checkbox\" name=\"category[]\" value=\"Producci\u00f3n\" \/><span class=\"wpcf7-list-item-label\">Producci\u00f3n<\/span><\/label><\/span><span class=\"wpcf7-list-item last\"><label><input type=\"checkbox\" name=\"category[]\" value=\"Otros\" \/><span class=\"wpcf7-list-item-label\">Otros<\/span><\/label><\/span><\/span><\/span>\n<\/p>\n<p><strong>N\u00ba DE EMPLEADOS EN TU ORGANIZACI\u00d3N<\/strong>\n<\/p>\n<p><span class=\"wpcf7-form-control-wrap\" data-name=\"empleados\"><span class=\"wpcf7-form-control wpcf7-radio\"><span class=\"wpcf7-list-item first\"><label><input type=\"radio\" name=\"empleados\" value=\"0 - 10 empleados\" \/><span class=\"wpcf7-list-item-label\">0 - 10 empleados<\/span><\/label><\/span><span class=\"wpcf7-list-item\"><label><input type=\"radio\" name=\"empleados\" value=\"&gt;10 &lt;50 empleados\" \/><span class=\"wpcf7-list-item-label\">&gt;10 &lt;50 empleados<\/span><\/label><\/span><span class=\"wpcf7-list-item\"><label><input type=\"radio\" name=\"empleados\" value=\"&gt;50 &lt;150  empleados\" \/><span class=\"wpcf7-list-item-label\">&gt;50 &lt;150  empleados<\/span><\/label><\/span><span class=\"wpcf7-list-item\"><label><input type=\"radio\" name=\"empleados\" value=\"&gt;150 empleados\" \/><span class=\"wpcf7-list-item-label\">&gt;150 empleados<\/span><\/label><\/span><span class=\"wpcf7-list-item last\"><label><input type=\"radio\" name=\"empleados\" value=\"Administraci\u00f3n p\u00fablica\" \/><span class=\"wpcf7-list-item-label\">Administraci\u00f3n p\u00fablica<\/span><\/label><\/span><\/span><\/span>\n<\/p>\n<p><strong>PRESUPUESTO PREVISTO<\/strong>\n<\/p>\n<p><span class=\"wpcf7-form-control-wrap\" data-name=\"presupuesto\"><span class=\"wpcf7-form-control wpcf7-radio\"><span class=\"wpcf7-list-item first\"><label><input type=\"radio\" name=\"presupuesto\" value=\"De 0 a 1.000\u20ac\" \/><span class=\"wpcf7-list-item-label\">De 0 a 1.000\u20ac<\/span><\/label><\/span><span class=\"wpcf7-list-item\"><label><input type=\"radio\" name=\"presupuesto\" value=\"De 1.000 a 6.000\u20ac\" \/><span class=\"wpcf7-list-item-label\">De 1.000 a 6.000\u20ac<\/span><\/label><\/span><span class=\"wpcf7-list-item\"><label><input type=\"radio\" name=\"presupuesto\" value=\"De 6.000 a 15.000\u20ac\" \/><span class=\"wpcf7-list-item-label\">De 6.000 a 15.000\u20ac<\/span><\/label><\/span><span class=\"wpcf7-list-item last\"><label><input type=\"radio\" name=\"presupuesto\" value=\"M\u00e1s de 15.000\u20ac\" \/><span class=\"wpcf7-list-item-label\">M\u00e1s de 15.000\u20ac<\/span><\/label><\/span><\/span><\/span>\n<\/p>\n<p><strong>CU\u00c9NTANOS EN QU\u00c9 TE PODEMOS AYUDAR<\/strong>\n<\/p>\n<p><span class=\"wpcf7-form-control-wrap\" data-name=\"your-message\"><textarea cols=\"40\" rows=\"10\" maxlength=\"2000\" class=\"wpcf7-form-control wpcf7-textarea\" aria-invalid=\"false\" placeholder=\"MENSAJE\" name=\"your-message\"><\/textarea><\/span>\n<\/p>\n<p><span class=\"wpcf7-form-control-wrap\" data-name=\"acceptance-265\"><span class=\"wpcf7-form-control wpcf7-acceptance\"><span class=\"wpcf7-list-item\"><label><input type=\"checkbox\" name=\"acceptance-265\" value=\"1\" aria-invalid=\"false\" \/><span class=\"wpcf7-list-item-label\">*He le\u00eddo la <a target=\"blank\" href=\"https:\/\/www.jftcomunicacion.es\/es\/proteccion-de-datos\/\" ><b>informaci\u00f3n b\u00e1sica sobre protecci\u00f3n de datos<\/b><\/a> y acepto el tratamiento de mis datos para la finalidad descrita.<\/span><\/label><\/span><\/span><\/span>\n<\/p>\n\n<p><input class=\"wpcf7-form-control wpcf7-submit has-spinner\" type=\"submit\" value=\"Enviar\" \/>\n<\/p><div class=\"wpcf7-response-output\" aria-hidden=\"true\"><\/div>\n<\/form>\n<\/div>\n\n<\/div><\/div>\n\n\n\n<script type=\"application\/ld+json\">\n{\n  \"@context\": \"https:\/\/schema.org\",\n  \"@graph\": [\n    {\n      \"@type\": \"Organization\",\n      \"@id\": \"https:\/\/www.jftcomunicacion.es\/#org\",\n      \"name\": \"JFT Comunicaci\u00f3n\",\n      \"url\": \"https:\/\/www.jftcomunicacion.es\/\",\n      \"logo\": {\n        \"@type\": \"ImageObject\",\n        \"url\": \"https:\/\/www.jftcomunicacion.es\/wp-content\/uploads\/2019\/12\/logo_jftcomunicacion-1.png\"\n      },\n      \"contactPoint\": [\n        {\n          \"@type\": \"ContactPoint\",\n          \"contactType\": \"sales\",\n          \"areaServed\": [\"Islas Canarias\",\"ES\"],\n          \"availableLanguage\": [\"es\"],\n          \"url\": \"https:\/\/www.jftcomunicacion.es\/es\/contacto\/\"\n        }\n      ]\n    },\n    {\n      \"@type\": \"ContactPage\",\n      \"@id\": \"https:\/\/www.jftcomunicacion.es\/es\/contacto\/#webpage\",\n      \"url\": \"https:\/\/www.jftcomunicacion.es\/es\/contacto\/\",\n      \"name\": \"Contacto | JFT Comunicaci\u00f3n\",\n      \"inLanguage\": \"es\",\n      \"isPartOf\": { \"@id\": \"https:\/\/www.jftcomunicacion.es\/#website\" },\n      \"description\": \"Contacta con JFT Comunicaci\u00f3n y recibe propuesta y presupuesto r\u00e1pido para tu proyecto de marketing, creatividad y medios.\"\n    },\n    {\n      \"@type\": \"BreadcrumbList\",\n      \"@id\": \"https:\/\/www.jftcomunicacion.es\/es\/contacto\/#breadcrumbs\",\n      \"itemListElement\": [\n        { \"@type\": \"ListItem\", \"position\": 1, \"name\": \"Inicio\", \"item\": \"https:\/\/www.jftcomunicacion.es\/es\/\" },\n        { \"@type\": \"ListItem\", \"position\": 2, \"name\": \"Contacto\", \"item\": \"https:\/\/www.jftcomunicacion.es\/es\/contacto\/\" }\n      ]\n    },\n    {\n      \"@type\": \"WebSite\",\n      \"@id\": \"https:\/\/www.jftcomunicacion.es\/#website\",\n      \"url\": \"https:\/\/www.jftcomunicacion.es\/\",\n      \"name\": \"JFT Comunicaci\u00f3n\"\n    }\n  ]\n}\n<\/script>\n\n\n\n\n<h3 class=\"wp-block-heading has-text-align-center\">\u00bfA\u00fan valorando opciones? Descubre c\u00f3mo podemos ayudarte<\/h3>\n\n\n\n<p class=\"has-text-align-center\">Si quieres ver todo lo que podemos hacer por tu marca, explora nuestros <a href=\"https:\/\/www.jftcomunicacion.es\/es\/\">servicios de Agencia de publicidad 360<\/a><\/p>\n\n\n\n<p class=\"has-text-align-center\">Insp\u00edrate con algunos de nuestros <a href=\"https:\/\/www.jftcomunicacion.es\/es\/trabajos\/\">casos de \u00e9xito<\/a> Y si buscas cobertura en TV, radio o prensa, conoce nuestra <a href=\"https:\/\/www.jftcomunicacion.es\/es\/servicios\/agencia-de-medios\/\">agencia de medios<\/a> o de <a href=\"https:\/\/www.jftcomunicacion.es\/es\/servicios\/marketing-digital\/\">marketing digital<\/a><\/p>\n\n\n\n<div style=\"height:100px\" aria-hidden=\"true\" class=\"wp-block-spacer\"><\/div>\n\n\n\n<div class=\"wp-block-group ntmblock\"><div class=\"wp-block-group__inner-container is-layout-flow wp-block-group-is-layout-flow\">\n<h2 class=\"wp-block-heading has-text-align-center\" style=\"font-size:27px\">NUESTRAS OFICINAS<\/h2>\n\n\n\n<div style=\"height:40px\" aria-hidden=\"true\" class=\"wp-block-spacer\"><\/div>\n\n\n\n<div class=\"wp-block-group centered fondo_equis\"><div class=\"wp-block-group__inner-container is-layout-flow wp-block-group-is-layout-flow\">\n<h3 class=\"wp-block-heading has-text-align-center inline has-black-color has-white-background-color has-text-color has-background\" style=\"font-size:18px\">CANARIAS<\/h3>\n<\/div><\/div>\n\n\n\n<div style=\"height:20px\" aria-hidden=\"true\" class=\"wp-block-spacer\"><\/div>\n\n\n\n<div class=\"wp-block-group toolbar centered\"><div class=\"wp-block-group__inner-container is-layout-flow wp-block-group-is-layout-flow\">\n<ul class=\"wp-block-list fa fa-phone\">\n<li><a href=\"tel:\/\/922508800\" target=\"_blank\" rel=\"noreferrer noopener\">tel<\/a><\/li>\n<\/ul>\n\n\n\n<ul class=\"wp-block-list fa fa-envelope-o\">\n<li><a data-type=\"mailto\" data-id=\"mailto:info@jftcomunicacion.es\" href=\"mailto:info@jftcomunicacion.es\" target=\"_blank\" rel=\"noreferrer noopener\">mail<\/a><\/li>\n<\/ul>\n<\/div><\/div>\n\n\n\n<div style=\"height:30px\" aria-hidden=\"true\" class=\"wp-block-spacer\"><\/div>\n\n\n\n<div class=\"wp-block-columns maps is-layout-flex wp-container-core-columns-is-layout-28f84493 wp-block-columns-is-layout-flex\">\n<div class=\"wp-block-column is-layout-flow wp-block-column-is-layout-flow\">\n<p class=\"has-text-align-center\" style=\"font-size:18px\"><strong>JFT Comunicaci\u00f3n<br>Santa Cruz de Tenerife<\/strong><\/p>\n\n\n<div class=\"wp-block-image\">\n<figure class=\"aligncenter size-full\"><a href=\"https:\/\/maps.app.goo.gl\/WGTAt2CVKhZZt6Tn7\" target=\"_blank\" rel=\"noreferrer noopener\"><img loading=\"lazy\" decoding=\"async\" width=\"308\" height=\"308\" src=\"https:\/\/www.jftcomunicacion.es\/wp-content\/uploads\/2025\/04\/jft-comunicacion-santa-cruz-1.webp\" alt=\"\" class=\"wp-image-14930\"\/><\/a><\/figure><\/div>\n\n\n<p class=\"has-text-align-center\" style=\"font-size:16px\">Puerto Escondido 3, Piso 1\u00ba, 38002 Santa Cruz De Tenerife<\/p>\n<\/div>\n\n\n\n<div class=\"wp-block-column is-layout-flow wp-block-column-is-layout-flow\">\n<p class=\"has-text-align-center\" style=\"font-size:18px\"><strong>JFT Comunicaci\u00f3n<br>Las Palmas de Gran Canaria<\/strong><\/p>\n\n\n<div class=\"wp-block-image\">\n<figure class=\"aligncenter size-full\"><a href=\"https:\/\/www.google.com\/maps\/place\/JFT+Comunicaci%C3%B3n+%7C+Agencia+de+Publicidad\/@28.141652,-15.4305987,16.61z\/data=!4m6!3m5!1s0xc4095ae59052c5d:0xefe7f6a6d2a3a422!8m2!3d28.1417276!4d-15.4306371!16s%2Fg%2F11fktcmz9f?hl=es&amp;entry=ttu&amp;g_ep=EgoyMDI1MDQwNi4wIKXMDSoJLDEwMjExNDU1SAFQAw%3D%3D\" target=\"_blank\" rel=\"noreferrer noopener\"><img loading=\"lazy\" decoding=\"async\" width=\"308\" height=\"308\" src=\"https:\/\/www.jftcomunicacion.es\/wp-content\/uploads\/2025\/04\/jftcomunicacion-laspalmas.webp\" alt=\"\" class=\"wp-image-14768\"\/><\/a><\/figure><\/div>\n\n\n<p class=\"has-text-align-center\">C Luis Morote,6 3\u00ba of. 2.35.007<br>Las Palmas de Gran Canaria<\/p>\n<\/div>\n\n\n\n<div class=\"wp-block-column is-layout-flow wp-block-column-is-layout-flow\">\n<p class=\"has-text-align-center\" style=\"font-size:18px\"><strong>JFT Comunicaci\u00f3n<br>Arona<\/strong><\/p>\n\n\n<div class=\"wp-block-image\">\n<figure class=\"aligncenter size-full\"><a href=\"https:\/\/www.google.com\/maps\/place\/JFT+Comunicaci%C3%B3n+%7C+Agencia+de+Publicidad+%7C+Arona\/@28.0552309,-16.7156723,17z\/data=!3m1!4b1!4m6!3m5!1s0xc6a99411ca2d879:0x69556648a76b31d6!8m2!3d28.0552309!4d-16.7134836!16s%2Fg%2F11fktfrn1y\" target=\"_blank\" rel=\"noreferrer noopener\"><img loading=\"lazy\" decoding=\"async\" width=\"308\" height=\"308\" src=\"https:\/\/www.jftcomunicacion.es\/wp-content\/uploads\/2025\/04\/jft-comunicacion-arona.webp\" alt=\"\" class=\"wp-image-14488\"\/><\/a><\/figure><\/div>\n\n\n<p class=\"has-text-align-center\" style=\"font-size:16px\">Avenida Bulevar Chajofe, Edificio Ed\u00e9n, Local 11C 38650 Arona<\/p>\n<\/div>\n<\/div>\n\n\n\n<div style=\"height:20px\" aria-hidden=\"true\" class=\"wp-block-spacer\"><\/div>\n\n\n\n<div class=\"wp-block-group centered fondo_equis\"><div class=\"wp-block-group__inner-container is-layout-flow wp-block-group-is-layout-flow\">\n<h3 class=\"wp-block-heading has-text-align-center inline has-black-color has-white-background-color has-text-color has-background\" style=\"font-size:18px\">ANDALUC\u00cdA<\/h3>\n<\/div><\/div>\n\n\n\n<div style=\"height:20px\" aria-hidden=\"true\" class=\"wp-block-spacer\"><\/div>\n\n\n\n<div class=\"wp-block-group toolbar centered\"><div class=\"wp-block-group__inner-container is-layout-flow wp-block-group-is-layout-flow\">\n<ul class=\"wp-block-list fa fa-phone\">\n<li><a href=\"tel:\/\/922508800\" target=\"_blank\" rel=\"noreferrer noopener\">tel<\/a><\/li>\n<\/ul>\n\n\n\n<ul class=\"wp-block-list fa fa-envelope-o\">\n<li><a data-type=\"mailto\" data-id=\"mailto:info@jftcomunicacion.es\" href=\"mailto:info@jftcomunicacion.es\" target=\"_blank\" rel=\"noreferrer noopener\">mail<\/a><\/li>\n<\/ul>\n<\/div><\/div>\n\n\n\n<div style=\"height:30px\" aria-hidden=\"true\" class=\"wp-block-spacer\"><\/div>\n\n\n\n<div class=\"wp-block-columns maps is-layout-flex wp-container-core-columns-is-layout-28f84493 wp-block-columns-is-layout-flex\">\n<div class=\"wp-block-column is-layout-flow wp-block-column-is-layout-flow\">\n<p class=\"has-text-align-center\" style=\"font-size:18px\"><strong>JFT Comunicaci\u00f3n<br>Sevilla<\/strong><\/p>\n\n\n<div class=\"wp-block-image\">\n<figure class=\"aligncenter size-full is-resized\"><a href=\"https:\/\/maps.app.goo.gl\/pkaN2jMzfnjEr49F6\" target=\"_blank\" rel=\"noreferrer noopener\"><img loading=\"lazy\" decoding=\"async\" width=\"440\" height=\"440\" src=\"https:\/\/www.jftcomunicacion.es\/wp-content\/uploads\/2025\/06\/jft-sevilla-1.webp\" alt=\"\" class=\"wp-image-15466\" style=\"object-fit:cover;width:277px;height:277px\"\/><\/a><\/figure><\/div>\n\n\n<p class=\"has-text-align-center\" style=\"font-size:16px\">C\/ Astronom\u00eda, 1- Torre 5 &#8211; 2\u00aa Planta Oficina 10. Parque Empresarial Torneo. 41015 Sevilla<\/p>\n<\/div>\n\n\n\n<div class=\"wp-block-column is-layout-flow wp-block-column-is-layout-flow\">\n<p class=\"has-text-align-center\" style=\"font-size:18px\"><strong>JFT Comunicaci\u00f3n<br>M\u00e1laga<\/strong><\/p>\n\n\n<div class=\"wp-block-image\">\n<figure class=\"aligncenter size-full\"><a href=\"https:\/\/www.google.com\/maps\/place\/JFT+Comunicaci%C3%B3n+%7C+Agencia+de+Publicidad\/@36.676267,-4.491887,16z\/data=!4m6!3m5!1s0xd72f726447d87f1:0xbef75c7c6597b3da!8m2!3d36.6762669!4d-4.4918872!16s%2Fg%2F11fnv5t4hz?hl=es&amp;entry=ttu&amp;g_ep=EgoyMDI1MDQwNi4wIKXMDSoJLDEwMjExNDU1SAFQAw%3D%3D\" target=\"_blank\" rel=\"noreferrer noopener\"><img loading=\"lazy\" decoding=\"async\" width=\"308\" height=\"308\" src=\"https:\/\/www.jftcomunicacion.es\/wp-content\/uploads\/2025\/04\/jftcomunicacion-malaga.webp\" alt=\"\" class=\"wp-image-14765\"\/><\/a><\/figure><\/div>\n\n\n<p class=\"has-text-align-center\">Avda. Comandante Garc\u00eda Morato, s\/n. Planta 3\u00aa, pta. 34. 29004<br>M\u00e1laga<\/p>\n<\/div>\n<\/div>\n<\/div><\/div>\n","protected":false},"excerpt":{"rendered":"<p>Cont\u00e1ctanos JFT Comunicaci\u00f3n: cont\u00e1ctanos y pongamos en marcha tu campa\u00f1a. Te respondemos r\u00e1pido con una propuesta clara y&#8230;<\/p>\n","protected":false},"author":1,"featured_media":0,"parent":0,"menu_order":0,"comment_status":"closed","ping_status":"closed","template":"ntm.php","meta":{"_acf_changed":false,"footnotes":""},"class_list":["post-31","page","type-page","status-publish","hentry"],"acf":[],"featured_image_src":null,"yoast_head":"<!-- This site is optimized with the Yoast SEO plugin v25.9 - https:\/\/yoast.com\/wordpress\/plugins\/seo\/ -->\n<title>Cont\u00e1ctanos - JFT Comunicaci\u00f3n: Hablemos de tu Proyecto \ud83d\ude80<\/title>\n<meta name=\"description\" content=\"\u00bfNecesitas una estrategia de marketing y publicidad efectiva? Cont\u00e1ctanos y llevemos tu marca al siguiente nivel. \ud83d\udd25 \u00a1Hablemos hoy mismo!\" \/>\n<meta name=\"robots\" content=\"index, follow, max-snippet:-1, max-image-preview:large, max-video-preview:-1\" \/>\n<link rel=\"canonical\" href=\"https:\/\/www.jftcomunicacion.es\/es\/contacto\/\" \/>\n<meta property=\"og:locale\" content=\"es_ES\" \/>\n<meta property=\"og:type\" content=\"article\" \/>\n<meta property=\"og:title\" content=\"Cont\u00e1ctanos - JFT Comunicaci\u00f3n: Hablemos de tu Proyecto \ud83d\ude80\" \/>\n<meta property=\"og:description\" content=\"\u00bfNecesitas una estrategia de marketing y publicidad efectiva? Cont\u00e1ctanos y llevemos tu marca al siguiente nivel. \ud83d\udd25 \u00a1Hablemos hoy mismo!\" \/>\n<meta property=\"og:url\" content=\"https:\/\/www.jftcomunicacion.es\/es\/contacto\/\" \/>\n<meta property=\"og:site_name\" content=\"Agencia de Publicidad JFT Comunicaci\u00f3n\" \/>\n<meta property=\"article:publisher\" content=\"https:\/\/www.facebook.com\/JFTComunicacion\" \/>\n<meta property=\"article:modified_time\" content=\"2025-10-07T12:28:10+00:00\" \/>\n<meta property=\"og:image\" content=\"https:\/\/www.jftcomunicacion.es\/wp-content\/uploads\/2025\/04\/jft-comunicacion-santa-cruz-1.webp\" \/>\n\t<meta property=\"og:image:width\" content=\"308\" \/>\n\t<meta property=\"og:image:height\" content=\"308\" \/>\n\t<meta property=\"og:image:type\" content=\"image\/webp\" \/>\n<meta name=\"twitter:card\" content=\"summary_large_image\" \/>\n<meta name=\"twitter:label1\" content=\"Tiempo de lectura\" \/>\n\t<meta name=\"twitter:data1\" content=\"2 minutos\" \/>\n<script type=\"application\/ld+json\" class=\"yoast-schema-graph\">{\"@context\":\"https:\/\/schema.org\",\"@graph\":[{\"@type\":[\"WebPage\",\"ContactPage\"],\"@id\":\"https:\/\/www.jftcomunicacion.es\/es\/contacto\/\",\"url\":\"https:\/\/www.jftcomunicacion.es\/es\/contacto\/\",\"name\":\"Cont\u00e1ctanos - JFT Comunicaci\u00f3n: Hablemos de tu Proyecto \ud83d\ude80\",\"isPartOf\":{\"@id\":\"https:\/\/www.jftcomunicacion.es\/es\/#website\"},\"primaryImageOfPage\":{\"@id\":\"https:\/\/www.jftcomunicacion.es\/es\/contacto\/#primaryimage\"},\"image\":{\"@id\":\"https:\/\/www.jftcomunicacion.es\/es\/contacto\/#primaryimage\"},\"thumbnailUrl\":\"https:\/\/www.jftcomunicacion.es\/wp-content\/uploads\/2025\/04\/jft-comunicacion-santa-cruz-1.webp\",\"datePublished\":\"2019-12-22T09:03:21+00:00\",\"dateModified\":\"2025-10-07T12:28:10+00:00\",\"description\":\"\u00bfNecesitas una estrategia de marketing y publicidad efectiva? Cont\u00e1ctanos y llevemos tu marca al siguiente nivel. \ud83d\udd25 \u00a1Hablemos hoy mismo!\",\"breadcrumb\":{\"@id\":\"https:\/\/www.jftcomunicacion.es\/es\/contacto\/#breadcrumb\"},\"inLanguage\":\"es\",\"potentialAction\":[{\"@type\":\"ReadAction\",\"target\":[\"https:\/\/www.jftcomunicacion.es\/es\/contacto\/\"]}]},{\"@type\":\"ImageObject\",\"inLanguage\":\"es\",\"@id\":\"https:\/\/www.jftcomunicacion.es\/es\/contacto\/#primaryimage\",\"url\":\"https:\/\/www.jftcomunicacion.es\/wp-content\/uploads\/2025\/04\/jft-comunicacion-santa-cruz-1.webp\",\"contentUrl\":\"https:\/\/www.jftcomunicacion.es\/wp-content\/uploads\/2025\/04\/jft-comunicacion-santa-cruz-1.webp\"},{\"@type\":\"BreadcrumbList\",\"@id\":\"https:\/\/www.jftcomunicacion.es\/es\/contacto\/#breadcrumb\",\"itemListElement\":[{\"@type\":\"ListItem\",\"position\":1,\"name\":\"Portada\",\"item\":\"https:\/\/www.jftcomunicacion.es\/es\/\"},{\"@type\":\"ListItem\",\"position\":2,\"name\":\"Contacto\"}]},{\"@type\":\"WebSite\",\"@id\":\"https:\/\/www.jftcomunicacion.es\/es\/#website\",\"url\":\"https:\/\/www.jftcomunicacion.es\/es\/\",\"name\":\"JFT Comunicaci\u00f3n\",\"description\":\"Agencia de Publicidad y Marketing Digital\",\"publisher\":{\"@id\":\"https:\/\/www.jftcomunicacion.es\/es\/#organization\"},\"alternateName\":\"Agencia de Publicidad JFT Comunicaci\u00f3n\",\"potentialAction\":[{\"@type\":\"SearchAction\",\"target\":{\"@type\":\"EntryPoint\",\"urlTemplate\":\"https:\/\/www.jftcomunicacion.es\/es\/?s={search_term_string}\"},\"query-input\":{\"@type\":\"PropertyValueSpecification\",\"valueRequired\":true,\"valueName\":\"search_term_string\"}}],\"inLanguage\":\"es\"},{\"@type\":\"Organization\",\"@id\":\"https:\/\/www.jftcomunicacion.es\/es\/#organization\",\"name\":\"JFT Comunicaci\u00f3n\",\"alternateName\":\"Agencia de Publicidad en Canarias\",\"url\":\"https:\/\/www.jftcomunicacion.es\/es\/\",\"logo\":{\"@type\":\"ImageObject\",\"inLanguage\":\"es\",\"@id\":\"https:\/\/www.jftcomunicacion.es\/es\/#\/schema\/logo\/image\/\",\"url\":\"https:\/\/www.jftcomunicacion.es\/wp-content\/uploads\/2019\/12\/logo_jftcomunicacion-e1577624338378.png\",\"contentUrl\":\"https:\/\/www.jftcomunicacion.es\/wp-content\/uploads\/2019\/12\/logo_jftcomunicacion-e1577624338378.png\",\"width\":280,\"height\":168,\"caption\":\"JFT Comunicaci\u00f3n\"},\"image\":{\"@id\":\"https:\/\/www.jftcomunicacion.es\/es\/#\/schema\/logo\/image\/\"},\"sameAs\":[\"https:\/\/www.facebook.com\/JFTComunicacion\",\"https:\/\/www.instagram.com\/jftcomunicacion\/\",\"https:\/\/www.linkedin.com\/company\/jft-comunicacin\/\"]}]}<\/script>\n<!-- \/ Yoast SEO plugin. -->","yoast_head_json":{"title":"Cont\u00e1ctanos - JFT Comunicaci\u00f3n: Hablemos de tu Proyecto \ud83d\ude80","description":"\u00bfNecesitas una estrategia de marketing y publicidad efectiva? Cont\u00e1ctanos y llevemos tu marca al siguiente nivel. \ud83d\udd25 \u00a1Hablemos hoy mismo!","robots":{"index":"index","follow":"follow","max-snippet":"max-snippet:-1","max-image-preview":"max-image-preview:large","max-video-preview":"max-video-preview:-1"},"canonical":"https:\/\/www.jftcomunicacion.es\/es\/contacto\/","og_locale":"es_ES","og_type":"article","og_title":"Cont\u00e1ctanos - JFT Comunicaci\u00f3n: Hablemos de tu Proyecto \ud83d\ude80","og_description":"\u00bfNecesitas una estrategia de marketing y publicidad efectiva? Cont\u00e1ctanos y llevemos tu marca al siguiente nivel. \ud83d\udd25 \u00a1Hablemos hoy mismo!","og_url":"https:\/\/www.jftcomunicacion.es\/es\/contacto\/","og_site_name":"Agencia de Publicidad JFT Comunicaci\u00f3n","article_publisher":"https:\/\/www.facebook.com\/JFTComunicacion","article_modified_time":"2025-10-07T12:28:10+00:00","og_image":[{"width":308,"height":308,"url":"https:\/\/www.jftcomunicacion.es\/wp-content\/uploads\/2025\/04\/jft-comunicacion-santa-cruz-1.webp","type":"image\/webp"}],"twitter_card":"summary_large_image","twitter_misc":{"Tiempo de lectura":"2 minutos"},"schema":{"@context":"https:\/\/schema.org","@graph":[{"@type":["WebPage","ContactPage"],"@id":"https:\/\/www.jftcomunicacion.es\/es\/contacto\/","url":"https:\/\/www.jftcomunicacion.es\/es\/contacto\/","name":"Cont\u00e1ctanos - JFT Comunicaci\u00f3n: Hablemos de tu Proyecto \ud83d\ude80","isPartOf":{"@id":"https:\/\/www.jftcomunicacion.es\/es\/#website"},"primaryImageOfPage":{"@id":"https:\/\/www.jftcomunicacion.es\/es\/contacto\/#primaryimage"},"image":{"@id":"https:\/\/www.jftcomunicacion.es\/es\/contacto\/#primaryimage"},"thumbnailUrl":"https:\/\/www.jftcomunicacion.es\/wp-content\/uploads\/2025\/04\/jft-comunicacion-santa-cruz-1.webp","datePublished":"2019-12-22T09:03:21+00:00","dateModified":"2025-10-07T12:28:10+00:00","description":"\u00bfNecesitas una estrategia de marketing y publicidad efectiva? Cont\u00e1ctanos y llevemos tu marca al siguiente nivel. \ud83d\udd25 \u00a1Hablemos hoy mismo!","breadcrumb":{"@id":"https:\/\/www.jftcomunicacion.es\/es\/contacto\/#breadcrumb"},"inLanguage":"es","potentialAction":[{"@type":"ReadAction","target":["https:\/\/www.jftcomunicacion.es\/es\/contacto\/"]}]},{"@type":"ImageObject","inLanguage":"es","@id":"https:\/\/www.jftcomunicacion.es\/es\/contacto\/#primaryimage","url":"https:\/\/www.jftcomunicacion.es\/wp-content\/uploads\/2025\/04\/jft-comunicacion-santa-cruz-1.webp","contentUrl":"https:\/\/www.jftcomunicacion.es\/wp-content\/uploads\/2025\/04\/jft-comunicacion-santa-cruz-1.webp"},{"@type":"BreadcrumbList","@id":"https:\/\/www.jftcomunicacion.es\/es\/contacto\/#breadcrumb","itemListElement":[{"@type":"ListItem","position":1,"name":"Portada","item":"https:\/\/www.jftcomunicacion.es\/es\/"},{"@type":"ListItem","position":2,"name":"Contacto"}]},{"@type":"WebSite","@id":"https:\/\/www.jftcomunicacion.es\/es\/#website","url":"https:\/\/www.jftcomunicacion.es\/es\/","name":"JFT Comunicaci\u00f3n","description":"Agencia de Publicidad y Marketing Digital","publisher":{"@id":"https:\/\/www.jftcomunicacion.es\/es\/#organization"},"alternateName":"Agencia de Publicidad JFT Comunicaci\u00f3n","potentialAction":[{"@type":"SearchAction","target":{"@type":"EntryPoint","urlTemplate":"https:\/\/www.jftcomunicacion.es\/es\/?s={search_term_string}"},"query-input":{"@type":"PropertyValueSpecification","valueRequired":true,"valueName":"search_term_string"}}],"inLanguage":"es"},{"@type":"Organization","@id":"https:\/\/www.jftcomunicacion.es\/es\/#organization","name":"JFT Comunicaci\u00f3n","alternateName":"Agencia de Publicidad en Canarias","url":"https:\/\/www.jftcomunicacion.es\/es\/","logo":{"@type":"ImageObject","inLanguage":"es","@id":"https:\/\/www.jftcomunicacion.es\/es\/#\/schema\/logo\/image\/","url":"https:\/\/www.jftcomunicacion.es\/wp-content\/uploads\/2019\/12\/logo_jftcomunicacion-e1577624338378.png","contentUrl":"https:\/\/www.jftcomunicacion.es\/wp-content\/uploads\/2019\/12\/logo_jftcomunicacion-e1577624338378.png","width":280,"height":168,"caption":"JFT Comunicaci\u00f3n"},"image":{"@id":"https:\/\/www.jftcomunicacion.es\/es\/#\/schema\/logo\/image\/"},"sameAs":["https:\/\/www.facebook.com\/JFTComunicacion","https:\/\/www.instagram.com\/jftcomunicacion\/","https:\/\/www.linkedin.com\/company\/jft-comunicacin\/"]}]}},"_links":{"self":[{"href":"https:\/\/www.jftcomunicacion.es\/es\/wp-json\/wp\/v2\/pages\/31","targetHints":{"allow":["GET"]}}],"collection":[{"href":"https:\/\/www.jftcomunicacion.es\/es\/wp-json\/wp\/v2\/pages"}],"about":[{"href":"https:\/\/www.jftcomunicacion.es\/es\/wp-json\/wp\/v2\/types\/page"}],"author":[{"embeddable":true,"href":"https:\/\/www.jftcomunicacion.es\/es\/wp-json\/wp\/v2\/users\/1"}],"replies":[{"embeddable":true,"href":"https:\/\/www.jftcomunicacion.es\/es\/wp-json\/wp\/v2\/comments?post=31"}],"version-history":[{"count":51,"href":"https:\/\/www.jftcomunicacion.es\/es\/wp-json\/wp\/v2\/pages\/31\/revisions"}],"predecessor-version":[{"id":16799,"href":"https:\/\/www.jftcomunicacion.es\/es\/wp-json\/wp\/v2\/pages\/31\/revisions\/16799"}],"wp:attachment":[{"href":"https:\/\/www.jftcomunicacion.es\/es\/wp-json\/wp\/v2\/media?parent=31"}],"curies":[{"name":"wp","href":"https:\/\/api.w.org\/{rel}","templated":true}]}}