{"id":14840,"date":"2025-04-16T11:16:18","date_gmt":"2025-04-16T11:16:18","guid":{"rendered":"https:\/\/www.jftcomunicacion.es\/es\/informe\/descargate-el-informe-del-trafico-de-pasajeros-extranjeros-en-canarias-2\/"},"modified":"2025-04-22T10:15:12","modified_gmt":"2025-04-22T10:15:12","slug":"descargate-el-informe-del-trafico-de-pasajeros-extranjeros-en-canarias-2024","status":"publish","type":"informe","link":"https:\/\/www.jftcomunicacion.es\/es\/informe\/descargate-el-informe-del-trafico-de-pasajeros-extranjeros-en-canarias-2024\/","title":{"rendered":"Desc\u00e1rgate el informe\u00a0del tr\u00e1fico interinsular en Canarias de 2024"},"content":{"rendered":"<div class=\"wp-block-image\">\n<figure class=\"aligncenter size-large\"><img loading=\"lazy\" decoding=\"async\" width=\"1024\" height=\"267\" src=\"https:\/\/www.jftcomunicacion.es\/wp-content\/uploads\/2023\/04\/test_banner_informe-1024x267.jpg\" alt=\"\" class=\"wp-image-7960\"\/><\/figure><\/div>\n\n\n<div style=\"height:20px\" aria-hidden=\"true\" class=\"wp-block-spacer\"><\/div>\n\n\n\n<p class=\"has-text-align-center small pgroup\">Descarga ahora nuestro&nbsp;informe&nbsp;y conoce a fondo la situaci\u00f3n de los pasajeros en nuestros aeropuertos.<\/p>\n\n\n\n<div class=\"wpcf7 no-js\" id=\"wpcf7-f14839-o1\" lang=\"es-ES\" dir=\"ltr\" data-wpcf7-id=\"14839\">\n<div class=\"screen-reader-response\"><p role=\"status\" aria-live=\"polite\" aria-atomic=\"true\"><\/p> <ul><\/ul><\/div>\n<form action=\"\/es\/wp-json\/wp\/v2\/informe\/14840#wpcf7-f14839-o1\" method=\"post\" class=\"wpcf7-form init chimpmatic-1.7.2 311e8279435b cmatic-conn cmatic-aud-5 cmatic-mapd0-0 cmatic-v0975 cmatic-pro-v172 cmatic-sent-0 cmatic-total-3 wpcf7-acceptance-as-validation\" aria-label=\"Formulario de contacto\" novalidate=\"novalidate\" data-status=\"init\">\n<fieldset class=\"hidden-fields-container\"><input type=\"hidden\" name=\"_wpcf7\" value=\"14839\" \/><input type=\"hidden\" name=\"_wpcf7_version\" value=\"6.1.5\" \/><input type=\"hidden\" name=\"_wpcf7_locale\" value=\"es_ES\" \/><input type=\"hidden\" name=\"_wpcf7_unit_tag\" value=\"wpcf7-f14839-o1\" \/><input type=\"hidden\" name=\"_wpcf7_container_post\" value=\"0\" \/><input type=\"hidden\" name=\"_wpcf7_posted_data_hash\" value=\"\" \/><input type=\"hidden\" name=\"_wpcf7_recaptcha_response\" value=\"\" \/>\n<\/fieldset>\n<p style=\"text-align:center;\" >Gracias por tu inter\u00e9s Vamos a enviarte un correo electr\u00f3nico con el link de descarga del archivo. Necesitamos que nos proporciones los siguientes datos:\n<\/p>\n<p><span class=\"wpcf7-form-control-wrap\" data-name=\"your-name\"><input size=\"40\" maxlength=\"400\" class=\"wpcf7-form-control wpcf7-text wpcf7-validates-as-required\" aria-required=\"true\" aria-invalid=\"false\" placeholder=\"NOMBRE\" value=\"\" type=\"text\" name=\"your-name\" \/><\/span><br \/>\n<span class=\"wpcf7-form-control-wrap\" data-name=\"surname\"><input size=\"40\" maxlength=\"400\" class=\"wpcf7-form-control wpcf7-text wpcf7-validates-as-required\" aria-required=\"true\" aria-invalid=\"false\" placeholder=\"APELLIDOS\" value=\"\" type=\"text\" name=\"surname\" \/><\/span><br \/>\n<span class=\"wpcf7-form-control-wrap\" data-name=\"your-email\"><input size=\"40\" maxlength=\"400\" class=\"wpcf7-form-control wpcf7-email wpcf7-validates-as-required wpcf7-text wpcf7-validates-as-email\" aria-required=\"true\" aria-invalid=\"false\" placeholder=\"EMAIL\" value=\"\" type=\"email\" name=\"your-email\" \/><\/span><br \/>\n<span class=\"wpcf7-form-control-wrap\" data-name=\"your-phone\"><input size=\"40\" maxlength=\"400\" class=\"wpcf7-form-control wpcf7-tel wpcf7-validates-as-required wpcf7-text wpcf7-validates-as-tel\" aria-required=\"true\" aria-invalid=\"false\" placeholder=\"TEL\u00c9FONO\" value=\"\" type=\"tel\" name=\"your-phone\" \/><\/span><br \/>\n<span class=\"wpcf7-form-control-wrap\" data-name=\"empresa\"><input size=\"40\" maxlength=\"400\" class=\"wpcf7-form-control wpcf7-text wpcf7-validates-as-required\" aria-required=\"true\" aria-invalid=\"false\" placeholder=\"EMPRESA\" value=\"\" type=\"text\" name=\"empresa\" \/><\/span><br \/>\n<input class=\"wpcf7-form-control wpcf7-hidden\" value=\"Informe_abril_2025\" type=\"hidden\" name=\"informe\" \/>\n<\/p>\n<p>JFT Comunicaci\u00f3n se compromete a proteger y respetar tu privacidad, y solo usaremos tu informaci\u00f3n personal para administrar tu cuenta y proporcionar los productos y servicios que nos solicitaste. De vez en cuando, nos gustar\u00eda ponernos en contacto contigo acerca de nuestros productos y servicios, as\u00ed como sobre otros contenidos que puedan interesarte. Si aceptas que nos comuniquemos contigo para este fin, marca la casilla a continuaci\u00f3n para indicar c\u00f3mo deseas que nos comuniquemos:\n<\/p>\n<p><span class=\"wpcf7-form-control-wrap\" data-name=\"acceptance-265\"><span class=\"wpcf7-form-control wpcf7-acceptance\"><span class=\"wpcf7-list-item\"><label><input type=\"checkbox\" name=\"acceptance-265\" value=\"1\" aria-invalid=\"false\" \/><span class=\"wpcf7-list-item-label\">*He le\u00eddo la <a target=\"blank\" href=\"https:\/\/www.jftcomunicacion.es\/es\/proteccion-de-datos\/\" ><b>informaci\u00f3n b\u00e1sica sobre protecci\u00f3n de datos<\/b><\/a> y acepto el tratamiento de mis datos para la finalidad descrita.<\/span><\/label><\/span><\/span><\/span>\n<\/p>\n<p><span class=\"wpcf7-form-control-wrap\" data-name=\"more_info\"><span class=\"wpcf7-form-control wpcf7-acceptance\"><span class=\"wpcf7-list-item\"><input type=\"checkbox\" name=\"more_info\" value=\"1\" aria-invalid=\"false\" \/><\/span><\/span><\/span> Acepto ser contactado para recibir m\u00e1s informaci\u00f3n sobre aeropuertos.<br \/>\n<small>Debe aceptar esta opci\u00f3n para recibir el informe<\/small>\n<\/p>\n<p>Puedes darte de baja de estas comunicaciones en cualquier momento. Para obtener m\u00e1s informaci\u00f3n sobre c\u00f3mo darte de baja, nuestras pr\u00e1cticas de privacidad y c\u00f3mo nos comprometemos a proteger y respetar tu privacidad, consulta nuestra Pol\u00edtica de privacidad. Al hacer clic en Enviar, aceptas que JFT Comunicaci\u00f3n almacene y procese la informaci\u00f3n personal suministrada arriba para proporcionarte el contenido solicitado.\n<\/p>\n<p><input class=\"wpcf7-form-control wpcf7-submit has-spinner\" type=\"submit\" value=\"Enviar\" \/>\n<\/p><div class=\"wpcf7-response-output\" aria-hidden=\"true\"><\/div>\n<\/form>\n<\/div>\n\n\n\n\n<p><\/p>\n","protected":false},"excerpt":{"rendered":"<p>A\u00f1o 2023<\/p>\n","protected":false},"featured_media":11285,"template":"","meta":{"_acf_changed":true},"periodo":[],"tema":[],"ano":[],"class_list":["post-14840","informe","type-informe","status-publish","has-post-thumbnail","hentry"],"acf":[],"yoast_head":"<!-- This site is optimized with the Yoast SEO plugin v25.9 - https:\/\/yoast.com\/wordpress\/plugins\/seo\/ -->\n<title>Desc\u00e1rgate el informe\u00a0del tr\u00e1fico interinsular en Canarias de 2024 - Agencia de Publicidad JFT Comunicaci\u00f3n<\/title>\n<meta name=\"robots\" content=\"noindex, follow\" \/>\n<meta property=\"og:locale\" content=\"es_ES\" \/>\n<meta property=\"og:type\" content=\"article\" \/>\n<meta property=\"og:title\" content=\"Desc\u00e1rgate el informe\u00a0del tr\u00e1fico interinsular en Canarias de 2024 - Agencia de Publicidad JFT Comunicaci\u00f3n\" \/>\n<meta property=\"og:description\" content=\"A\u00f1o 2023\" \/>\n<meta property=\"og:url\" content=\"https:\/\/www.jftcomunicacion.es\/es\/informe\/descargate-el-informe-del-trafico-de-pasajeros-extranjeros-en-canarias-2024\/\" \/>\n<meta property=\"og:site_name\" content=\"Agencia de Publicidad JFT Comunicaci\u00f3n\" \/>\n<meta property=\"article:publisher\" content=\"https:\/\/www.facebook.com\/JFTComunicacion\" \/>\n<meta property=\"article:modified_time\" content=\"2025-04-22T10:15:12+00:00\" \/>\n<meta property=\"og:image\" content=\"https:\/\/www.jftcomunicacion.es\/wp-content\/uploads\/2024\/03\/informe-agosto-1-300x300-1.webp\" \/>\n\t<meta property=\"og:image:width\" content=\"300\" \/>\n\t<meta property=\"og:image:height\" content=\"300\" \/>\n\t<meta property=\"og:image:type\" content=\"image\/webp\" \/>\n<meta name=\"twitter:card\" content=\"summary_large_image\" \/>\n<meta name=\"twitter:label1\" content=\"Tiempo de lectura\" \/>\n\t<meta name=\"twitter:data1\" content=\"1 minuto\" \/>\n<script type=\"application\/ld+json\" class=\"yoast-schema-graph\">{\"@context\":\"https:\/\/schema.org\",\"@graph\":[{\"@type\":\"WebPage\",\"@id\":\"https:\/\/www.jftcomunicacion.es\/es\/informe\/descargate-el-informe-del-trafico-de-pasajeros-extranjeros-en-canarias-2024\/\",\"url\":\"https:\/\/www.jftcomunicacion.es\/es\/informe\/descargate-el-informe-del-trafico-de-pasajeros-extranjeros-en-canarias-2024\/\",\"name\":\"Desc\u00e1rgate el informe\u00a0del tr\u00e1fico interinsular en Canarias de 2024 - Agencia de Publicidad JFT Comunicaci\u00f3n\",\"isPartOf\":{\"@id\":\"https:\/\/www.jftcomunicacion.es\/es\/#website\"},\"primaryImageOfPage\":{\"@id\":\"https:\/\/www.jftcomunicacion.es\/es\/informe\/descargate-el-informe-del-trafico-de-pasajeros-extranjeros-en-canarias-2024\/#primaryimage\"},\"image\":{\"@id\":\"https:\/\/www.jftcomunicacion.es\/es\/informe\/descargate-el-informe-del-trafico-de-pasajeros-extranjeros-en-canarias-2024\/#primaryimage\"},\"thumbnailUrl\":\"https:\/\/www.jftcomunicacion.es\/wp-content\/uploads\/2024\/03\/informe-agosto-1-300x300-1.webp\",\"datePublished\":\"2025-04-16T11:16:18+00:00\",\"dateModified\":\"2025-04-22T10:15:12+00:00\",\"breadcrumb\":{\"@id\":\"https:\/\/www.jftcomunicacion.es\/es\/informe\/descargate-el-informe-del-trafico-de-pasajeros-extranjeros-en-canarias-2024\/#breadcrumb\"},\"inLanguage\":\"es\",\"potentialAction\":[{\"@type\":\"ReadAction\",\"target\":[\"https:\/\/www.jftcomunicacion.es\/es\/informe\/descargate-el-informe-del-trafico-de-pasajeros-extranjeros-en-canarias-2024\/\"]}]},{\"@type\":\"ImageObject\",\"inLanguage\":\"es\",\"@id\":\"https:\/\/www.jftcomunicacion.es\/es\/informe\/descargate-el-informe-del-trafico-de-pasajeros-extranjeros-en-canarias-2024\/#primaryimage\",\"url\":\"https:\/\/www.jftcomunicacion.es\/wp-content\/uploads\/2024\/03\/informe-agosto-1-300x300-1.webp\",\"contentUrl\":\"https:\/\/www.jftcomunicacion.es\/wp-content\/uploads\/2024\/03\/informe-agosto-1-300x300-1.webp\",\"width\":300,\"height\":300,\"caption\":\"informe-agosto-1-300x300\"},{\"@type\":\"BreadcrumbList\",\"@id\":\"https:\/\/www.jftcomunicacion.es\/es\/informe\/descargate-el-informe-del-trafico-de-pasajeros-extranjeros-en-canarias-2024\/#breadcrumb\",\"itemListElement\":[{\"@type\":\"ListItem\",\"position\":1,\"name\":\"Portada\",\"item\":\"https:\/\/www.jftcomunicacion.es\/es\/\"},{\"@type\":\"ListItem\",\"position\":2,\"name\":\"Desc\u00e1rgate el informe\u00a0del tr\u00e1fico interinsular en Canarias de 2024\"}]},{\"@type\":\"WebSite\",\"@id\":\"https:\/\/www.jftcomunicacion.es\/es\/#website\",\"url\":\"https:\/\/www.jftcomunicacion.es\/es\/\",\"name\":\"JFT Comunicaci\u00f3n\",\"description\":\"Agencia de Publicidad y Marketing Digital\",\"publisher\":{\"@id\":\"https:\/\/www.jftcomunicacion.es\/es\/#organization\"},\"alternateName\":\"Agencia de Publicidad JFT Comunicaci\u00f3n\",\"potentialAction\":[{\"@type\":\"SearchAction\",\"target\":{\"@type\":\"EntryPoint\",\"urlTemplate\":\"https:\/\/www.jftcomunicacion.es\/es\/?s={search_term_string}\"},\"query-input\":{\"@type\":\"PropertyValueSpecification\",\"valueRequired\":true,\"valueName\":\"search_term_string\"}}],\"inLanguage\":\"es\"},{\"@type\":\"Organization\",\"@id\":\"https:\/\/www.jftcomunicacion.es\/es\/#organization\",\"name\":\"JFT Comunicaci\u00f3n\",\"alternateName\":\"Agencia de Publicidad en Canarias\",\"url\":\"https:\/\/www.jftcomunicacion.es\/es\/\",\"logo\":{\"@type\":\"ImageObject\",\"inLanguage\":\"es\",\"@id\":\"https:\/\/www.jftcomunicacion.es\/es\/#\/schema\/logo\/image\/\",\"url\":\"https:\/\/www.jftcomunicacion.es\/wp-content\/uploads\/2019\/12\/logo_jftcomunicacion-e1577624338378.png\",\"contentUrl\":\"https:\/\/www.jftcomunicacion.es\/wp-content\/uploads\/2019\/12\/logo_jftcomunicacion-e1577624338378.png\",\"width\":280,\"height\":168,\"caption\":\"JFT Comunicaci\u00f3n\"},\"image\":{\"@id\":\"https:\/\/www.jftcomunicacion.es\/es\/#\/schema\/logo\/image\/\"},\"sameAs\":[\"https:\/\/www.facebook.com\/JFTComunicacion\",\"https:\/\/www.instagram.com\/jftcomunicacion\/\",\"https:\/\/www.linkedin.com\/company\/jft-comunicacin\/\"]}]}<\/script>\n<!-- \/ Yoast SEO plugin. -->","yoast_head_json":{"title":"Desc\u00e1rgate el informe\u00a0del tr\u00e1fico interinsular en Canarias de 2024 - Agencia de Publicidad JFT Comunicaci\u00f3n","robots":{"index":"noindex","follow":"follow"},"og_locale":"es_ES","og_type":"article","og_title":"Desc\u00e1rgate el informe\u00a0del tr\u00e1fico interinsular en Canarias de 2024 - Agencia de Publicidad JFT Comunicaci\u00f3n","og_description":"A\u00f1o 2023","og_url":"https:\/\/www.jftcomunicacion.es\/es\/informe\/descargate-el-informe-del-trafico-de-pasajeros-extranjeros-en-canarias-2024\/","og_site_name":"Agencia de Publicidad JFT Comunicaci\u00f3n","article_publisher":"https:\/\/www.facebook.com\/JFTComunicacion","article_modified_time":"2025-04-22T10:15:12+00:00","og_image":[{"width":300,"height":300,"url":"https:\/\/www.jftcomunicacion.es\/wp-content\/uploads\/2024\/03\/informe-agosto-1-300x300-1.webp","type":"image\/webp"}],"twitter_card":"summary_large_image","twitter_misc":{"Tiempo de lectura":"1 minuto"},"schema":{"@context":"https:\/\/schema.org","@graph":[{"@type":"WebPage","@id":"https:\/\/www.jftcomunicacion.es\/es\/informe\/descargate-el-informe-del-trafico-de-pasajeros-extranjeros-en-canarias-2024\/","url":"https:\/\/www.jftcomunicacion.es\/es\/informe\/descargate-el-informe-del-trafico-de-pasajeros-extranjeros-en-canarias-2024\/","name":"Desc\u00e1rgate el informe\u00a0del tr\u00e1fico interinsular en Canarias de 2024 - Agencia de Publicidad JFT Comunicaci\u00f3n","isPartOf":{"@id":"https:\/\/www.jftcomunicacion.es\/es\/#website"},"primaryImageOfPage":{"@id":"https:\/\/www.jftcomunicacion.es\/es\/informe\/descargate-el-informe-del-trafico-de-pasajeros-extranjeros-en-canarias-2024\/#primaryimage"},"image":{"@id":"https:\/\/www.jftcomunicacion.es\/es\/informe\/descargate-el-informe-del-trafico-de-pasajeros-extranjeros-en-canarias-2024\/#primaryimage"},"thumbnailUrl":"https:\/\/www.jftcomunicacion.es\/wp-content\/uploads\/2024\/03\/informe-agosto-1-300x300-1.webp","datePublished":"2025-04-16T11:16:18+00:00","dateModified":"2025-04-22T10:15:12+00:00","breadcrumb":{"@id":"https:\/\/www.jftcomunicacion.es\/es\/informe\/descargate-el-informe-del-trafico-de-pasajeros-extranjeros-en-canarias-2024\/#breadcrumb"},"inLanguage":"es","potentialAction":[{"@type":"ReadAction","target":["https:\/\/www.jftcomunicacion.es\/es\/informe\/descargate-el-informe-del-trafico-de-pasajeros-extranjeros-en-canarias-2024\/"]}]},{"@type":"ImageObject","inLanguage":"es","@id":"https:\/\/www.jftcomunicacion.es\/es\/informe\/descargate-el-informe-del-trafico-de-pasajeros-extranjeros-en-canarias-2024\/#primaryimage","url":"https:\/\/www.jftcomunicacion.es\/wp-content\/uploads\/2024\/03\/informe-agosto-1-300x300-1.webp","contentUrl":"https:\/\/www.jftcomunicacion.es\/wp-content\/uploads\/2024\/03\/informe-agosto-1-300x300-1.webp","width":300,"height":300,"caption":"informe-agosto-1-300x300"},{"@type":"BreadcrumbList","@id":"https:\/\/www.jftcomunicacion.es\/es\/informe\/descargate-el-informe-del-trafico-de-pasajeros-extranjeros-en-canarias-2024\/#breadcrumb","itemListElement":[{"@type":"ListItem","position":1,"name":"Portada","item":"https:\/\/www.jftcomunicacion.es\/es\/"},{"@type":"ListItem","position":2,"name":"Desc\u00e1rgate el informe\u00a0del tr\u00e1fico interinsular en Canarias de 2024"}]},{"@type":"WebSite","@id":"https:\/\/www.jftcomunicacion.es\/es\/#website","url":"https:\/\/www.jftcomunicacion.es\/es\/","name":"JFT Comunicaci\u00f3n","description":"Agencia de Publicidad y Marketing Digital","publisher":{"@id":"https:\/\/www.jftcomunicacion.es\/es\/#organization"},"alternateName":"Agencia de Publicidad JFT Comunicaci\u00f3n","potentialAction":[{"@type":"SearchAction","target":{"@type":"EntryPoint","urlTemplate":"https:\/\/www.jftcomunicacion.es\/es\/?s={search_term_string}"},"query-input":{"@type":"PropertyValueSpecification","valueRequired":true,"valueName":"search_term_string"}}],"inLanguage":"es"},{"@type":"Organization","@id":"https:\/\/www.jftcomunicacion.es\/es\/#organization","name":"JFT Comunicaci\u00f3n","alternateName":"Agencia de Publicidad en Canarias","url":"https:\/\/www.jftcomunicacion.es\/es\/","logo":{"@type":"ImageObject","inLanguage":"es","@id":"https:\/\/www.jftcomunicacion.es\/es\/#\/schema\/logo\/image\/","url":"https:\/\/www.jftcomunicacion.es\/wp-content\/uploads\/2019\/12\/logo_jftcomunicacion-e1577624338378.png","contentUrl":"https:\/\/www.jftcomunicacion.es\/wp-content\/uploads\/2019\/12\/logo_jftcomunicacion-e1577624338378.png","width":280,"height":168,"caption":"JFT Comunicaci\u00f3n"},"image":{"@id":"https:\/\/www.jftcomunicacion.es\/es\/#\/schema\/logo\/image\/"},"sameAs":["https:\/\/www.facebook.com\/JFTComunicacion","https:\/\/www.instagram.com\/jftcomunicacion\/","https:\/\/www.linkedin.com\/company\/jft-comunicacin\/"]}]}},"_links":{"self":[{"href":"https:\/\/www.jftcomunicacion.es\/es\/wp-json\/wp\/v2\/informe\/14840","targetHints":{"allow":["GET"]}}],"collection":[{"href":"https:\/\/www.jftcomunicacion.es\/es\/wp-json\/wp\/v2\/informe"}],"about":[{"href":"https:\/\/www.jftcomunicacion.es\/es\/wp-json\/wp\/v2\/types\/informe"}],"wp:featuredmedia":[{"embeddable":true,"href":"https:\/\/www.jftcomunicacion.es\/es\/wp-json\/wp\/v2\/media\/11285"}],"wp:attachment":[{"href":"https:\/\/www.jftcomunicacion.es\/es\/wp-json\/wp\/v2\/media?parent=14840"}],"wp:term":[{"taxonomy":"periodo","embeddable":true,"href":"https:\/\/www.jftcomunicacion.es\/es\/wp-json\/wp\/v2\/periodo?post=14840"},{"taxonomy":"tema","embeddable":true,"href":"https:\/\/www.jftcomunicacion.es\/es\/wp-json\/wp\/v2\/tema?post=14840"},{"taxonomy":"ano","embeddable":true,"href":"https:\/\/www.jftcomunicacion.es\/es\/wp-json\/wp\/v2\/ano?post=14840"}],"curies":[{"name":"wp","href":"https:\/\/api.w.org\/{rel}","templated":true}]}}